{"id":6553,"date":"2024-04-12T09:19:02","date_gmt":"2024-04-12T09:19:02","guid":{"rendered":"https:\/\/migrantesenigualdad.es\/?page_id=6553"},"modified":"2024-12-18T14:27:35","modified_gmt":"2024-12-18T12:27:35","slug":"sesiones","status":"publish","type":"page","link":"https:\/\/migrantesenigualdad.es\/index.php\/sesiones\/","title":{"rendered":"Sesiones"},"content":{"rendered":"<p>[et_pb_section fb_built=\u00bb1&#8243; _builder_version=\u00bb4.24.2&#8243; _module_preset=\u00bbdefault\u00bb global_colors_info=\u00bb{}\u00bb][et_pb_row _builder_version=\u00bb4.27.4&#8243; _module_preset=\u00bbdefault\u00bb hover_enabled=\u00bb0&#8243; global_colors_info=\u00bb{}\u00bb sticky_enabled=\u00bb0&#8243;][et_pb_column type=\u00bb4_4&#8243; _builder_version=\u00bb4.24.2&#8243; _module_preset=\u00bbdefault\u00bb global_colors_info=\u00bb{}\u00bb][et_pb_slider _builder_version=\u00bb4.27.4&#8243; _module_preset=\u00bbdefault\u00bb auto=\u00bbon\u00bb hover_enabled=\u00bb0&#8243; global_colors_info=\u00bb{}\u00bb sticky_enabled=\u00bb0&#8243;][et_pb_slide heading=\u00bb1\u00aa Reuni\u00f3n de detecci\u00f3n y seguimiento de incidentes y\/o delitos de odio.\u00bb button_text=\u00bbVer en YouTube\u00bb button_link=\u00bbhttps:\/\/www.youtube.com\/watch?v=6GPyoETaavk\u00bb url_new_window=\u00bbon\u00bb video_url=\u00bbhttps:\/\/www.youtube.com\/watch?v=6GPyoETaavk\u00bb _builder_version=\u00bb4.27.0&#8243; _module_preset=\u00bbdefault\u00bb background_color=\u00bb#6EB3D8&#8243; background_enable_color=\u00bbon\u00bb global_colors_info=\u00bb{}\u00bb sticky_transition=\u00bbon\u00bb]<\/p>\n<p>En esta primera sesi\u00f3n trabajamos los conceptos de racismo, xenofobia, delitos y discursos de odio con la colaboraci\u00f3n de Charo Alises, asesora jur\u00eddica de Kamira (Federaci\u00f3n de asociaciones de mujeres gitanas).<\/p>\n<p>[\/et_pb_slide][et_pb_slide heading=\u00bb2\u00aa Reuni\u00f3n de detecci\u00f3n y seguimiento de incidentes y\/o delitos de odio\u00bb button_text=\u00bbVer en YouTube\u00bb button_link=\u00bbhttps:\/\/www.youtube.com\/watch?v=TDiPWRCh82o\u00bb url_new_window=\u00bbon\u00bb video_url=\u00bbhttps:\/\/www.youtube.com\/watch?v=TDiPWRCh82o\u00bb _builder_version=\u00bb4.27.4&#8243; _module_preset=\u00bbdefault\u00bb background_color=\u00bb#6EB3D8&#8243; background_enable_color=\u00bbon\u00bb hover_enabled=\u00bb0&#8243; global_colors_info=\u00bb{}\u00bb sticky_transition=\u00bbon\u00bb sticky_enabled=\u00bb0&#8243;]<\/p>\n<p><span>En esta segunda sesi\u00f3n trabajamos los conceptos de apoyo sociojur\u00eddico a personas migrantes pertenecientes al colectivo LGTBI+ con la colaboraci\u00f3n de Charo Alises, asesora jur\u00eddica de Kamira (Federaci\u00f3n de asociaciones de mujeres gitanas).<\/span><\/p>\n<p>[\/et_pb_slide][et_pb_slide heading=\u00bb3\u00aa Reuni\u00f3n de la Red de detecci\u00f3n y seguimiento de incidentes y\/o delitos de odio\u00bb button_text=\u00bbVer en YouTube\u00bb button_link=\u00bbhttps:\/\/youtu.be\/Ve-9y3EMB-k\u00bb url_new_window=\u00bbon\u00bb video_url=\u00bbhttps:\/\/youtu.be\/Ve-9y3EMB-k\u00bb _builder_version=\u00bb4.27.4&#8243; _module_preset=\u00bbdefault\u00bb background_color=\u00bb#6EB3D8&#8243; background_enable_color=\u00bbon\u00bb hover_enabled=\u00bb0&#8243; global_colors_info=\u00bb{}\u00bb sticky_transition=\u00bbon\u00bb sticky_enabled=\u00bb0&#8243;]<\/p>\n<p><span>En esta tercera sesi\u00f3n se explican estrategias para identificar los delitos de odio y para combatirlos con la colaboraci\u00f3n de Charo Alises, asesora jur\u00eddica de Kamira (Federaci\u00f3n de asociaciones de mujeres gitanas).<\/span><\/p>\n<p>[\/et_pb_slide][et_pb_slide heading=\u00bb4\u00aa Reuni\u00f3n de la Red de detecci\u00f3n y seguimiento de incidentes y\/o delitos de odio\u00bb button_text=\u00bbVer en YouTube\u00bb button_link=\u00bbhttps:\/\/youtu.be\/AIYEVUnxM6k\u00bb url_new_window=\u00bbon\u00bb video_url=\u00bbhttps:\/\/youtu.be\/AIYEVUnxM6k\u00bb _builder_version=\u00bb4.27.4&#8243; _module_preset=\u00bbdefault\u00bb background_color=\u00bb#6EB3D8&#8243; background_enable_color=\u00bbon\u00bb hover_enabled=\u00bb0&#8243; global_colors_info=\u00bb{}\u00bb sticky_transition=\u00bbon\u00bb sticky_enabled=\u00bb0&#8243;]<\/p>\n<p><span>En esta cuarta sesi\u00f3n se ofrece a los participantes un espacio para evaluar la red de detecci\u00f3n y seguimiento, una puesta en com\u00fan de impresiones y sugerencias para pr\u00f3ximas sesi\u00f3nes.<\/span><\/p>\n<p>[\/et_pb_slide][\/et_pb_slider][\/et_pb_column][\/et_pb_row][\/et_pb_section]<\/p>\n","protected":false},"excerpt":{"rendered":"<p>En esta primera sesi\u00f3n trabajamos los conceptos de racismo, xenofobia, delitos y discursos de odio con la colaboraci\u00f3n de Charo Alises, asesora jur\u00eddica de Kamira (Federaci\u00f3n de asociaciones de mujeres gitanas).En esta segunda sesi\u00f3n trabajamos los conceptos de apoyo sociojur\u00eddico a personas migrantes pertenecientes al colectivo LGTBI+ con la colaboraci\u00f3n de Charo Alises, asesora jur\u00eddica [&hellip;]<\/p>\n","protected":false},"author":1,"featured_media":0,"parent":0,"menu_order":0,"comment_status":"closed","ping_status":"closed","template":"","meta":{"_et_pb_use_builder":"on","_et_pb_old_content":"","_et_gb_content_width":"","footnotes":""},"categories":[],"tags":[],"class_list":["post-6553","page","type-page","status-publish","hentry"],"jetpack_sharing_enabled":true,"post_mailing_queue_ids":[],"_links":{"self":[{"href":"https:\/\/migrantesenigualdad.es\/index.php\/wp-json\/wp\/v2\/pages\/6553","targetHints":{"allow":["GET"]}}],"collection":[{"href":"https:\/\/migrantesenigualdad.es\/index.php\/wp-json\/wp\/v2\/pages"}],"about":[{"href":"https:\/\/migrantesenigualdad.es\/index.php\/wp-json\/wp\/v2\/types\/page"}],"author":[{"embeddable":true,"href":"https:\/\/migrantesenigualdad.es\/index.php\/wp-json\/wp\/v2\/users\/1"}],"replies":[{"embeddable":true,"href":"https:\/\/migrantesenigualdad.es\/index.php\/wp-json\/wp\/v2\/comments?post=6553"}],"version-history":[{"count":9,"href":"https:\/\/migrantesenigualdad.es\/index.php\/wp-json\/wp\/v2\/pages\/6553\/revisions"}],"predecessor-version":[{"id":7376,"href":"https:\/\/migrantesenigualdad.es\/index.php\/wp-json\/wp\/v2\/pages\/6553\/revisions\/7376"}],"wp:attachment":[{"href":"https:\/\/migrantesenigualdad.es\/index.php\/wp-json\/wp\/v2\/media?parent=6553"}],"wp:term":[{"taxonomy":"category","embeddable":true,"href":"https:\/\/migrantesenigualdad.es\/index.php\/wp-json\/wp\/v2\/categories?post=6553"},{"taxonomy":"post_tag","embeddable":true,"href":"https:\/\/migrantesenigualdad.es\/index.php\/wp-json\/wp\/v2\/tags?post=6553"}],"curies":[{"name":"wp","href":"https:\/\/api.w.org\/{rel}","templated":true}]}}