{"id":6108,"date":"2022-12-28T11:25:52","date_gmt":"2022-12-28T11:25:52","guid":{"rendered":"https:\/\/migrantesenigualdad.es\/?page_id=6108"},"modified":"2023-02-14T10:36:33","modified_gmt":"2023-02-14T10:36:33","slug":"1a-jornadas-de-prevencion-del-odio-en-las-redes-sociales-estrecho-de-gibraltar-2","status":"publish","type":"page","link":"https:\/\/migrantesenigualdad.es\/index.php\/1a-jornadas-de-prevencion-del-odio-en-las-redes-sociales-estrecho-de-gibraltar-2\/","title":{"rendered":"Navegando desde el Ciber-Respeto"},"content":{"rendered":"<p>[et_pb_section fb_built=\u00bb1&#8243; admin_label=\u00bbHero\u00bb _builder_version=\u00bb4.18.0&#8243; background_enable_color=\u00bboff\u00bb background_enable_image=\u00bboff\u00bb height=\u00bb388px\u00bb custom_padding=\u00bb110px|0px|111px|0px|false|false\u00bb animation_style=\u00bbzoom\u00bb animation_intensity_zoom=\u00bb4%\u00bb global_colors_info=\u00bb{}\u00bb][et_pb_row column_structure=\u00bb1_2,1_2&#8243; _builder_version=\u00bb4.16&#8243; background_size=\u00bbinitial\u00bb background_position=\u00bbtop_left\u00bb background_repeat=\u00bbrepeat\u00bb custom_margin=\u00bb-17px||||false|false\u00bb custom_padding=\u00bb|||\u00bb animation_style=\u00bbslide\u00bb animation_direction=\u00bbtop\u00bb animation_intensity_slide=\u00bb3%\u00bb global_colors_info=\u00bb{}\u00bb][et_pb_column type=\u00bb1_2&#8243; _builder_version=\u00bb4.16&#8243; custom_padding=\u00bb|||\u00bb global_colors_info=\u00bb{}\u00bb custom_padding__hover=\u00bb|||\u00bb][et_pb_text _builder_version=\u00bb4.18.0&#8243; text_font=\u00bb||||||||\u00bb text_font_size=\u00bb9px\u00bb header_font=\u00bbMontserrat|700||on|||||\u00bb header_text_color=\u00bb#ffffff\u00bb header_font_size=\u00bb50px\u00bb header_line_height=\u00bb1.3em\u00bb header_2_font=\u00bb||||||||\u00bb header_2_font_size=\u00bb41px\u00bb background_size=\u00bbinitial\u00bb background_position=\u00bbtop_left\u00bb background_repeat=\u00bbrepeat\u00bb custom_margin=\u00bb-47px||||false|false\u00bb animation_style=\u00bbfold\u00bb header_font_size_last_edited=\u00bboff|desktop\u00bb locked=\u00bboff\u00bb global_colors_info=\u00bb{}\u00bb]<\/p>\n<h2 class=\"et_pb_slide_title\">1\u00aa Jornadas de prevenci\u00f3n del odio en las redes sociales Estrecho de Gibraltar<\/h2>\n<p>[\/et_pb_text][et_pb_text _builder_version=\u00bb4.18.0&#8243; text_font=\u00bb|600|||||||\u00bb text_text_color=\u00bb#6EB3D8&#8243; text_font_size=\u00bb42px\u00bb text_line_height=\u00bb1em\u00bb background_size=\u00bbinitial\u00bb background_position=\u00bbtop_left\u00bb background_repeat=\u00bbrepeat\u00bb positioning=\u00bbrelative\u00bb vertical_offset=\u00bb-21px\u00bb max_width=\u00bb700px\u00bb module_alignment=\u00bbleft\u00bb custom_margin=\u00bb-1px||||false|false\u00bb animation_style=\u00bbfold\u00bb animation_direction=\u00bbtop\u00bb locked=\u00bboff\u00bb global_colors_info=\u00bb{}\u00bb]<\/p>\n<p>NAVEGANDO DESDE EL CIBER-RESPETO<\/p>\n<p>[\/et_pb_text][\/et_pb_column][et_pb_column type=\u00bb1_2&#8243; _builder_version=\u00bb4.16&#8243; custom_padding=\u00bb|||\u00bb global_colors_info=\u00bb{}\u00bb custom_padding__hover=\u00bb|||\u00bb][et_pb_image src=\u00bbhttps:\/\/migrantesenigualdad.es\/wp-content\/uploads\/2022\/12\/thumbnail_Instagram_Mesa-de-trabajo-1.jpg\u00bb title_text=\u00bbthumbnail_Instagram_Mesa de trabajo 1&#8243; align=\u00bbcenter\u00bb _builder_version=\u00bb4.18.0&#8243; custom_margin=\u00bb-103px||||false|false\u00bb animation_style=\u00bbfold\u00bb border_width_all=\u00bb3px\u00bb border_color_all=\u00bb#1393d8&#8243; global_colors_info=\u00bb{}\u00bb][\/et_pb_image][\/et_pb_column][\/et_pb_row][\/et_pb_section][et_pb_section fb_built=\u00bb1&#8243; admin_label=\u00bbAbout\u00bb _builder_version=\u00bb4.18.0&#8243; _module_preset=\u00bbdefault\u00bb background_color=\u00bb#F9F6F5&#8243; background_image=\u00bbhttps:\/\/migrantesenigualdad.es\/wp-content\/uploads\/2022\/12\/Meme-Degradado-Rosa-y-Azul-1.png\u00bb parallax=\u00bbon\u00bb global_colors_info=\u00bb{}\u00bb][et_pb_row column_structure=\u00bb1_2,1_2&#8243; _builder_version=\u00bb4.17.4&#8243; _module_preset=\u00bbdefault\u00bb global_colors_info=\u00bb{}\u00bb][et_pb_column type=\u00bb1_2&#8243; _builder_version=\u00bb4.17.4&#8243; _module_preset=\u00bbdefault\u00bb global_colors_info=\u00bb{}\u00bb][et_pb_text _builder_version=\u00bb4.18.0&#8243; _module_preset=\u00bbb327cbe4-b1d5-4b66-ad37-40c8f2f061ba\u00bb header_2_font=\u00bbLibre Bodoni|700|||||||\u00bb header_2_text_color=\u00bb#171B20&#8243; header_2_font_size=\u00bb48px\u00bb header_2_line_height=\u00bb1.2em\u00bb custom_margin=\u00bb||||false|false\u00bb header_2_font_size_tablet=\u00bb32px\u00bb header_2_font_size_phone=\u00bb20px\u00bb header_2_font_size_last_edited=\u00bbon|desktop\u00bb locked=\u00bboff\u00bb global_colors_info=\u00bb{}\u00bb][\/et_pb_text][et_pb_text _builder_version=\u00bb4.18.0&#8243; _module_preset=\u00bb1f09816e-184e-4ce5-a4cf-b39c52c423ca\u00bb text_font=\u00bbJost||||||||\u00bb text_text_color=\u00bbrgba(0,0,0,0.58)\u00bb text_font_size=\u00bb20px\u00bb text_line_height=\u00bb1.6em\u00bb positioning=\u00bbrelative\u00bb vertical_offset=\u00bb-212px\u00bb text_font_size_tablet=\u00bb15px\u00bb text_font_size_phone=\u00bb14px\u00bb text_font_size_last_edited=\u00bbon|phone\u00bb header_font_size_tablet=\u00bb55px\u00bb header_font_size_last_edited=\u00bboff|desktop\u00bb locked=\u00bboff\u00bb global_colors_info=\u00bb{}\u00bb]<\/p>\n<p style=\"text-align: justify;\">Como parte de su acci\u00f3n de lucha contra el racismo, la xenofobia y otras formas de intolerancia asociadas, <strong>Migrantes en igualdad &#8211; Fundaci\u00f3n M\u00e1rgenes y V\u00ednculos<\/strong>&#8211; ha realizado los d\u00edas 21 y 24 de noviembre dos acciones de prevenci\u00f3n; una en el <strong>Campo de Gibraltar (Escuela de Arte, Algeciras)<\/strong> y otra en la<strong> Ciudad Aut\u00f3noma de Ceuta (Campus Universitario, Ceuta)<\/strong>, dirigidas tanto a la sociedad en general que hace uso de las redes sociales como a\u00a0 profesionales de la comunicaci\u00f3n y personas influencyentes en las redes sociales.\u00a0 \u00a0A trav\u00e9s de ellas, se ha pretendido hacer especial hincapi\u00e9 en la creaci\u00f3n de nuevas narrativas capaces de contrarrestar la discrimianci\u00f3n y el <strong>racismo 2.0<\/strong> que afectan a minor\u00edas como la <strong>comunidad migrante<\/strong>, la gitana o el <strong>colectivo<\/strong> <strong>LGTBI+<\/strong> .<\/p>\n<p>[\/et_pb_text][\/et_pb_column][et_pb_column type=\u00bb1_2&#8243; _builder_version=\u00bb4.17.4&#8243; _module_preset=\u00bbdefault\u00bb global_colors_info=\u00bb{}\u00bb][et_pb_text _builder_version=\u00bb4.18.0&#8243; _module_preset=\u00bbdefault\u00bb text_font=\u00bbJost||||||||\u00bb text_font_size=\u00bb19px\u00bb text_line_height=\u00bb1.8em\u00bb positioning=\u00bbrelative\u00bb vertical_offset=\u00bb22px\u00bb text_orientation=\u00bbjustified\u00bb global_colors_info=\u00bb{}\u00bb]<\/p>\n<p>Ciberactivistas, influencers, periodistas y entidades del Tercer Sector, han participado de forma presencial y online para aportar su visi\u00f3n sobre las discriminaciones virtuales, las nuevas formas de hacer militancia y el rol de los profesionales de la comunicaci\u00f3n en combatir los bulos.\u00a0 Asimismo, presentar una reflexi\u00f3n acerca de los discrusos del odio\u00a0 en cuestiones relacionadas con los discursos de odio y el impacto que tienen en la vida cotidiana de las personas que navegan en dichas redes.<br \/>Las jornadas se llevar\u00e1n a cabo el 21 de noviembre en la localidad de Algeciras y el 24 de noviembre en la Ciudad Aut\u00f3noma de Ceuta. La primera se llevar\u00e1 a cabo en la Escuela de Arte de Algeciras y la segunda en el Campus Universitario de Ceuta.<br \/>La duraci\u00f3n aproximada de las mesas redondas ser\u00e1 de hora y media en total. Cada jornada constar\u00e1 de 3 mesas redondas en las cuales se tratar\u00e1n diferentes tem\u00e1ticas.<\/p>\n<p>[\/et_pb_text][\/et_pb_column][\/et_pb_row][\/et_pb_section][et_pb_section fb_built=\u00bb1&#8243; _builder_version=\u00bb4.18.0&#8243; _module_preset=\u00bbdefault\u00bb vertical_offset=\u00bb-82px\u00bb global_colors_info=\u00bb{}\u00bb][et_pb_row _builder_version=\u00bb4.16&#8243; locked=\u00bboff\u00bb global_colors_info=\u00bb{}\u00bb][et_pb_column type=\u00bb4_4&#8243; _builder_version=\u00bb4.16&#8243; global_colors_info=\u00bb{}\u00bb][et_pb_text _builder_version=\u00bb4.18.0&#8243; text_font=\u00bbCabin||||||||\u00bb text_text_color=\u00bbrgba(85,101,112,0.8)\u00bb text_font_size=\u00bb16px\u00bb text_line_height=\u00bb1.8em\u00bb header_2_font=\u00bbMontserrat|700|||||||\u00bb header_2_text_color=\u00bb#F2B251&#8243; header_2_font_size=\u00bb56px\u00bb header_2_line_height=\u00bb1.1em\u00bb header_3_font=\u00bbCabin|700||on|||||\u00bb header_3_text_color=\u00bb#bd8f52&#8243; header_3_font_size=\u00bb13px\u00bb header_3_letter_spacing=\u00bb3px\u00bb header_3_line_height=\u00bb1.4em\u00bb text_orientation=\u00bbcenter\u00bb max_width_tablet=\u00bb90%\u00bb max_width_phone=\u00bb100%\u00bb max_width_last_edited=\u00bboff|desktop\u00bb custom_margin=\u00bb||||false|false\u00bb text_font_size_tablet=\u00bb15px\u00bb text_font_size_phone=\u00bb14px\u00bb text_font_size_last_edited=\u00bbon|phone\u00bb header_2_font_size_tablet=\u00bb44px\u00bb header_2_font_size_phone=\u00bb32px\u00bb header_2_font_size_last_edited=\u00bbon|tablet\u00bb locked=\u00bboff\u00bb global_colors_info=\u00bb{}\u00bb header_2_2_font_size_phone=\u00bb32px\u00bb header_3_2_font_size_phone=\u00bb32px\u00bb header_4_2_font_size_phone=\u00bb32px\u00bb header_5_2_font_size_phone=\u00bb32px\u00bb header_6_2_font_size_phone=\u00bb32px\u00bb header_2_2_font_size_tablet=\u00bb44px\u00bb header_3_2_font_size_tablet=\u00bb44px\u00bb header_4_2_font_size_tablet=\u00bb44px\u00bb header_5_2_font_size_tablet=\u00bb44px\u00bb header_6_2_font_size_tablet=\u00bb44px\u00bb header_2_2_font_size_last_edited=\u00bbon|tablet\u00bb header_3_2_font_size_last_edited=\u00bbon|tablet\u00bb header_4_2_font_size_last_edited=\u00bbon|tablet\u00bb header_5_2_font_size_last_edited=\u00bbon|tablet\u00bb header_6_2_font_size_last_edited=\u00bbon|tablet\u00bb]<\/p>\n<h3><\/h3>\n<h2>V\u00eddeos de las Jornadas<\/h2>\n<p>[\/et_pb_text][\/et_pb_column][\/et_pb_row][et_pb_row column_structure=\u00bb1_2,1_2&#8243; _builder_version=\u00bb4.18.0&#8243; _module_preset=\u00bbdefault\u00bb vertical_offset=\u00bb-36px\u00bb global_colors_info=\u00bb{}\u00bb][et_pb_column type=\u00bb1_2&#8243; _builder_version=\u00bb4.18.0&#8243; _module_preset=\u00bbdefault\u00bb global_colors_info=\u00bb{}\u00bb][et_pb_text _builder_version=\u00bb4.18.0&#8243; text_font=\u00bbCabin||||||||\u00bb text_text_color=\u00bbrgba(85,101,112,0.8)\u00bb text_font_size=\u00bb16px\u00bb text_line_height=\u00bb1.8em\u00bb header_2_font=\u00bbMontserrat|700|||||||\u00bb header_2_text_align=\u00bbleft\u00bb header_2_text_color=\u00bb#565656&#8243; header_2_font_size=\u00bb20px\u00bb header_2_line_height=\u00bb1.1em\u00bb header_3_font=\u00bbCabin|700||on|||||\u00bb header_3_text_color=\u00bb#bd8f52&#8243; header_3_font_size=\u00bb13px\u00bb header_3_letter_spacing=\u00bb3px\u00bb header_3_line_height=\u00bb1.4em\u00bb text_orientation=\u00bbcenter\u00bb max_width_tablet=\u00bb90%\u00bb max_width_phone=\u00bb100%\u00bb max_width_last_edited=\u00bboff|desktop\u00bb custom_margin=\u00bb||||false|false\u00bb text_font_size_tablet=\u00bb15px\u00bb text_font_size_phone=\u00bb14px\u00bb text_font_size_last_edited=\u00bbon|phone\u00bb header_2_font_size_tablet=\u00bb44px\u00bb header_2_font_size_phone=\u00bb32px\u00bb header_2_font_size_last_edited=\u00bbon|tablet\u00bb locked=\u00bboff\u00bb global_colors_info=\u00bb{}\u00bb header_2_2_font_size_phone=\u00bb32px\u00bb header_3_2_font_size_phone=\u00bb32px\u00bb header_4_2_font_size_phone=\u00bb32px\u00bb header_5_2_font_size_phone=\u00bb32px\u00bb header_6_2_font_size_phone=\u00bb32px\u00bb header_2_2_font_size_tablet=\u00bb44px\u00bb header_3_2_font_size_tablet=\u00bb44px\u00bb header_4_2_font_size_tablet=\u00bb44px\u00bb header_5_2_font_size_tablet=\u00bb44px\u00bb header_6_2_font_size_tablet=\u00bb44px\u00bb header_2_2_font_size_last_edited=\u00bbon|tablet\u00bb header_3_2_font_size_last_edited=\u00bbon|tablet\u00bb header_4_2_font_size_last_edited=\u00bbon|tablet\u00bb header_5_2_font_size_last_edited=\u00bbon|tablet\u00bb header_6_2_font_size_last_edited=\u00bbon|tablet\u00bb]<\/p>\n<h3><\/h3>\n<h2>?\u200a Escuela de Arte, Algeciras<\/h2>\n<p>[\/et_pb_text][et_pb_video src=\u00bbhttps:\/\/youtu.be\/8XwF3gYrWZw\u00bb _builder_version=\u00bb4.18.0&#8243; _module_preset=\u00bbdefault\u00bb hover_enabled=\u00bb0&#8243; global_colors_info=\u00bb{}\u00bb sticky_enabled=\u00bb0&#8243;][\/et_pb_video][\/et_pb_column][et_pb_column type=\u00bb1_2&#8243; _builder_version=\u00bb4.18.0&#8243; _module_preset=\u00bbdefault\u00bb global_colors_info=\u00bb{}\u00bb][et_pb_text _builder_version=\u00bb4.18.0&#8243; text_font=\u00bbCabin||||||||\u00bb text_text_color=\u00bbrgba(85,101,112,0.8)\u00bb text_font_size=\u00bb16px\u00bb text_line_height=\u00bb1.8em\u00bb header_2_font=\u00bbMontserrat|700|||||||\u00bb header_2_text_align=\u00bbleft\u00bb header_2_text_color=\u00bb#565656&#8243; header_2_font_size=\u00bb20px\u00bb header_2_line_height=\u00bb1.1em\u00bb header_3_font=\u00bbCabin|700||on|||||\u00bb header_3_text_color=\u00bb#bd8f52&#8243; header_3_font_size=\u00bb13px\u00bb header_3_letter_spacing=\u00bb3px\u00bb header_3_line_height=\u00bb1.4em\u00bb text_orientation=\u00bbcenter\u00bb max_width_tablet=\u00bb90%\u00bb max_width_phone=\u00bb100%\u00bb max_width_last_edited=\u00bboff|desktop\u00bb custom_margin=\u00bb||||false|false\u00bb text_font_size_tablet=\u00bb15px\u00bb text_font_size_phone=\u00bb14px\u00bb text_font_size_last_edited=\u00bbon|phone\u00bb header_2_font_size_tablet=\u00bb44px\u00bb header_2_font_size_phone=\u00bb32px\u00bb header_2_font_size_last_edited=\u00bbon|tablet\u00bb locked=\u00bboff\u00bb global_colors_info=\u00bb{}\u00bb header_2_2_font_size_phone=\u00bb32px\u00bb header_3_2_font_size_phone=\u00bb32px\u00bb header_4_2_font_size_phone=\u00bb32px\u00bb header_5_2_font_size_phone=\u00bb32px\u00bb header_6_2_font_size_phone=\u00bb32px\u00bb header_2_2_font_size_tablet=\u00bb44px\u00bb header_3_2_font_size_tablet=\u00bb44px\u00bb header_4_2_font_size_tablet=\u00bb44px\u00bb header_5_2_font_size_tablet=\u00bb44px\u00bb header_6_2_font_size_tablet=\u00bb44px\u00bb header_2_2_font_size_last_edited=\u00bbon|tablet\u00bb header_3_2_font_size_last_edited=\u00bbon|tablet\u00bb header_4_2_font_size_last_edited=\u00bbon|tablet\u00bb header_5_2_font_size_last_edited=\u00bbon|tablet\u00bb header_6_2_font_size_last_edited=\u00bbon|tablet\u00bb]<\/p>\n<h3><\/h3>\n<h2>?\u200aCampus Universitario,\u00a0 Ceuta<\/h2>\n<p>[\/et_pb_text][et_pb_video src=\u00bbhttps:\/\/youtu.be\/93S6Btok3-s\u00bb _builder_version=\u00bb4.18.0&#8243; _module_preset=\u00bbdefault\u00bb hover_enabled=\u00bb0&#8243; global_colors_info=\u00bb{}\u00bb sticky_enabled=\u00bb0&#8243;][\/et_pb_video][\/et_pb_column][\/et_pb_row][\/et_pb_section][et_pb_section fb_built=\u00bb1&#8243; admin_label=\u00bbGallery\u00bb _builder_version=\u00bb4.18.0&#8243; vertical_offset=\u00bb-86px\u00bb custom_padding=\u00bb||100px|||\u00bb global_colors_info=\u00bb{}\u00bb][et_pb_row _builder_version=\u00bb4.16&#8243; locked=\u00bboff\u00bb global_colors_info=\u00bb{}\u00bb][et_pb_column type=\u00bb4_4&#8243; _builder_version=\u00bb4.16&#8243; global_colors_info=\u00bb{}\u00bb][et_pb_text _builder_version=\u00bb4.18.0&#8243; text_font=\u00bbCabin||||||||\u00bb text_text_color=\u00bbrgba(85,101,112,0.8)\u00bb text_font_size=\u00bb16px\u00bb text_line_height=\u00bb1.8em\u00bb header_2_font=\u00bbMontserrat|700|||||||\u00bb header_2_text_align=\u00bbcenter\u00bb header_2_text_color=\u00bb#009eed\u00bb header_2_font_size=\u00bb53px\u00bb header_2_line_height=\u00bb1.1em\u00bb header_3_font=\u00bbArial|700||on|||||\u00bb header_3_text_color=\u00bb#F2B251&#8243; header_3_font_size=\u00bb36px\u00bb header_3_letter_spacing=\u00bb3px\u00bb header_3_line_height=\u00bb1.4em\u00bb text_orientation=\u00bbcenter\u00bb max_width_tablet=\u00bb90%\u00bb max_width_phone=\u00bb100%\u00bb max_width_last_edited=\u00bboff|desktop\u00bb custom_margin=\u00bb||||false|false\u00bb text_font_size_tablet=\u00bb15px\u00bb text_font_size_phone=\u00bb14px\u00bb text_font_size_last_edited=\u00bbon|phone\u00bb header_2_font_size_tablet=\u00bb44px\u00bb header_2_font_size_phone=\u00bb32px\u00bb header_2_font_size_last_edited=\u00bbon|tablet\u00bb locked=\u00bboff\u00bb global_colors_info=\u00bb{}\u00bb header_2_2_font_size_phone=\u00bb32px\u00bb header_3_2_font_size_phone=\u00bb32px\u00bb header_4_2_font_size_phone=\u00bb32px\u00bb header_5_2_font_size_phone=\u00bb32px\u00bb header_6_2_font_size_phone=\u00bb32px\u00bb header_2_2_font_size_tablet=\u00bb44px\u00bb header_3_2_font_size_tablet=\u00bb44px\u00bb header_4_2_font_size_tablet=\u00bb44px\u00bb header_5_2_font_size_tablet=\u00bb44px\u00bb header_6_2_font_size_tablet=\u00bb44px\u00bb header_2_2_font_size_last_edited=\u00bbon|tablet\u00bb header_3_2_font_size_last_edited=\u00bbon|tablet\u00bb header_4_2_font_size_last_edited=\u00bbon|tablet\u00bb header_5_2_font_size_last_edited=\u00bbon|tablet\u00bb header_6_2_font_size_last_edited=\u00bbon|tablet\u00bb]<\/p>\n<h3>Galer\u00eda de las Jornadas<\/h3>\n<p>[\/et_pb_text][\/et_pb_column][\/et_pb_row][et_pb_row _builder_version=\u00bb4.18.0&#8243; _module_preset=\u00bbdefault\u00bb vertical_offset=\u00bb-26px\u00bb width=\u00bb66%\u00bb max_width=\u00bb826px\u00bb global_colors_info=\u00bb{}\u00bb][et_pb_column type=\u00bb4_4&#8243; _builder_version=\u00bb4.18.0&#8243; _module_preset=\u00bbdefault\u00bb global_colors_info=\u00bb{}\u00bb][et_pb_gallery gallery_ids=\u00bb6122,6116,6146,6147,6148,6149,6150,6145,6151,6152,6153,6154,6155,6118,6156,6157,6158,6159,6160,6161,6162,6163,6119,6128,6164,6165,6166,6168,6169,6170,6171,6172,6173,6174&#8243; fullwidth=\u00bbon\u00bb _builder_version=\u00bb4.18.0&#8243; _module_preset=\u00bbdefault\u00bb global_colors_info=\u00bb{}\u00bb][\/et_pb_gallery][\/et_pb_column][\/et_pb_row][\/et_pb_section]<\/p>\n","protected":false},"excerpt":{"rendered":"<p>1\u00aa Jornadas de prevenci\u00f3n del odio en las redes sociales Estrecho de GibraltarNAVEGANDO DESDE EL CIBER-RESPETOComo parte de su acci\u00f3n de lucha contra el racismo, la xenofobia y otras formas de intolerancia asociadas, Migrantes en igualdad &#8211; Fundaci\u00f3n M\u00e1rgenes y V\u00ednculos- ha realizado los d\u00edas 21 y 24 de noviembre dos acciones de prevenci\u00f3n; una [&hellip;]<\/p>\n","protected":false},"author":1,"featured_media":5832,"parent":0,"menu_order":0,"comment_status":"closed","ping_status":"closed","template":"","meta":{"_et_pb_use_builder":"on","_et_pb_old_content":"","_et_gb_content_width":"","footnotes":""},"categories":[238],"tags":[],"class_list":["post-6108","page","type-page","status-publish","has-post-thumbnail","hentry","category-1a-jornadas-de-prevencion-del-odio-en-las-redes-sociales-estrecho-de-gibraltar"],"jetpack_sharing_enabled":true,"post_mailing_queue_ids":[],"_links":{"self":[{"href":"https:\/\/migrantesenigualdad.es\/index.php\/wp-json\/wp\/v2\/pages\/6108","targetHints":{"allow":["GET"]}}],"collection":[{"href":"https:\/\/migrantesenigualdad.es\/index.php\/wp-json\/wp\/v2\/pages"}],"about":[{"href":"https:\/\/migrantesenigualdad.es\/index.php\/wp-json\/wp\/v2\/types\/page"}],"author":[{"embeddable":true,"href":"https:\/\/migrantesenigualdad.es\/index.php\/wp-json\/wp\/v2\/users\/1"}],"replies":[{"embeddable":true,"href":"https:\/\/migrantesenigualdad.es\/index.php\/wp-json\/wp\/v2\/comments?post=6108"}],"version-history":[{"count":0,"href":"https:\/\/migrantesenigualdad.es\/index.php\/wp-json\/wp\/v2\/pages\/6108\/revisions"}],"wp:featuredmedia":[{"embeddable":true,"href":"https:\/\/migrantesenigualdad.es\/index.php\/wp-json\/wp\/v2\/media\/5832"}],"wp:attachment":[{"href":"https:\/\/migrantesenigualdad.es\/index.php\/wp-json\/wp\/v2\/media?parent=6108"}],"wp:term":[{"taxonomy":"category","embeddable":true,"href":"https:\/\/migrantesenigualdad.es\/index.php\/wp-json\/wp\/v2\/categories?post=6108"},{"taxonomy":"post_tag","embeddable":true,"href":"https:\/\/migrantesenigualdad.es\/index.php\/wp-json\/wp\/v2\/tags?post=6108"}],"curies":[{"name":"wp","href":"https:\/\/api.w.org\/{rel}","templated":true}]}}