{"id":5829,"date":"2022-12-14T12:55:52","date_gmt":"2022-12-14T12:55:52","guid":{"rendered":"https:\/\/migrantesenigualdad.es\/?page_id=5829"},"modified":"2022-12-28T10:58:45","modified_gmt":"2022-12-28T10:58:45","slug":"dia-dd-hh","status":"publish","type":"page","link":"https:\/\/migrantesenigualdad.es\/index.php\/dia-dd-hh\/","title":{"rendered":"D\u00eda de los Derechos Humanos"},"content":{"rendered":"<p>[et_pb_section fb_built=\u00bb1&#8243; admin_label=\u00bbHero\u00bb _builder_version=\u00bb4.18.0&#8243; background_color=\u00bb#F2B251&#8243; background_enable_image=\u00bboff\u00bb height=\u00bb388px\u00bb custom_padding=\u00bb110px|0px|111px|0px|false|false\u00bb animation_style=\u00bbzoom\u00bb animation_intensity_zoom=\u00bb4%\u00bb global_colors_info=\u00bb{}\u00bb][et_pb_row column_structure=\u00bb1_2,1_2&#8243; _builder_version=\u00bb4.16&#8243; background_size=\u00bbinitial\u00bb background_position=\u00bbtop_left\u00bb background_repeat=\u00bbrepeat\u00bb custom_margin=\u00bb-17px||||false|false\u00bb custom_padding=\u00bb|||\u00bb animation_style=\u00bbslide\u00bb animation_direction=\u00bbtop\u00bb animation_intensity_slide=\u00bb3%\u00bb global_colors_info=\u00bb{}\u00bb][et_pb_column type=\u00bb1_2&#8243; _builder_version=\u00bb4.16&#8243; custom_padding=\u00bb|||\u00bb global_colors_info=\u00bb{}\u00bb custom_padding__hover=\u00bb|||\u00bb][et_pb_text _builder_version=\u00bb4.18.0&#8243; text_font=\u00bb||||||||\u00bb text_font_size=\u00bb9px\u00bb header_font=\u00bbMontserrat|700||on|||||\u00bb header_text_color=\u00bb#ffffff\u00bb header_font_size=\u00bb50px\u00bb header_line_height=\u00bb1.3em\u00bb header_2_font=\u00bb||||||||\u00bb background_size=\u00bbinitial\u00bb background_position=\u00bbtop_left\u00bb background_repeat=\u00bbrepeat\u00bb custom_margin=\u00bb-47px||||false|false\u00bb animation_style=\u00bbfold\u00bb header_font_size_last_edited=\u00bboff|desktop\u00bb locked=\u00bboff\u00bb global_colors_info=\u00bb{}\u00bb]<\/p>\n<h1>1o de diciembre<\/h1>\n<p>[\/et_pb_text][et_pb_text _builder_version=\u00bb4.18.0&#8243; text_font=\u00bb||||||||\u00bb text_text_color=\u00bb#e02b20&#8243; text_font_size=\u00bb24px\u00bb text_line_height=\u00bb1.8em\u00bb background_size=\u00bbinitial\u00bb background_position=\u00bbtop_left\u00bb background_repeat=\u00bbrepeat\u00bb max_width=\u00bb700px\u00bb module_alignment=\u00bbleft\u00bb custom_margin=\u00bb-1px||||false|false\u00bb animation_style=\u00bbfold\u00bb animation_direction=\u00bbtop\u00bb locked=\u00bboff\u00bb global_colors_info=\u00bb{}\u00bb]<\/p>\n<h1><span style=\"color: #ffffff; font-size: xx-large;\">D\u00eda Internacional de los Derechos Humanos<\/span><\/h1>\n<p><span style=\"font-size: xx-large; color: #ffffff;\"><\/span><\/p>\n<p>[\/et_pb_text][\/et_pb_column][et_pb_column type=\u00bb1_2&#8243; _builder_version=\u00bb4.16&#8243; custom_padding=\u00bb|||\u00bb global_colors_info=\u00bb{}\u00bb custom_padding__hover=\u00bb|||\u00bb][et_pb_image src=\u00bbhttps:\/\/migrantesenigualdad.es\/wp-content\/uploads\/2022\/12\/thumbnail_para-facebook_Mesa-de-trabajo-1.jpg\u00bb title_text=\u00bbthumbnail_para facebook_Mesa de trabajo 1&#8243; align=\u00bbcenter\u00bb _builder_version=\u00bb4.18.0&#8243; custom_margin=\u00bb-103px||||false|false\u00bb animation_style=\u00bbfold\u00bb border_width_all=\u00bb3px\u00bb border_color_all=\u00bb#1393d8&#8243; global_colors_info=\u00bb{}\u00bb][\/et_pb_image][\/et_pb_column][\/et_pb_row][\/et_pb_section][et_pb_section fb_built=\u00bb1&#8243; admin_label=\u00bbAbout\u00bb _builder_version=\u00bb4.18.0&#8243; _module_preset=\u00bbdefault\u00bb background_color=\u00bb#F9F6F5&#8243; background_image=\u00bbhttps:\/\/migrantesenigualdad.es\/wp-content\/uploads\/2022\/12\/Meme-Degradado-Rosa-y-Azul-1.png\u00bb parallax=\u00bbon\u00bb global_colors_info=\u00bb{}\u00bb][et_pb_row column_structure=\u00bb2_5,3_5&#8243; _builder_version=\u00bb4.17.4&#8243; _module_preset=\u00bbdefault\u00bb global_colors_info=\u00bb{}\u00bb][et_pb_column type=\u00bb2_5&#8243; _builder_version=\u00bb4.17.4&#8243; _module_preset=\u00bbdefault\u00bb global_colors_info=\u00bb{}\u00bb][et_pb_text _builder_version=\u00bb4.18.0&#8243; _module_preset=\u00bbb327cbe4-b1d5-4b66-ad37-40c8f2f061ba\u00bb header_2_font=\u00bbLibre Bodoni|700|||||||\u00bb header_2_text_color=\u00bb#171B20&#8243; header_2_font_size=\u00bb48px\u00bb header_2_line_height=\u00bb1.2em\u00bb custom_margin=\u00bb||||false|false\u00bb header_2_font_size_tablet=\u00bb32px\u00bb header_2_font_size_phone=\u00bb20px\u00bb header_2_font_size_last_edited=\u00bbon|desktop\u00bb locked=\u00bboff\u00bb global_colors_info=\u00bb{}\u00bb]<\/p>\n<h2>Contexto<\/h2>\n<p>[\/et_pb_text][et_pb_text _builder_version=\u00bb4.18.0&#8243; _module_preset=\u00bb1f09816e-184e-4ce5-a4cf-b39c52c423ca\u00bb text_font=\u00bbJost||||||||\u00bb text_text_color=\u00bbrgba(0,0,0,0.58)\u00bb text_font_size=\u00bb20px\u00bb text_line_height=\u00bb1.6em\u00bb text_font_size_tablet=\u00bb15px\u00bb text_font_size_phone=\u00bb14px\u00bb text_font_size_last_edited=\u00bbon|phone\u00bb header_font_size_tablet=\u00bb55px\u00bb header_font_size_last_edited=\u00bboff|desktop\u00bb locked=\u00bboff\u00bb global_colors_info=\u00bb{}\u00bb]<\/p>\n<p style=\"text-align: justify;\">Cada 10 de diciembre se conmemora el d\u00eda en que, la Asamblea General de las Naciones Unidas (1948) adopt\u00f3 la Declaraci\u00f3n Universal de Derechos Humanos, proclamando sus principios en un documento hist\u00f3rico que proclama los derechos que corresponden a toda persona como ser humano, independientemente de su nacionalidad, ideolog\u00eda, religi\u00f3n, sexo, idioma, posici\u00f3n econ\u00f3mica, nacimiento o cualquier otra condici\u00f3n. Este documento es el que m\u00e1s se ha traducido en todo el mundoy est\u00e1 disponible en m\u00e1s de 500 lenguas.<\/p>\n<p>[\/et_pb_text][\/et_pb_column][et_pb_column type=\u00bb3_5&#8243; _builder_version=\u00bb4.17.4&#8243; _module_preset=\u00bbdefault\u00bb global_colors_info=\u00bb{}\u00bb][et_pb_image src=\u00bbhttps:\/\/migrantesenigualdad.es\/wp-content\/uploads\/2022\/12\/onu-37027.jpg\u00bb title_text=\u00bbonu-37027&#8243; _builder_version=\u00bb4.18.0&#8243; _module_preset=\u00bbdefault\u00bb background_enable_image=\u00bboff\u00bb parallax=\u00bbon\u00bb max_width_tablet=\u00bb300px\u00bb max_width_phone=\u00bb300px\u00bb max_width_last_edited=\u00bbon|tablet\u00bb scroll_vertical_motion_enable=\u00bbon\u00bb scroll_vertical_motion=\u00bb0|50|50|100|1|0|-1&#8243; global_colors_info=\u00bb{}\u00bb][\/et_pb_image][\/et_pb_column][\/et_pb_row][et_pb_row _builder_version=\u00bb4.17.4&#8243; _module_preset=\u00bbdefault\u00bb global_colors_info=\u00bb{}\u00bb][et_pb_column type=\u00bb4_4&#8243; _builder_version=\u00bb4.17.4&#8243; _module_preset=\u00bbdefault\u00bb global_colors_info=\u00bb{}\u00bb][et_pb_text _builder_version=\u00bb4.18.0&#8243; _module_preset=\u00bbc16985e1-e0d6-4022-964d-e2bfc04fa633&#8243; header_font=\u00bbMontserrat|700|||||||\u00bb header_text_color=\u00bb#171B20&#8243; header_font_size=\u00bb75px\u00bb header_line_height=\u00bb1.2em\u00bb header_font_size_tablet=\u00bb40px\u00bb header_font_size_phone=\u00bb24px\u00bb header_font_size_last_edited=\u00bbon|desktop\u00bb global_colors_info=\u00bb{}\u00bb]<\/p>\n<h1>Actividades interactivo-sensibilizadoras<\/h1>\n<p>[\/et_pb_text][\/et_pb_column][\/et_pb_row][et_pb_row column_structure=\u00bb1_3,1_3,1_3&#8243; _builder_version=\u00bb4.17.4&#8243; _module_preset=\u00bbdefault\u00bb global_colors_info=\u00bb{}\u00bb][et_pb_column type=\u00bb1_3&#8243; _builder_version=\u00bb4.17.4&#8243; _module_preset=\u00bbdefault\u00bb global_colors_info=\u00bb{}\u00bb][et_pb_image src=\u00bbhttps:\/\/migrantesenigualdad.es\/wp-content\/uploads\/2022\/12\/1212.png\u00bb title_text=\u00bb1212&#8243; _builder_version=\u00bb4.18.0&#8243; _module_preset=\u00bbdefault\u00bb background_image=\u00bbhttps:\/\/migrantesenigualdad.es\/wp-content\/uploads\/2022\/12\/toy-store-27.jpg\u00bb parallax=\u00bbon\u00bb max_width_tablet=\u00bb300px\u00bb max_width_phone=\u00bb300px\u00bb max_width_last_edited=\u00bbon|tablet\u00bb scroll_vertical_motion_enable=\u00bbon\u00bb scroll_vertical_motion=\u00bb0|50|50|100|1|0|-1&#8243; global_colors_info=\u00bb{}\u00bb][\/et_pb_image][et_pb_text _builder_version=\u00bb4.18.0&#8243; _module_preset=\u00bbb327cbe4-b1d5-4b66-ad37-40c8f2f061ba\u00bb header_2_font=\u00bbMontserrat|700|||||||\u00bb header_2_text_color=\u00bb#171B20&#8243; header_2_font_size=\u00bb25px\u00bb header_2_line_height=\u00bb1.2em\u00bb custom_margin=\u00bb-54px||69px||false|false\u00bb header_2_font_size_tablet=\u00bb32px\u00bb header_2_font_size_phone=\u00bb20px\u00bb header_2_font_size_last_edited=\u00bbon|desktop\u00bb global_colors_info=\u00bb{}\u00bb]<\/p>\n<h2 style=\"text-align: justify;\">Migrantes en igualdad conmemora el D\u00eda Interancional de los Derechos Humanos<\/h2>\n<p>[\/et_pb_text][et_pb_image src=\u00bbhttps:\/\/migrantesenigualdad.es\/wp-content\/uploads\/2022\/12\/2.png\u00bb title_text=\u00bb2&#8243; align=\u00bbcenter\u00bb _builder_version=\u00bb4.18.0&#8243; _module_preset=\u00bbdefault\u00bb width=\u00bb24%\u00bb max_width=\u00bb54%\u00bb custom_margin=\u00bb-62px||||false|false\u00bb global_colors_info=\u00bb{}\u00bb][\/et_pb_image][et_pb_text _builder_version=\u00bb4.18.0&#8243; _module_preset=\u00bbb327cbe4-b1d5-4b66-ad37-40c8f2f061ba\u00bb header_2_font=\u00bbMontserrat|700|||||||\u00bb header_2_text_color=\u00bb#6EB3D8&#8243; header_2_font_size=\u00bb25px\u00bb header_2_line_height=\u00bb1.2em\u00bb custom_margin=\u00bb-51px||||false|false\u00bb header_2_font_size_tablet=\u00bb32px\u00bb header_2_font_size_phone=\u00bb20px\u00bb header_2_font_size_last_edited=\u00bbon|desktop\u00bb global_colors_info=\u00bb{}\u00bb]<\/p>\n<h2 style=\"text-align: center;\">Las actividades se han celebrado en el CC. Puerta Europa.<\/h2>\n<p>[\/et_pb_text][\/et_pb_column][et_pb_column type=\u00bb1_3&#8243; _builder_version=\u00bb4.17.4&#8243; _module_preset=\u00bbdefault\u00bb custom_padding=\u00bb5%||||false|false\u00bb global_colors_info=\u00bb{}\u00bb][et_pb_text _builder_version=\u00bb4.18.0&#8243; _module_preset=\u00bb1f09816e-184e-4ce5-a4cf-b39c52c423ca\u00bb text_font=\u00bbJost||||||||\u00bb text_text_color=\u00bbrgba(0,0,0,0.58)\u00bb text_font_size=\u00bb20px\u00bb text_line_height=\u00bb1.6em\u00bb width=\u00bb100%\u00bb max_width=\u00bb100%\u00bb min_height=\u00bb114px\u00bb max_height=\u00bb603px\u00bb text_font_size_tablet=\u00bb15px\u00bb text_font_size_phone=\u00bb14px\u00bb text_font_size_last_edited=\u00bbon|phone\u00bb header_font_size_tablet=\u00bb55px\u00bb header_font_size_last_edited=\u00bboff|desktop\u00bb global_colors_info=\u00bb{}\u00bb]<\/p>\n<p style=\"text-align: justify;\">Desde Migrantes en Igualdad, consideramos que para alcanzar una sociedad plural, multicultural y solidaria, es necesario conmemorar el D<strong>\u00eda Internacional de los Derechos Humanos<\/strong>. La defensa de los Derechos Humanos y el respeto hacia la diversidad en todas sus formas, implica aceptaci\u00f3n, tolerancia y convivencia.\u00a0 Conmemorar este d\u00eda, tambi\u00e9n, invita a la sociedad algecire\u00f1a en concreto y general a convivir en armon\u00eda y a romper con todos los prejuicios, estigmatizaciones y diferencias. Ello, con el fin de valorar cada cultura y sus aportaciones sin hacer distinci\u00f3n por motivos de nacionalidad, sexo, religi\u00f3n o ideolog\u00eda.<\/p>\n<p>[\/et_pb_text][\/et_pb_column][et_pb_column type=\u00bb1_3&#8243; _builder_version=\u00bb4.17.4&#8243; _module_preset=\u00bbdefault\u00bb custom_padding=\u00bb5%||||false|false\u00bb global_colors_info=\u00bb{}\u00bb][et_pb_text _builder_version=\u00bb4.18.0&#8243; _module_preset=\u00bbdefault\u00bb text_font=\u00bbMontserrat||||||||\u00bb text_font_size=\u00bb17px\u00bb global_colors_info=\u00bb{}\u00bb]<\/p>\n<p style=\"text-align: justify;\">Las actividades tendr\u00e1 un enfoque did\u00e1ctico que sirvan para incentivar la participaci\u00f3n de la poblaci\u00f3n de la ciudad. Una de las actividades se basar\u00e1 en la realizaci\u00f3n de una din\u00e1mica tipo concurso de preguntas y respuestas sobre verdadero o falso bas\u00e1ndonos en la Declaraci\u00f3n Universal de los Derechos Humanos. La segunda actividad estar\u00e1 basada en el popular programa de pasapalabra, donde mediante un rosco de letras las personas seg\u00fan la definici\u00f3n dada tendr\u00e1 que acertar la respuesta correcta.<\/p>\n<p>[\/et_pb_text][\/et_pb_column][\/et_pb_row][\/et_pb_section][et_pb_section fb_built=\u00bb1&#8243; admin_label=\u00bbCall to Action\u00bb _builder_version=\u00bb4.18.0&#8243; _module_preset=\u00bbdefault\u00bb locked=\u00bboff\u00bb collapsed=\u00bbon\u00bb global_colors_info=\u00bb{}\u00bb][et_pb_row column_structure=\u00bb1_2,1_2&#8243; make_equal=\u00bbon\u00bb _builder_version=\u00bb4.18.0&#8243; _module_preset=\u00bbdefault\u00bb global_colors_info=\u00bb{}\u00bb][et_pb_column type=\u00bb1_2&#8243; _builder_version=\u00bb4.18.0&#8243; _module_preset=\u00bbdefault\u00bb background_image=\u00bbhttps:\/\/migrantesenigualdad.es\/wp-content\/uploads\/2022\/12\/C0066T01-Editado.png\u00bb global_colors_info=\u00bb{}\u00bb][et_pb_divider show_divider=\u00bboff\u00bb _builder_version=\u00bb4.18.0&#8243; _module_preset=\u00bbdefault\u00bb height_tablet=\u00bb40vw\u00bb height_phone=\u00bb40vw\u00bb height_last_edited=\u00bbon|desktop\u00bb global_colors_info=\u00bb{}\u00bb][\/et_pb_divider][\/et_pb_column][et_pb_column type=\u00bb1_2&#8243; _builder_version=\u00bb4.18.0&#8243; _module_preset=\u00bbdefault\u00bb custom_padding=\u00bb8%||8%||true|false\u00bb border_color_all=\u00bbgcid-e010f2a6-5bcc-4cbf-902a-b2f60822625a\u00bb border_width_top=\u00bb2px\u00bb border_width_bottom=\u00bb2px\u00bb global_colors_info=\u00bb{%22gcid-e010f2a6-5bcc-4cbf-902a-b2f60822625a%22:%91%22border_color_all%22%93}\u00bb][et_pb_text _builder_version=\u00bb4.18.0&#8243; _module_preset=\u00bbb327cbe4-b1d5-4b66-ad37-40c8f2f061ba\u00bb header_2_font=\u00bbMontserrat||||||||\u00bb header_2_text_color=\u00bb#F2B251&#8243; header_2_font_size=\u00bb52px\u00bb header_2_line_height=\u00bb1.2em\u00bb custom_margin=\u00bb||10px||false|false\u00bb header_2_font_size_tablet=\u00bb32px\u00bb header_2_font_size_phone=\u00bb20px\u00bb header_2_font_size_last_edited=\u00bbon|desktop\u00bb global_colors_info=\u00bb{}\u00bb]<\/p>\n<h2>Rosco de Pasapalabra<\/h2>\n<p>[\/et_pb_text][et_pb_text _builder_version=\u00bb4.18.0&#8243; _module_preset=\u00bb1f09816e-184e-4ce5-a4cf-b39c52c423ca\u00bb text_font=\u00bbPoppins||||||||\u00bb text_font_size=\u00bb18px\u00bb text_line_height=\u00bb1.75em\u00bb text_font_size_tablet=\u00bb15px\u00bb text_font_size_phone=\u00bb14px\u00bb text_font_size_last_edited=\u00bbon|phone\u00bb header_font_size_tablet=\u00bb55px\u00bb header_font_size_last_edited=\u00bboff|desktop\u00bb global_colors_info=\u00bb{}\u00bb]<\/p>\n<p>Consiste en un juego interactivo con un rosco con iniciales de palabras relacionadas con cada d<strong>erecho universal<\/strong> y, el p\u00fablico tendr\u00e1 que averiguar la correcta respuesta.<\/p>\n<p>[\/et_pb_text][\/et_pb_column][\/et_pb_row][et_pb_row column_structure=\u00bb1_2,1_2&#8243; make_equal=\u00bbon\u00bb _builder_version=\u00bb4.18.0&#8243; _module_preset=\u00bbdefault\u00bb global_colors_info=\u00bb{}\u00bb][et_pb_column type=\u00bb1_2&#8243; _builder_version=\u00bb4.18.0&#8243; _module_preset=\u00bbdefault\u00bb global_colors_info=\u00bb{}\u00bb][et_pb_text _builder_version=\u00bb4.18.0&#8243; _module_preset=\u00bbb327cbe4-b1d5-4b66-ad37-40c8f2f061ba\u00bb header_2_font=\u00bbMontserrat||||||||\u00bb header_2_text_color=\u00bb#F2B251&#8243; header_2_font_size=\u00bb52px\u00bb header_2_line_height=\u00bb1.2em\u00bb custom_margin=\u00bb45px||10px||false|false\u00bb header_2_font_size_tablet=\u00bb32px\u00bb header_2_font_size_phone=\u00bb20px\u00bb header_2_font_size_last_edited=\u00bbon|desktop\u00bb global_colors_info=\u00bb{}\u00bb]<\/p>\n<h2 style=\"text-align: justify;\">Verdadero\/falso<\/h2>\n<p>[\/et_pb_text][et_pb_text _builder_version=\u00bb4.18.0&#8243; _module_preset=\u00bb1f09816e-184e-4ce5-a4cf-b39c52c423ca\u00bb text_font=\u00bbPoppins||||||||\u00bb text_font_size=\u00bb18px\u00bb text_line_height=\u00bb1.75em\u00bb text_font_size_tablet=\u00bb15px\u00bb text_font_size_phone=\u00bb14px\u00bb text_font_size_last_edited=\u00bbon|phone\u00bb header_font_size_tablet=\u00bb55px\u00bb header_font_size_last_edited=\u00bboff|desktop\u00bb global_colors_info=\u00bb{}\u00bb]<\/p>\n<p>Se basa en una din\u00e1mica de preguntas sobre los treinta art\u00edculos que conforman la <strong>Declaraci\u00f3n Universal de los Derechos Humanos<\/strong><\/p>\n<p>[\/et_pb_text][\/et_pb_column][et_pb_column type=\u00bb1_2&#8243; _builder_version=\u00bb4.18.0&#8243; _module_preset=\u00bbdefault\u00bb background_image=\u00bbhttps:\/\/migrantesenigualdad.es\/wp-content\/uploads\/2022\/12\/DSC07434-Editado.png\u00bb global_colors_info=\u00bb{}\u00bb][et_pb_divider show_divider=\u00bboff\u00bb _builder_version=\u00bb4.18.0&#8243; _module_preset=\u00bbdefault\u00bb width=\u00bb100%\u00bb min_height=\u00bb475px\u00bb height_tablet=\u00bb40vw\u00bb height_phone=\u00bb40vw\u00bb height_last_edited=\u00bbon|desktop\u00bb custom_margin=\u00bb6px||3px||false|false\u00bb global_colors_info=\u00bb{}\u00bb][\/et_pb_divider][\/et_pb_column][\/et_pb_row][\/et_pb_section][et_pb_section fb_built=\u00bb1&#8243; theme_builder_area=\u00bbpost_content\u00bb _builder_version=\u00bb4.18.0&#8243; _module_preset=\u00bbdefault\u00bb vertical_offset=\u00bb-82px\u00bb hover_enabled=\u00bb0&#8243; sticky_enabled=\u00bb0&#8243;][et_pb_row _builder_version=\u00bb4.16&#8243; locked=\u00bboff\u00bb global_colors_info=\u00bb{}\u00bb theme_builder_area=\u00bbpost_content\u00bb][et_pb_column type=\u00bb4_4&#8243; _builder_version=\u00bb4.16&#8243; global_colors_info=\u00bb{}\u00bb theme_builder_area=\u00bbpost_content\u00bb][et_pb_text _builder_version=\u00bb4.18.0&#8243; text_font=\u00bbCabin||||||||\u00bb text_text_color=\u00bbrgba(85,101,112,0.8)\u00bb text_font_size=\u00bb16px\u00bb text_line_height=\u00bb1.8em\u00bb header_2_font=\u00bbMontserrat|700|||||||\u00bb header_2_text_color=\u00bb#009eed\u00bb header_2_font_size=\u00bb56px\u00bb header_2_line_height=\u00bb1.1em\u00bb header_3_font=\u00bbCabin|700||on|||||\u00bb header_3_text_color=\u00bb#bd8f52&#8243; header_3_font_size=\u00bb13px\u00bb header_3_letter_spacing=\u00bb3px\u00bb header_3_line_height=\u00bb1.4em\u00bb text_orientation=\u00bbcenter\u00bb max_width_tablet=\u00bb90%\u00bb max_width_phone=\u00bb100%\u00bb max_width_last_edited=\u00bboff|desktop\u00bb custom_margin=\u00bb||||false|false\u00bb hover_enabled=\u00bb0&#8243; text_font_size_tablet=\u00bb15px\u00bb text_font_size_phone=\u00bb14px\u00bb text_font_size_last_edited=\u00bbon|phone\u00bb header_2_font_size_tablet=\u00bb44px\u00bb header_2_font_size_phone=\u00bb32px\u00bb header_2_font_size_last_edited=\u00bbon|tablet\u00bb locked=\u00bboff\u00bb global_colors_info=\u00bb{}\u00bb header_2_2_font_size_phone=\u00bb32px\u00bb header_3_2_font_size_phone=\u00bb32px\u00bb header_4_2_font_size_phone=\u00bb32px\u00bb header_5_2_font_size_phone=\u00bb32px\u00bb header_6_2_font_size_phone=\u00bb32px\u00bb header_2_2_font_size_tablet=\u00bb44px\u00bb header_3_2_font_size_tablet=\u00bb44px\u00bb header_4_2_font_size_tablet=\u00bb44px\u00bb header_5_2_font_size_tablet=\u00bb44px\u00bb header_6_2_font_size_tablet=\u00bb44px\u00bb header_2_2_font_size_last_edited=\u00bbon|tablet\u00bb header_3_2_font_size_last_edited=\u00bbon|tablet\u00bb header_4_2_font_size_last_edited=\u00bbon|tablet\u00bb header_5_2_font_size_last_edited=\u00bbon|tablet\u00bb header_6_2_font_size_last_edited=\u00bbon|tablet\u00bb theme_builder_area=\u00bbpost_content\u00bb sticky_enabled=\u00bb0&#8243;]<\/p>\n<h3><\/h3>\n<h2>v\u00eddeo de la actividad<\/h2>\n<p>[\/et_pb_text][\/et_pb_column][\/et_pb_row][et_pb_row _builder_version=\u00bb4.18.0&#8243; _module_preset=\u00bbdefault\u00bb theme_builder_area=\u00bbpost_content\u00bb vertical_offset=\u00bb-36px\u00bb hover_enabled=\u00bb0&#8243; sticky_enabled=\u00bb0&#8243;][et_pb_column _builder_version=\u00bb4.18.0&#8243; _module_preset=\u00bbdefault\u00bb type=\u00bb4_4&#8243; theme_builder_area=\u00bbpost_content\u00bb][et_pb_video src=\u00bbhttps:\/\/migrantesenigualdad.es\/wp-content\/uploads\/2022\/12\/VIDEO-CLIPS-DDHH.mp4&#8243; _builder_version=\u00bb4.18.0&#8243; _module_preset=\u00bbdefault\u00bb theme_builder_area=\u00bbpost_content\u00bb title_text=\u00bbV\u00cdDEO-CLIPS-DDHH\u00bb hover_enabled=\u00bb0&#8243; sticky_enabled=\u00bb0&#8243;][\/et_pb_video][\/et_pb_column][\/et_pb_row][\/et_pb_section][et_pb_section fb_built=\u00bb1&#8243; admin_label=\u00bbGallery\u00bb _builder_version=\u00bb4.18.0&#8243; custom_padding=\u00bb||100px|||\u00bb hover_enabled=\u00bb0&#8243; global_colors_info=\u00bb{}\u00bb vertical_offset=\u00bb-86px\u00bb sticky_enabled=\u00bb0&#8243;][et_pb_row _builder_version=\u00bb4.16&#8243; locked=\u00bboff\u00bb global_colors_info=\u00bb{}\u00bb][et_pb_column type=\u00bb4_4&#8243; _builder_version=\u00bb4.16&#8243; global_colors_info=\u00bb{}\u00bb][et_pb_text _builder_version=\u00bb4.18.0&#8243; text_font=\u00bbCabin||||||||\u00bb text_text_color=\u00bbrgba(85,101,112,0.8)\u00bb text_font_size=\u00bb16px\u00bb text_line_height=\u00bb1.8em\u00bb header_2_font=\u00bbMontserrat|700|||||||\u00bb header_2_text_color=\u00bb#009eed\u00bb header_2_font_size=\u00bb53px\u00bb header_2_line_height=\u00bb1.1em\u00bb header_3_font=\u00bbCabin|700||on|||||\u00bb header_3_text_color=\u00bb#bd8f52&#8243; header_3_font_size=\u00bb13px\u00bb header_3_letter_spacing=\u00bb3px\u00bb header_3_line_height=\u00bb1.4em\u00bb text_orientation=\u00bbcenter\u00bb max_width_tablet=\u00bb90%\u00bb max_width_phone=\u00bb100%\u00bb max_width_last_edited=\u00bboff|desktop\u00bb custom_margin=\u00bb||||false|false\u00bb hover_enabled=\u00bb0&#8243; text_font_size_tablet=\u00bb15px\u00bb text_font_size_phone=\u00bb14px\u00bb text_font_size_last_edited=\u00bbon|phone\u00bb header_2_font_size_tablet=\u00bb44px\u00bb header_2_font_size_phone=\u00bb32px\u00bb header_2_font_size_last_edited=\u00bbon|tablet\u00bb locked=\u00bboff\u00bb global_colors_info=\u00bb{}\u00bb header_2_2_font_size_phone=\u00bb32px\u00bb header_3_2_font_size_phone=\u00bb32px\u00bb header_4_2_font_size_phone=\u00bb32px\u00bb header_5_2_font_size_phone=\u00bb32px\u00bb header_6_2_font_size_phone=\u00bb32px\u00bb header_2_2_font_size_tablet=\u00bb44px\u00bb header_3_2_font_size_tablet=\u00bb44px\u00bb header_4_2_font_size_tablet=\u00bb44px\u00bb header_5_2_font_size_tablet=\u00bb44px\u00bb header_6_2_font_size_tablet=\u00bb44px\u00bb header_2_2_font_size_last_edited=\u00bbon|tablet\u00bb header_3_2_font_size_last_edited=\u00bbon|tablet\u00bb header_4_2_font_size_last_edited=\u00bbon|tablet\u00bb header_5_2_font_size_last_edited=\u00bbon|tablet\u00bb header_6_2_font_size_last_edited=\u00bbon|tablet\u00bb header_2_text_align=\u00bbcenter\u00bb sticky_enabled=\u00bb0&#8243;]<\/p>\n<h3><\/h3>\n<h2>Carrusel de im\u00e1genes de la actividad<\/h2>\n<p>[\/et_pb_text][\/et_pb_column][\/et_pb_row][et_pb_row _builder_version=\u00bb4.18.0&#8243; _module_preset=\u00bbdefault\u00bb hover_enabled=\u00bb0&#8243; global_colors_info=\u00bb{}\u00bb width=\u00bb66%\u00bb max_width=\u00bb826px\u00bb sticky_enabled=\u00bb0&#8243; vertical_offset=\u00bb-26px\u00bb][et_pb_column type=\u00bb4_4&#8243; _builder_version=\u00bb4.18.0&#8243; _module_preset=\u00bbdefault\u00bb global_colors_info=\u00bb{}\u00bb][et_pb_gallery gallery_ids=\u00bb5865,5854,5852,5864,5848,5850,5853,5844,5845,5846,5858,5859,5857,5851,5861,5849&#8243; fullwidth=\u00bbon\u00bb _builder_version=\u00bb4.18.0&#8243; _module_preset=\u00bbdefault\u00bb global_colors_info=\u00bb{}\u00bb][\/et_pb_gallery][\/et_pb_column][\/et_pb_row][\/et_pb_section]<\/p>\n","protected":false},"excerpt":{"rendered":"<p>1o de diciembreD\u00eda Internacional de los Derechos Humanos ContextoCada 10 de diciembre se conmemora el d\u00eda en que, la Asamblea General de las Naciones Unidas (1948) adopt\u00f3 la Declaraci\u00f3n Universal de Derechos Humanos, proclamando sus principios en un documento hist\u00f3rico que proclama los derechos que corresponden a toda persona como ser humano, independientemente de su [&hellip;]<\/p>\n","protected":false},"author":1,"featured_media":5832,"parent":0,"menu_order":0,"comment_status":"closed","ping_status":"closed","template":"","meta":{"_et_pb_use_builder":"on","_et_pb_old_content":"","_et_gb_content_width":"","footnotes":""},"categories":[231],"tags":[],"class_list":["post-5829","page","type-page","status-publish","has-post-thumbnail","hentry","category-dia-internacional-de-los-dd-hh"],"jetpack_sharing_enabled":true,"post_mailing_queue_ids":[],"_links":{"self":[{"href":"https:\/\/migrantesenigualdad.es\/index.php\/wp-json\/wp\/v2\/pages\/5829","targetHints":{"allow":["GET"]}}],"collection":[{"href":"https:\/\/migrantesenigualdad.es\/index.php\/wp-json\/wp\/v2\/pages"}],"about":[{"href":"https:\/\/migrantesenigualdad.es\/index.php\/wp-json\/wp\/v2\/types\/page"}],"author":[{"embeddable":true,"href":"https:\/\/migrantesenigualdad.es\/index.php\/wp-json\/wp\/v2\/users\/1"}],"replies":[{"embeddable":true,"href":"https:\/\/migrantesenigualdad.es\/index.php\/wp-json\/wp\/v2\/comments?post=5829"}],"version-history":[{"count":0,"href":"https:\/\/migrantesenigualdad.es\/index.php\/wp-json\/wp\/v2\/pages\/5829\/revisions"}],"wp:featuredmedia":[{"embeddable":true,"href":"https:\/\/migrantesenigualdad.es\/index.php\/wp-json\/wp\/v2\/media\/5832"}],"wp:attachment":[{"href":"https:\/\/migrantesenigualdad.es\/index.php\/wp-json\/wp\/v2\/media?parent=5829"}],"wp:term":[{"taxonomy":"category","embeddable":true,"href":"https:\/\/migrantesenigualdad.es\/index.php\/wp-json\/wp\/v2\/categories?post=5829"},{"taxonomy":"post_tag","embeddable":true,"href":"https:\/\/migrantesenigualdad.es\/index.php\/wp-json\/wp\/v2\/tags?post=5829"}],"curies":[{"name":"wp","href":"https:\/\/api.w.org\/{rel}","templated":true}]}}