{"id":4691,"date":"2022-06-08T08:03:54","date_gmt":"2022-06-08T08:03:54","guid":{"rendered":"https:\/\/migrantesenigualdad.es\/?page_id=4691"},"modified":"2026-07-24T12:04:28","modified_gmt":"2026-07-24T10:04:28","slug":"inicio-home","status":"publish","type":"page","link":"https:\/\/migrantesenigualdad.es\/","title":{"rendered":"Inicio-home"},"content":{"rendered":"<p>[et_pb_section fb_built=\u00bb1&#8243; fullwidth=\u00bbon\u00bb _builder_version=\u00bb4.27.4&#8243; _module_preset=\u00bbdefault\u00bb global_colors_info=\u00bb{}\u00bb][et_pb_fullwidth_slider show_content_on_mobile=\u00bboff\u00bb show_cta_on_mobile=\u00bboff\u00bb admin_label=\u00bbControl deslizante de anchura completa\u00bb _builder_version=\u00bb4.27.4&#8243; _module_preset=\u00bbdefault\u00bb height=\u00bb90vh\u00bb display_conditions=\u00bbW3siaWQiOiJmMmUzZTc0MS04ZmI3LTQ2ZWYtYjEwYS1hZDU2NDhmODUxYzYiLCJjb25kaXRpb24iOiJkYXRlVGltZSIsImNvbmRpdGlvblNldHRpbmdzIjp7ImRpc3BsYXlSdWxlIjoiaXNBZnRlciIsImRhdGUiOiIyMDI2LTAzLTIxIiwidGltZSI6IjIzOjU5Iiwid2Vla2RheXMiOiJ8IiwiYWxsRGF5Ijoib24iLCJmcm9tVGltZSI6IjAwOjAwIiwidW50aWxUaW1lIjoiMDA6MDAiLCJyZXBlYXQiOiJvZmYiLCJyZXBlYXRGcmVxdWVuY3kiOiJtb250aGx5IiwicmVwZWF0RnJlcXVlbmN5U3BlY2lmaWNEYXlzIjoid2Vla2x5IiwicmVwZWF0RW5kIjoibmV2ZXIiLCJyZXBlYXRVbnRpbERhdGUiOiIyMDI2LTMtMTkiLCJyZXBlYXRUaW1lcyI6IjMiLCJhZG1pbkxhYmVsIjoiRmVjaGEgeSBob3JhIiwiZW5hYmxlQ29uZGl0aW9uIjoib24ifSwib3BlcmF0b3IiOiJPUiJ9XQ==\u00bb custom_margin=\u00bb||||false|false\u00bb auto=\u00bbon\u00bb global_colors_info=\u00bb{}\u00bb][et_pb_slide admin_title=\u00bbManifiesto 22 Julio 2026&#8243; _builder_version=\u00bb4.27.4&#8243; _module_preset=\u00bbdefault\u00bb background_color=\u00bb#F5EFDF\u00bb background_enable_color=\u00bbon\u00bb display_conditions=\u00bbW3siaWQiOiJlNjQwNGNhOS1lYzI5LTQzMWQtODFiOS1iYTMxZWNkNzg3NTciLCJjb25kaXRpb24iOiJkYXRlVGltZSIsImNvbmRpdGlvblNldHRpbmdzIjp7ImRpc3BsYXlSdWxlIjoiaXNBZnRlciIsImRhdGUiOiIyMDI2LTA3LTIxIiwidGltZSI6IjIzOjU5Iiwid2Vla2RheXMiOiJ8IiwiYWxsRGF5Ijoib24iLCJmcm9tVGltZSI6IjAwOjAwIiwidW50aWxUaW1lIjoiMDA6MDAiLCJyZXBlYXQiOiJvZmYiLCJyZXBlYXRGcmVxdWVuY3kiOiJtb250aGx5IiwicmVwZWF0RnJlcXVlbmN5U3BlY2lmaWNEYXlzIjoid2Vla2x5IiwicmVwZWF0RW5kIjoibmV2ZXIiLCJyZXBlYXRVbnRpbERhdGUiOiIyMDI2LTctMjEiLCJyZXBlYXRUaW1lcyI6IjMiLCJhZG1pbkxhYmVsIjoiRmVjaGEgeSBob3JhIiwiZW5hYmxlQ29uZGl0aW9uIjoib24ifSwib3BlcmF0b3IiOiJPUiJ9XQ==\u00bb custom_padding=\u00bb70px||||false|false\u00bb global_colors_info=\u00bb{}\u00bb sticky_transition=\u00bbon\u00bb]<\/p>\n<div style=\"display: flex; justify-content: center; align-items: center; flex-direction: column;\">\n<div style=\"display: flex;\">\n<div style=\"width: 500px;\"><img data-recalc-dims=\"1\" decoding=\"async\" style=\"width: 100%; padding: 30px;\" src=\"https:\/\/i0.wp.com\/migrantesenigualdad.es\/wp-content\/uploads\/2026\/07\/MUJER.webp?w=1080&#038;ssl=1\" alt=\"\" \/><\/div>\n<div style=\"padding: 10px 10px; flex: 2; width: 80%; margin-top: 100px;\">\n<div style=\"border-left: 5px solid #d87c39; padding: 0 10px;\">\n<p style=\"font-weight: 600; font-family: sans-serif; color: black; text-align: left; line-height: 1.3; padding-bottom: 4px; margin-bottom: 0; padding-top: 0;\"><span style=\"font-weight: 100; font-family: sans-serif; margin-bottom: 0; padding-bottom: 0; margin-top: 0; font-size: 2rem;\">MANIFIESTO<\/span> <span style=\"background: #e08a10; color: #ffffff; font-weight: 800; padding: 3px 10px; font-size: 2rem;\">22 DE JULIO<\/span><\/p>\n<p style=\"color: black; font-size: 2rem; line-height: 1.3; font-family: sans-serif; font-weight: 600; margin: 0; padding: 0; width: 500px; padding-bottom: 0; text-align: left;\">DIA EUROPEO EN MEMORIA DE LAS V\u00cdCTIMAS DE LOS DELITOS DE ODIO<\/p>\n<\/div>\n<div style=\"width: 100%; display: flex; justify-content: center;\"><a style=\"width: 200px; max-width: 250px; font-size: 15px; font-family: sans-serif; background-color: #298fca; color: #ffffff; line-height: 1.3; border: #298fca 1px solid; display: block; padding: 10px 45px; font-weight: 600; margin-top: 40px; text-align: center;\" href=\"https:\/\/fmyv.es\/wp-content\/uploads\/2026\/07\/Manifiesto-22-julio.pdf\" target=\"_blank\" rel=\"noopener\">DESCARGAR MANIFIESTO<br \/><\/a><\/div>\n<\/div>\n<\/div>\n<div style=\"font-family: sans-serif; font-weight: 600; text-align: center; font-size: 2rem; color: #000000; width: 100%; margin-top: 20px;\">FUNDACI\u00d3N M\u00c1RGENES Y V\u00cdNCULOS<\/div>\n<\/div>\n<p>[\/et_pb_slide][et_pb_slide admin_title=\u00bbManifiesto 18 Junio 2026&#8243; _builder_version=\u00bb4.27.4&#8243; _module_preset=\u00bbdefault\u00bb background_color=\u00bb#F5EFDF\u00bb background_enable_color=\u00bbon\u00bb display_conditions=\u00bbW3siaWQiOiI0ZTc3YzAxYy1mODMwLTQzMTAtOTI1Yi0wY2E2M2IwNDY3MGQiLCJjb25kaXRpb24iOiJkYXRlVGltZSIsImNvbmRpdGlvblNldHRpbmdzIjp7ImRpc3BsYXlSdWxlIjoiaXNBZnRlciIsImRhdGUiOiIyMDI2LTYtMTciLCJ0aW1lIjoiMjM6NTkiLCJ3ZWVrZGF5cyI6InwiLCJhbGxEYXkiOiJvbiIsImZyb21UaW1lIjoiMDA6MDAiLCJ1bnRpbFRpbWUiOiIwMDowMCIsInJlcGVhdCI6Im9mZiIsInJlcGVhdEZyZXF1ZW5jeSI6Im1vbnRobHkiLCJyZXBlYXRGcmVxdWVuY3lTcGVjaWZpY0RheXMiOiJ3ZWVrbHkiLCJyZXBlYXRFbmQiOiJuZXZlciIsInJlcGVhdFVudGlsRGF0ZSI6IjIwMjYtNi0xNyIsInJlcGVhdFRpbWVzIjoiMyIsImFkbWluTGFiZWwiOiJGZWNoYSB5IGhvcmEiLCJlbmFibGVDb25kaXRpb24iOiJvbiJ9LCJvcGVyYXRvciI6Ik9SIn1d\u00bb custom_padding=\u00bb70px||||false|false\u00bb global_colors_info=\u00bb{}\u00bb sticky_transition=\u00bbon\u00bb]<\/p>\n<div style=\"display: flex; justify-content: center; align-items: center; flex-direction: column;\">\n<div style=\"display: flex;\">\n<div style=\"width: 500px;\"><img data-recalc-dims=\"1\" decoding=\"async\" style=\"width: 100%; padding: 30px;\" src=\"https:\/\/i0.wp.com\/fmyv.es\/wp-content\/uploads\/2026\/06\/manos.webp?w=1080&#038;ssl=1\" alt=\"\" \/><\/div>\n<div style=\"padding: 10px 10px; flex: 2; width: 80%; margin-top: 100px;\">\n<div style=\"border-left: 5px solid #d87c39; padding: 0 10px;\">\n<p style=\"font-weight: 600; font-family: sans-serif; color: black; text-align: left; line-height: 1.3; padding-bottom: 4px; margin-bottom: 0; padding-top: 0;\"><span style=\"font-weight: 100; font-family: sans-serif; margin-bottom: 0; padding-bottom: 0; margin-top: 0; font-size: 2rem;\">MANIFIESTO<\/span> <span style=\"background: #e08a10; color: #ffffff; font-weight: 800; padding: 3px 10px; font-size: 2rem;\">18 DE JUNIO<\/span><\/p>\n<p style=\"color: black; font-size: 2rem; line-height: 1.3; font-family: sans-serif; font-weight: 600; margin: 0; padding: 0; width: 500px; padding-bottom: 0; text-align: left;\">DIA INTERNACIONAL PARA CONTRARRESTAR EL DISCURSO DEL ODIO<\/p>\n<\/div>\n<div style=\"width: 100%; display: flex; justify-content: center;\"><a style=\"width: 200px; max-width: 250px; font-size: 15px; font-family: sans-serif; background-color: #298fca; color: #ffffff; line-height: 1.3; border: #298fca 1px solid; display: block; padding: 10px 45px; font-weight: 600; margin-top: 40px; text-align: center;\" href=\"https:\/\/fmyv.es\/wp-content\/uploads\/2026\/06\/MANIFIESTO-18-JUNIO_web.pdf\" target=\"_blank\" rel=\"noopener\">DESCARGAR MANIFIESTO<br \/><\/a><\/div>\n<\/div>\n<\/div>\n<div style=\"font-family: sans-serif; font-weight: 600; text-align: center; font-size: 2rem; color: #000000; width: 100%; margin-top: 20px;\">FUNDACI\u00d3N M\u00c1RGENES Y V\u00cdNCULOS<\/div>\n<\/div>\n<p>[\/et_pb_slide][et_pb_slide image=\u00bbhttps:\/\/migrantesenigualdad.es\/wp-content\/uploads\/2026\/03\/imagen2.webp\u00bb admin_title=\u00bbManifiesto 21 Mar 2026&#8243; _builder_version=\u00bb4.27.4&#8243; _module_preset=\u00bbdefault\u00bb background_enable_color=\u00bboff\u00bb background_image=\u00bbhttps:\/\/migrantesenigualdad.es\/wp-content\/uploads\/2026\/03\/Captura-de-Pantalla-2026-03-18-a-las-14.09.29-scaled.webp\u00bb background_enable_image=\u00bbon\u00bb parallax=\u00bbon\u00bb display_conditions=\u00bbW3siaWQiOiI5NzBmNjk3ZC1lODlkLTQ4OGUtODc5NS01M2MzYTVhMDkzZjIiLCJjb25kaXRpb24iOiJkYXRlVGltZSIsImNvbmRpdGlvblNldHRpbmdzIjp7ImRpc3BsYXlSdWxlIjoiaXNBZnRlciIsImRhdGUiOiIyMDI2LTAzLTIwIiwidGltZSI6IjIzOjU5Iiwid2Vla2RheXMiOiJ8IiwiYWxsRGF5Ijoib24iLCJmcm9tVGltZSI6IjAwOjAwIiwidW50aWxUaW1lIjoiMDA6MDAiLCJyZXBlYXQiOiJvZmYiLCJyZXBlYXRGcmVxdWVuY3kiOiJtb250aGx5IiwicmVwZWF0RnJlcXVlbmN5U3BlY2lmaWNEYXlzIjoid2Vla2x5IiwicmVwZWF0RW5kIjoibmV2ZXIiLCJyZXBlYXRVbnRpbERhdGUiOiIyMDI2LTMtMTkiLCJyZXBlYXRUaW1lcyI6IjMiLCJhZG1pbkxhYmVsIjoiRmVjaGEgeSBob3JhIiwiZW5hYmxlQ29uZGl0aW9uIjoib24ifSwib3BlcmF0b3IiOiJPUiJ9XQ==\u00bb custom_padding=\u00bb70px||||false|false\u00bb global_colors_info=\u00bb{}\u00bb sticky_transition=\u00bbon\u00bb]<\/p>\n<div style=\"width: 80%; margin-top: 8rem;\">\n<p style=\"text-align: left; margin-bottom: 1rem;\"><span style=\"color: #000000; font-weight: bold; font-size: 2rem; text-shadow: none;\">Fundaci\u00f3n M\u00e1rgenes y V\u00ednculos<\/span><\/p>\n<table style=\"height: 15px; width: 100%; border-left: 5px solid #d46e20; border-top: none; border-bottom: none; border-right: none;\">\n<tbody>\n<tr style=\"height: 10px; border-top: none; border-bottom: none;\">\n<td style=\"width: 10%; height: 5px; padding: 5px; border: none;\"><span style=\"color: #000000; font-size: 1.5rem; text-shadow: none; font-weight: 600;\">MANIFIESTO<\/span><\/td>\n<td style=\"width: 50%; height: 5px; background-color: #d46e20; padding-top: 0px; border: none; padding-bottom: 0px; text-align: center;\"><span style=\"color: white; font-size: 1.5rem; font-weight: bold; text-shadow: none;\">21 de marzo<\/span><\/td>\n<td style=\"width: 60%; padding-top: 0px; padding-bottom: 0px; border: none;\"><\/td>\n<\/tr>\n<tr style=\"height: 10px; border-top: none; border-bottom: none;\">\n<td style=\"height: 15px; padding: 5px; width: 26%; border: none;\" colspan=\"3\"><span style=\"color: #d46e20; font-size: 1.2rem; font-weight: 600; line-height: 1.3;\">MANIFIESTO POR EL D\u00cdA INTERNACIONAL DE LA ELIMINACI\u00d3N DE LA DISCRIMINACI\u00d3N RACIAL<\/span><\/td>\n<\/tr>\n<\/tbody>\n<\/table>\n<div style=\"width: 40%; text-align: center; margin: 1.5rem auto; background-color: #298fca; padding-top: 10px; border: none; padding-bottom: 10px;\"><a href=\"https:\/\/fmyv.es\/wp-content\/uploads\/2026\/03\/Manifiesto-21-marzo.pdf\" target=\"_blank\" rel=\"noopener\"><span style=\"color: white; font-size: 1.1rem; font-weight: bold; text-shadow: none;\">DESCARGAR MANIFIESTO<\/span><\/a><\/div>\n<p>&nbsp;<\/p>\n<p>&nbsp;<\/p>\n<\/div>\n<p>[\/et_pb_slide][et_pb_slide _builder_version=\u00bb4.27.4&#8243; _module_preset=\u00bbdefault\u00bb background_enable_color=\u00bboff\u00bb background_image=\u00bbhttps:\/\/migrantesenigualdad.es\/wp-content\/uploads\/2025\/10\/fondo-2.jpg\u00bb background_enable_image=\u00bbon\u00bb display_conditions=\u00bbW3siaWQiOiJmZTZjYzgzOS0wY2RlLTQ1M2MtYjFiMC00NjZhMTg0YThmYjEiLCJjb25kaXRpb24iOiJ1c2VyUm9sZSIsImNvbmRpdGlvblNldHRpbmdzIjp7ImRpc3BsYXlSdWxlIjoiaXMiLCJ1c2VyUm9sZXMiOlt7ImxhYmVsIjoiQWRtaW5pc3RyYXRvciIsInZhbHVlIjoiYWRtaW5pc3RyYXRvciJ9XSwidXNlcklkcyI6IlVzZXIgSURzIHNlcGFyYXRlZCBieSBjb21tYXMiLCJhZG1pbkxhYmVsIjoiUm9sIGRlbCB1c3VhcmlvIiwiZW5hYmxlQ29uZGl0aW9uIjoib24ifSwib3BlcmF0b3IiOiJPUiJ9XQ==\u00bb custom_padding=\u00bb0px||0px||false|false\u00bb global_colors_info=\u00bb{}\u00bb sticky_transition=\u00bbon\u00bb]<\/p>\n<div style=\"width: 100%; max-width: 1200px; margin: 0 auto;\">\n<div style=\"display: flex; width: 100%; align-items: center;\">\n<div style=\"width: 50%; padding: 10px; box-sizing: border-box;\"><img data-recalc-dims=\"1\" decoding=\"async\" style=\"width: 100%; height: auto;\" src=\"https:\/\/i0.wp.com\/migrantesenigualdad.es\/wp-content\/uploads\/2025\/10\/chicos.png?w=1080&#038;ssl=1\" alt=\"Imagen\" \/><\/div>\n<div style=\"width: 50%; padding: 10px; box-sizing: border-box;\">\n<table style=\"height: 15px; margin-top: 3rem; width: 80%; border-left: 5px solid #D29C49; border-top: none; border-bottom: none; border-right: none;\">\n<tbody>\n<tr style=\"height: 10px; border-top: none; border-bottom: none;\">\n<td style=\"width: 5%; height: 5px; padding: 5px; border: none;\"><span style=\"color: #000000; font-size: 1.7rem; text-shadow: none; font-weight: 500;\">MANIFIESTO<\/span><\/td>\n<td style=\"width: 60%; height: 5px; background-color: #d29c49; padding-top: 0px; border: none; padding-bottom: 0px; text-align: center;\"><span style=\"color: white; font-size: 1.2rem; font-weight: bold; text-shadow: none;\">12 DE OCTUBRE<\/span><\/td>\n<td style=\"width: 60%; padding-top: 0px; padding-bottom: 0px; border: none;\"><span style=\"color: white; font-size: 1.5rem; font-weight: bold; text-shadow: none;\">\u00a0<\/span><\/td>\n<\/tr>\n<tr style=\"height: 10px; border-top: none; border-bottom: none;\">\n<td style=\"height: 15px; padding: 5px; width: 26%; border: none;\" colspan=\"3\"><span style=\"color: #000; font-size: 2.5rem; line-height: 1.2; font-weight: 600; text-shadow: none;\">D\u00cdA DEL RESPETO A LA DIVERSIDAD CULTURAL<\/span><\/td>\n<\/tr>\n<\/tbody>\n<\/table>\n<div style=\"text-align: center; width: 70%;\"><a class=\"et_pb_button et_pb_more_button\" style=\"background-color: #d29c49; border: none; color: white !important; text-shadow: none; box-shadow: none !important; padding: .5rem 5rem !important; font-weight: bold;\" href=\"https:\/\/fmyv.es\/wp-content\/uploads\/2025\/09\/manifiesto-12-oct.pdf\" target=\"_blank\" rel=\"noopener\">Descargar<br \/>manifesto<\/a><\/div>\n<\/div>\n<\/div>\n<h2 style=\"text-align: center; font-size: 2.5rem; margin-top: 10px;\"><span style=\"color: #000000;\">Fundaci\u00f3n M\u00e1rgenes y V\u00ednculos<\/span><\/h2>\n<\/div>\n<p>[\/et_pb_slide][et_pb_slide admin_title=\u00bbManifiesto 22 Julio\u00bb _builder_version=\u00bb4.27.4&#8243; _module_preset=\u00bbdefault\u00bb background_enable_color=\u00bboff\u00bb background_image=\u00bbhttps:\/\/migrantesenigualdad.es\/wp-content\/uploads\/2025\/07\/fondo-1.jpg\u00bb background_enable_image=\u00bbon\u00bb parallax=\u00bbon\u00bb display_conditions=\u00bbW3siaWQiOiIxNWMyZGM4OS1kZTc4LTRhYzUtOWZmNi04NGUyM2QyZjExZjciLCJjb25kaXRpb24iOiJ1c2VyUm9sZSIsImNvbmRpdGlvblNldHRpbmdzIjp7ImRpc3BsYXlSdWxlIjoiaXMiLCJ1c2VyUm9sZXMiOlt7ImxhYmVsIjoiQWRtaW5pc3RyYXRvciIsInZhbHVlIjoiYWRtaW5pc3RyYXRvciJ9XSwidXNlcklkcyI6IlVzZXIgSURzIHNlcGFyYXRlZCBieSBjb21tYXMiLCJhZG1pbkxhYmVsIjoiUm9sIGRlbCB1c3VhcmlvIiwiZW5hYmxlQ29uZGl0aW9uIjoib24ifSwib3BlcmF0b3IiOiJPUiJ9XQ==\u00bb custom_padding=\u00bb70px||||false|false\u00bb global_colors_info=\u00bb{}\u00bb sticky_transition=\u00bbon\u00bb]<\/p>\n<div style=\"display: flex; justify-content: center; align-items: center; flex-direction: column;\">\n<div style=\"display: flex;\">\n<div style=\"width: 500px;\"><img data-recalc-dims=\"1\" decoding=\"async\" style=\"width: 100%;\" src=\"https:\/\/i0.wp.com\/migrantesenigualdad.es\/wp-content\/uploads\/2025\/07\/2-1.png?w=1080&#038;ssl=1\" alt=\"\" \/><\/div>\n<div style=\"padding: 10px 10px; flex: 2; width: 80%; margin-top: 100px;\">\n<div style=\"border-left: 5px solid #d87c39; padding: 0 10px;\">\n<p style=\"font-weight: 600; font-family: sans-serif; color: black; text-align: left; line-height: 1.3; padding-bottom: 4px; margin-bottom: 0; padding-top: 0;\"><span style=\"font-weight: 100; font-family: sans-serif; margin-bottom: 0; padding-bottom: 0; margin-top: 0; font-size: 2rem;\">MANIFIESTO<\/span> <span style=\"background: #298fca; color: #ffffff; font-weight: 800; padding: 3px 10px; font-size: 2rem;\">22 DE JULIO<\/span><\/p>\n<p style=\"color: black; font-size: 2rem; line-height: 1.3; font-family: sans-serif; font-weight: 600; margin: 0; padding: 0; width: 500px; padding-bottom: 0; text-align: left;\">DIA EUROPEO EN MEMORIA DE LAS V\u00cdCTIMAS DE LOS DELITOS DE ODIO<\/p>\n<\/div>\n<div style=\"width: 100%; display: flex; justify-content: center;\"><a style=\"width: 200px; max-width: 250px; font-size: 15px; font-family: sans-serif; background-color: #e08a10; color: #ffffff; line-height: 1.3; border: #298fca 1px solid; display: block; padding: 10px 45px; font-weight: 600; margin-top: 40px; text-align: center;\" href=\"https:\/\/fmyv.es\/wp-content\/uploads\/2025\/07\/Manifiesto-22-de-Julio.pdf\" target=\"_blank\" rel=\"noopener\">DESCARGAR MANIFIESTO<\/a><\/div>\n<\/div>\n<\/div>\n<div style=\"font-family: sans-serif; font-weight: 600; text-align: center; font-size: 2rem; color: #000000; width: 100%; margin-top: 20px;\">FUNDACI\u00d3N M\u00c1RGENES Y V\u00cdNCULOS<\/div>\n<\/div>\n<p>[\/et_pb_slide][et_pb_slide admin_title=\u00bbManifiesto 18 Junio\u00bb _builder_version=\u00bb4.27.4&#8243; _module_preset=\u00bbdefault\u00bb background_color=\u00bb#F5EFDF\u00bb background_enable_color=\u00bbon\u00bb display_conditions=\u00bbW3siaWQiOiIzNzQ3YjUwZS01Yjg2LTQ5MzAtOTA2OC0xNTNjNDEzNWQxNjAiLCJjb25kaXRpb24iOiJ1c2VyUm9sZSIsImNvbmRpdGlvblNldHRpbmdzIjp7ImRpc3BsYXlSdWxlIjoiaXMiLCJ1c2VyUm9sZXMiOlt7ImxhYmVsIjoiQWRtaW5pc3RyYXRvciIsInZhbHVlIjoiYWRtaW5pc3RyYXRvciJ9XSwidXNlcklkcyI6IlVzZXIgSURzIHNlcGFyYXRlZCBieSBjb21tYXMiLCJhZG1pbkxhYmVsIjoiUm9sIGRlbCB1c3VhcmlvIiwiZW5hYmxlQ29uZGl0aW9uIjoib24ifSwib3BlcmF0b3IiOiJPUiJ9XQ==\u00bb custom_padding=\u00bb70px||||false|false\u00bb global_colors_info=\u00bb{}\u00bb sticky_transition=\u00bbon\u00bb]<\/p>\n<div style=\"display: flex; justify-content: center; align-items: center; flex-direction: column;\">\n<div style=\"display: flex;\">\n<div style=\"width: 500px;\"><img data-recalc-dims=\"1\" decoding=\"async\" style=\"width: 100%;\" src=\"https:\/\/i0.wp.com\/migrantesenigualdad.es\/wp-content\/uploads\/2025\/06\/Manifiesto_18_junio.png?w=1080&#038;ssl=1\" alt=\"\" \/><\/div>\n<div style=\"padding: 10px 10px; flex: 2; width: 80%; margin-top: 100px;\">\n<div style=\"border-left: 5px solid #d87c39; padding: 0 10px;\">\n<p style=\"font-weight: 600; font-family: sans-serif; color: black; text-align: left; line-height: 1.3; padding-bottom: 4px; margin-bottom: 0; padding-top: 0;\"><span style=\"font-weight: 100; font-family: sans-serif; margin-bottom: 0; padding-bottom: 0; margin-top: 0; font-size: 2rem;\">MANIFIESTO<\/span> <span style=\"background: #e08a10; color: #ffffff; font-weight: 800; padding: 3px 10px; font-size: 2rem;\">18 DE JUNIO<\/span><\/p>\n<p style=\"color: black; font-size: 2rem; line-height: 1.3; font-family: sans-serif; font-weight: 600; margin: 0; padding: 0; width: 500px; padding-bottom: 0; text-align: left;\">DIA INTERNACIONAL PARA CONTRARRESTAR EL DISCURSO DEL ODIO<\/p>\n<\/div>\n<div style=\"width: 100%; display: flex; justify-content: center;\"><a style=\"width: 200px; max-width: 250px; font-size: 15px; font-family: sans-serif; background-color: #298fca; color: #ffffff; line-height: 1.3; border: #298fca 1px solid; display: block; padding: 10px 45px; font-weight: 600; margin-top: 40px; text-align: center;\" href=\"https:\/\/migrantesenigualdad.es\/wp-content\/uploads\/2025\/06\/manifiesto-18-junio.pdf\" target=\"_blank\" rel=\"noopener\">DESCARGAR MANIFIESTO<br \/><\/a><\/div>\n<\/div>\n<\/div>\n<div style=\"font-family: sans-serif; font-weight: 600; text-align: center; font-size: 2rem; color: #000000; width: 100%; margin-top: 20px;\">FUNDACI\u00d3N M\u00c1RGENES Y V\u00cdNCULOS<\/div>\n<\/div>\n<p>[\/et_pb_slide][et_pb_slide _builder_version=\u00bb4.27.4&#8243; _module_preset=\u00bbdefault\u00bb body_font=\u00bb&#8211;et_global_body_font|700|||||||\u00bb body_text_align=\u00bbright\u00bb body_font_size=\u00bb38px\u00bb body_line_height=\u00bb1.2em\u00bb background_enable_color=\u00bboff\u00bb background_image=\u00bbhttps:\/\/migrantesenigualdad.es\/wp-content\/uploads\/2025\/02\/foto_chica.png\u00bb background_enable_image=\u00bbon\u00bb background_position=\u00bbbottom_center\u00bb display_conditions=\u00bbW3siaWQiOiIyOGE3YmE1Ny1mYzMxLTQxYTYtYTVkZC04ZTc1NTM2MmIyMDEiLCJjb25kaXRpb24iOiJ1c2VyUm9sZSIsImNvbmRpdGlvblNldHRpbmdzIjp7ImRpc3BsYXlSdWxlIjoiaXMiLCJ1c2VyUm9sZXMiOlt7ImxhYmVsIjoiQWRtaW5pc3RyYXRvciIsInZhbHVlIjoiYWRtaW5pc3RyYXRvciJ9XSwidXNlcklkcyI6IlVzZXIgSURzIHNlcGFyYXRlZCBieSBjb21tYXMiLCJhZG1pbkxhYmVsIjoiUm9sIGRlbCB1c3VhcmlvIiwiZW5hYmxlQ29uZGl0aW9uIjoib24ifSwib3BlcmF0b3IiOiJPUiJ9XQ==\u00bb custom_padding=\u00bb0px|0px|0px|60%|false|false\u00bb custom_padding_tablet=\u00bb|0px||0%|false|false\u00bb custom_padding_phone=\u00bb0px||0px||false|false\u00bb custom_padding_last_edited=\u00bbon|tablet\u00bb background_last_edited=\u00bboff|phone\u00bb background_position_phone=\u00bbbottom_center\u00bb global_colors_info=\u00bb{}\u00bb sticky_transition=\u00bbon\u00bb]<\/p>\n<p><span><a href=\"https:\/\/migrantesenigualdad.es\/wp-content\/uploads\/2025\/03\/MANIFIESTO-21-DE-MARZO.pdf\" rel=\"attachment wp-att-7478\">MANIFIESTO 21 DE MARZO<\/a>\u00bfHas sentido rechazo? <\/span><\/p>\n<p><span>\u00bfTe han insultado por ser extranjera\/o?<\/span><\/p>\n<p><span style=\"color: #e08911; font-weight: 900;\">LL\u00c1MANOS<\/span><br \/><span style=\"color: #4b6db3; text-shadow: -1px -1px 1px #fff, 1px 1px 1px #fff, -1px 1px 1px #fff, 1px -1px 1px #fff;\">856 043 857<\/span><\/p>\n<p><a href=\"https:\/\/es-es.facebook.com\/migrantesenigualdad\" target=\"_blank\" rel=\"noopener\"><span style=\"color: #4b6db3; text-shadow: -1px -1px 1px #fff, 1px 1px 1px #fff, -1px 1px 1px #fff, 1px -1px 1px #fff;\"><img data-recalc-dims=\"1\" loading=\"lazy\" decoding=\"async\" src=\"https:\/\/i0.wp.com\/migrantesenigualdad.es\/wp-content\/uploads\/2024\/08\/info.png?resize=255%2C89&#038;ssl=1\" width=\"255\" height=\"89\" alt=\"\" class=\"wp-image-7146 alignnone size-large\" \/><\/span><\/a><img data-recalc-dims=\"1\" loading=\"lazy\" decoding=\"async\" src=\"https:\/\/i0.wp.com\/migrantesenigualdad.es\/wp-content\/uploads\/2025\/02\/logo-web.png?resize=518%2C123&#038;ssl=1\" width=\"518\" height=\"123\" alt=\"\" class=\"wp-image-7160 alignnone size-large\" style=\"color: #4b6db3;\" \/><\/p>\n<h6><span data-olk-copy-source=\"MessageBody\">Proyecto financiado por el Ministerio de Inclusi\u00f3n, Seguridad Social y Migraciones con la cofinanciaci\u00f3n del Fondo Social Europeo +. Programa Estatal de Inclusi\u00f3n social, Garant\u00eda Infantil y Lucha contra la Pobreza (CCI 2021ES05SFPR003)<\/span><\/h6>\n<p>[\/et_pb_slide][et_pb_slide _builder_version=\u00bb4.27.4&#8243; _module_preset=\u00bbdefault\u00bb body_font=\u00bb&#8211;et_global_body_font|700|||||||\u00bb body_text_align=\u00bbright\u00bb body_font_size=\u00bb38px\u00bb body_line_height=\u00bb1.2em\u00bb background_enable_color=\u00bboff\u00bb background_image=\u00bbhttps:\/\/migrantesenigualdad.es\/wp-content\/uploads\/2025\/02\/foto_chico.png\u00bb background_enable_image=\u00bbon\u00bb background_position=\u00bbbottom_center\u00bb display_conditions=\u00bbW3siaWQiOiI3MDZiY2FhYS03NDM4LTQ4OWQtYWU3MC1kOWY3NzM1MDJiNzAiLCJjb25kaXRpb24iOiJ1c2VyUm9sZSIsImNvbmRpdGlvblNldHRpbmdzIjp7ImRpc3BsYXlSdWxlIjoiaXMiLCJ1c2VyUm9sZXMiOlt7ImxhYmVsIjoiQWRtaW5pc3RyYXRvciIsInZhbHVlIjoiYWRtaW5pc3RyYXRvciJ9XSwidXNlcklkcyI6IlVzZXIgSURzIHNlcGFyYXRlZCBieSBjb21tYXMiLCJhZG1pbkxhYmVsIjoiUm9sIGRlbCB1c3VhcmlvIiwiZW5hYmxlQ29uZGl0aW9uIjoib24ifSwib3BlcmF0b3IiOiJPUiJ9XQ==\u00bb custom_padding=\u00bb0px|0px|0px|60%|false|false\u00bb custom_padding_tablet=\u00bb|0px||0%|false|false\u00bb custom_padding_phone=\u00bb0px||0px||false|false\u00bb custom_padding_last_edited=\u00bbon|tablet\u00bb background_last_edited=\u00bboff|phone\u00bb background_position_phone=\u00bbbottom_center\u00bb global_colors_info=\u00bb{}\u00bb sticky_transition=\u00bbon\u00bb]<\/p>\n<p><span>\u00bfHas sentido rechazo? <\/span><\/p>\n<p><span>\u00bfTe han insultado por ser extranjera\/o?<\/span><\/p>\n<p><span style=\"color: #e08911; font-weight: 900;\">LL\u00c1MANOS<\/span><br \/><span style=\"color: #4b6db3; text-shadow: -1px -1px 1px #fff, 1px 1px 1px #fff, -1px 1px 1px #fff, 1px -1px 1px #fff;\">856 043 857<\/span><\/p>\n<p><a href=\"https:\/\/es-es.facebook.com\/migrantesenigualdad\" target=\"_blank\" rel=\"noopener\"><span style=\"color: #4b6db3; text-shadow: -1px -1px 1px #fff, 1px 1px 1px #fff, -1px 1px 1px #fff, 1px -1px 1px #fff;\"><img data-recalc-dims=\"1\" loading=\"lazy\" decoding=\"async\" src=\"https:\/\/i0.wp.com\/migrantesenigualdad.es\/wp-content\/uploads\/2024\/08\/info.png?resize=255%2C89&#038;ssl=1\" width=\"255\" height=\"89\" alt=\"\" class=\"wp-image-7146 alignnone size-large\" \/><\/span><\/a><img data-recalc-dims=\"1\" loading=\"lazy\" decoding=\"async\" src=\"https:\/\/i0.wp.com\/migrantesenigualdad.es\/wp-content\/uploads\/2025\/02\/logo-web.png?resize=518%2C123&#038;ssl=1\" width=\"518\" height=\"123\" alt=\"\" class=\"wp-image-7160 alignnone size-large\" style=\"color: #4b6db3;\" \/><\/p>\n<h6><span data-olk-copy-source=\"MessageBody\">Proyecto financiado por el Ministerio de Inclusi\u00f3n, Seguridad Social y Migraciones con la cofinanciaci\u00f3n del Fondo Social Europeo +. Programa Estatal de Inclusi\u00f3n social, Garant\u00eda Infantil y Lucha contra la Pobreza (CCI 2021ES05SFPR003)<\/span><\/h6>\n<p>[\/et_pb_slide][et_pb_slide image=\u00bbhttps:\/\/migrantesenigualdad.es\/wp-content\/uploads\/2024\/07\/2.mujer_1.png\u00bb _builder_version=\u00bb4.27.4&#8243; _module_preset=\u00bbdefault\u00bb background_enable_color=\u00bboff\u00bb background_image=\u00bbhttps:\/\/migrantesenigualdad.es\/wp-content\/uploads\/2024\/07\/1.Fondo_1.png\u00bb background_enable_image=\u00bbon\u00bb display_conditions=\u00bbW3siaWQiOiI2MDEwNWU5ZS03ZTJlLTRjZTYtOTYxNS02OTk2ODI4YzNhMDkiLCJjb25kaXRpb24iOiJ1c2VyUm9sZSIsImNvbmRpdGlvblNldHRpbmdzIjp7ImRpc3BsYXlSdWxlIjoiaXMiLCJ1c2VyUm9sZXMiOlt7ImxhYmVsIjoiQWRtaW5pc3RyYXRvciIsInZhbHVlIjoiYWRtaW5pc3RyYXRvciJ9XSwidXNlcklkcyI6IlVzZXIgSURzIHNlcGFyYXRlZCBieSBjb21tYXMiLCJhZG1pbkxhYmVsIjoiUm9sIGRlbCB1c3VhcmlvIiwiZW5hYmxlQ29uZGl0aW9uIjoib24ifSwib3BlcmF0b3IiOiJPUiJ9XQ==\u00bb custom_padding=\u00bb0px|0px|0px|0px|false|false\u00bb global_colors_info=\u00bb{}\u00bb sticky_transition=\u00bbon\u00bb]<\/p>\n<p><img data-recalc-dims=\"1\" loading=\"lazy\" decoding=\"async\" src=\"https:\/\/i0.wp.com\/fmyv.es\/wp-content\/uploads\/2024\/07\/3.Logo_1-300x101.png?resize=300%2C101&#038;ssl=1\" width=\"300\" height=\"101\" alt=\"\" class=\"wp-image-17825 aligncenter size-medium\" \/><\/p>\n<table style=\"height: 15px; width: 100%; border-left: 5px solid #000; border-top: none; border-bottom: none; border-right: none;\">\n<tbody>\n<tr>\n<td colspan=\"3\" style=\"border: none; padding: 5px;\">\n<p style=\"text-align: left; margin-bottom: 1rem; width: 100%;\"><span style=\"color: #000000; font-weight: bold; font-size: 1.5rem; text-shadow: none;\">FUNDACI\u00d3N M\u00c1RGENES Y V\u00cdNCULOS<\/span><\/p>\n<\/td>\n<\/tr>\n<tr style=\"height: 10px; border-top: none; border-bottom: none;\">\n<td style=\"width: 5%; height: 5px; padding: 5px; border: none;\"><span style=\"color: #000000; font-size: 1.5rem; text-shadow: none; font-weight: 500;\">MANIFIESTO<\/span><\/td>\n<td style=\"width: 50%; height: 5px; background-color: #429ad2; padding-top: 0px; border: none; padding-bottom: 0px; text-align: center;\"><span style=\"color: white; font-size: 1.5rem; font-weight: bold; text-shadow: none;\">22 DE JULIO<\/span><\/td>\n<td style=\"width: 60%; padding-top: 0px; padding-bottom: 0px; border: none;\"><span style=\"color: white; font-size: 1.5rem; font-weight: bold; text-shadow: none;\">\u00a0<\/span><\/td>\n<\/tr>\n<tr style=\"height: 10px; border-top: none; border-bottom: none;\">\n<td style=\"height: 15px; padding: 5px; width: 26%; border: none;\" colspan=\"3\"><span style=\"color: #000; font-size: 2.5rem; line-height: 1; font-weight: 800; text-shadow: none;\">D\u00cdA EUROPEO DE LAS V\u00cdCTIMAS DE LOS DELITOS DE ODIO<\/span><\/td>\n<\/tr>\n<\/tbody>\n<\/table>\n<div style=\"text-align: center;\"><a class=\"et_pb_button et_pb_more_button\" href=\"https:\/\/fmyv.es\/wp-content\/uploads\/2024\/07\/manifiesto-3.pdf\" target=\"_blank\" rel=\"noopener\" style=\"background-color: #d46e20; border: none; color: white !important; text-shadow: none; box-shadow: none !important; padding: .5rem 5rem !important; font-weight: 600;\">DESCARGAR<br \/>MANIFESTO<\/a><\/div>\n<p>[\/et_pb_slide][et_pb_slide _builder_version=\u00bb4.27.4&#8243; _module_preset=\u00bbdefault\u00bb background_color=\u00bb#528ac5&#8243; background_enable_color=\u00bbon\u00bb background_image=\u00bbhttps:\/\/migrantesenigualdad.es\/wp-content\/uploads\/2025\/02\/1.Banner-scaled.jpg\u00bb background_enable_image=\u00bbon\u00bb background_size=\u00bbcontain\u00bb display_conditions=\u00bbW3siaWQiOiI3NWY0MDNiZS02OGZjLTRlYTEtOTdmMS02NjRmOTk0MzVjNmIiLCJjb25kaXRpb24iOiJ1c2VyUm9sZSIsImNvbmRpdGlvblNldHRpbmdzIjp7ImRpc3BsYXlSdWxlIjoiaXMiLCJ1c2VyUm9sZXMiOlt7ImxhYmVsIjoiQWRtaW5pc3RyYXRvciIsInZhbHVlIjoiYWRtaW5pc3RyYXRvciJ9XSwidXNlcklkcyI6IlVzZXIgSURzIHNlcGFyYXRlZCBieSBjb21tYXMiLCJhZG1pbkxhYmVsIjoiUm9sIGRlbCB1c3VhcmlvIiwiZW5hYmxlQ29uZGl0aW9uIjoib24ifSwib3BlcmF0b3IiOiJPUiJ9XQ==\u00bb global_colors_info=\u00bb{}\u00bb sticky_transition=\u00bbon\u00bb][\/et_pb_slide][\/et_pb_fullwidth_slider][\/et_pb_section][et_pb_section fb_built=\u00bb1&#8243; _builder_version=\u00bb4.25.1&#8243; _module_preset=\u00bbdefault\u00bb custom_padding=\u00bb0px|1rem|0px|1rem|true|true\u00bb global_colors_info=\u00bb{}\u00bb][et_pb_row _builder_version=\u00bb4.25.1&#8243; _module_preset=\u00bbdefault\u00bb width=\u00bb100%\u00bb module_alignment=\u00bbcenter\u00bb custom_margin=\u00bb|0px|2rem|0px|false|true\u00bb custom_padding=\u00bb0px|0px|0px|0px|true|true\u00bb global_colors_info=\u00bb{}\u00bb][et_pb_column type=\u00bb4_4&#8243; _builder_version=\u00bb4.25.1&#8243; _module_preset=\u00bbdefault\u00bb global_colors_info=\u00bb{}\u00bb][et_pb_cta title=\u00bb\u00bfHas sido v\u00edctima de delitos de odio?\u00bb button_url=\u00bb#\u00bb module_class=\u00bbbotoncillo\u00bb _builder_version=\u00bb4.25.1&#8243; _module_preset=\u00bbdefault\u00bb header_font=\u00bb|700|||||||\u00bb header_text_color=\u00bb#000000&#8243; header_font_size=\u00bb45px\u00bb body_font_size=\u00bb16px\u00bb background_enable_color=\u00bboff\u00bb background_enable_image=\u00bboff\u00bb custom_button=\u00bbon\u00bb button_text_size=\u00bb20px\u00bb button_text_color=\u00bb#565656&#8243; button_use_icon=\u00bboff\u00bb background_layout=\u00bblight\u00bb custom_margin=\u00bb||0px||false|false\u00bb custom_padding=\u00bb||0px||false|false\u00bb animation_style=\u00bbzoom\u00bb global_colors_info=\u00bb{}\u00bb][\/et_pb_cta][et_pb_image src=\u00bbhttps:\/\/migrantesenigualdad.es\/wp-content\/uploads\/2024\/04\/stop-racismo-1-e1712659722524.png\u00bb align=\u00bbcenter\u00bb _builder_version=\u00bb4.25.1&#8243; _module_preset=\u00bbdefault\u00bb width=\u00bb50%\u00bb border_radii=\u00bbon|10px|10px|10px|10px\u00bb border_width_all=\u00bb2px\u00bb border_color_all=\u00bb#000000&#8243; global_colors_info=\u00bb{}\u00bb][\/et_pb_image][et_pb_button button_url=\u00bbhttps:\/\/migrantesenigualdad.es\/index.php\/formulario-asistencia-juridica\/\u00bb url_new_window=\u00bbon\u00bb button_text=\u00bbRecibe asitencia jur\u00eddica\u00bb button_alignment=\u00bbcenter\u00bb _builder_version=\u00bb4.25.1&#8243; _module_preset=\u00bbdefault\u00bb custom_button=\u00bbon\u00bb button_text_color=\u00bb#000000&#8243; button_bg_color=\u00bb#e08a13&#8243; button_border_radius=\u00bb10px\u00bb button_icon=\u00bb&#xf4c4;||fa||900&#8243; custom_padding=\u00bb|5%||5%|false|true\u00bb global_colors_info=\u00bb{}\u00bb][\/et_pb_button][\/et_pb_column][\/et_pb_row][\/et_pb_section][et_pb_section fb_built=\u00bb1&#8243; _builder_version=\u00bb4.25.1&#8243; _module_preset=\u00bbdefault\u00bb background_color=\u00bb#528ac5&#8243; custom_margin=\u00bb0px||0px||true|false\u00bb custom_padding=\u00bb0px||0px||true|false\u00bb global_colors_info=\u00bb{}\u00bb][et_pb_row _builder_version=\u00bb4.23.1&#8243; _module_preset=\u00bbdefault\u00bb global_colors_info=\u00bb{}\u00bb][et_pb_column type=\u00bb4_4&#8243; _builder_version=\u00bb4.23.1&#8243; _module_preset=\u00bbdefault\u00bb global_colors_info=\u00bb{}\u00bb][et_pb_text content_tablet=\u00bb<\/p>\n<h2 style=%22text-align: center; font-size: 4rem;%22><span style=%22color: #ffffff;%22><strong>Podcast en directo<\/strong><strong><\/strong><\/span><\/h2>\n<hr width=%2250%%22 size=%223px%22 color=%22white%22 \/>\n<h2 style=%22text-align: center;%22><\/h2>\n<h2 style=%22text-align: center; font-size: 2.4rem;%22><span style=%22color: #ffffff;%22>\u00a1No vengo a hablar de racismo!<\/span><\/h2>\n<\/p>\n<p>\u00bb content_phone=\u00bb<\/p>\n<h2 style=%22text-align: center; font-size: 3rem;%22><span style=%22color: #ffffff;%22><strong>Podcast en directo<\/strong><strong><\/strong><\/span><\/h2>\n<hr width=%2250%%22 size=%223px%22 color=%22white%22 \/>\n<h2 style=%22text-align: center;%22><\/h2>\n<h2 style=%22text-align: center; font-size: 2rem;%22><span style=%22color: #ffffff;%22>\u00a1No vengo a hablar de racismo!<\/span><\/h2>\n<p> \u00bb content_last_edited=\u00bbon|phone\u00bb admin_label=\u00bbT\u00edtulo\u00bb _builder_version=\u00bb4.25.1&#8243; _module_preset=\u00bbdefault\u00bb text_font_size=\u00bb29px\u00bb header_2_font=\u00bb|600|||||||\u00bb header_2_text_align=\u00bbjustify\u00bb header_2_text_color=\u00bb#565656&#8243; header_2_font_size=\u00bb45px\u00bb text_orientation=\u00bbcenter\u00bb global_colors_info=\u00bb{}\u00bb]<\/p>\n<h2 style=\"text-align: center; font-size: 4rem;\"><span style=\"color: #ffffff;\"><strong>Podcast en <span style=\"color: #E08A13;\">directo<\/span><\/strong><strong><\/strong><\/span><\/h2>\n<hr width=\"50%\" size=\"3px\" color=\"white\" \/>\n<h2 style=\"text-align: center;\"><\/h2>\n<h2 style=\"text-align: center; font-size: 2.4rem;\"><span style=\"color: #ffffff;\">\u00a1No vengo a hablar de racismo!<\/span><\/h2>\n<p>&nbsp;[\/et_pb_text][et_pb_video src=\u00bbhttps:\/\/youtu.be\/gsaUlUg2hE4&#8243; image_src=\u00bbhttps:\/\/migrantesenigualdad.es\/wp-content\/uploads\/2024\/05\/logo-postcad-scaled.jpg\u00bb _builder_version=\u00bb4.25.1&#8243; _module_preset=\u00bbdefault\u00bb global_colors_info=\u00bb{}\u00bb][\/et_pb_video][\/et_pb_column][\/et_pb_row][\/et_pb_section][et_pb_section fb_built=\u00bb1&#8243; admin_label=\u00bbService Section\u00bb _builder_version=\u00bb4.25.1&#8243; background_color=\u00bb#528ac5&#8243; min_height=\u00bb100px\u00bb custom_margin=\u00bb0px||||false|false\u00bb custom_padding=\u00bb0px|1rem||1rem|false|true\u00bb global_colors_info=\u00bb{}\u00bb][et_pb_row module_id=\u00bbQuienesSomos\u00bb _builder_version=\u00bb4.25.1&#8243; _module_preset=\u00bbdefault\u00bb width=\u00bb100%\u00bb module_alignment=\u00bbcenter\u00bb custom_margin=\u00bb0px|0px|0px|0px|true|true\u00bb custom_padding=\u00bb0px|0px|0px|0px|true|true\u00bb global_colors_info=\u00bb{}\u00bb][et_pb_column type=\u00bb4_4&#8243; _builder_version=\u00bb4.25.1&#8243; _module_preset=\u00bbdefault\u00bb custom_padding=\u00bb0px|0px|0px|0px|true|true\u00bb global_colors_info=\u00bb{}\u00bb][et_pb_text _builder_version=\u00bb4.27.4&#8243; _module_preset=\u00bbdefault\u00bb custom_margin=\u00bb1rem|0px|1rem|0px|true|true\u00bb custom_padding=\u00bb1rem|1rem|1rem|1rem|true|true\u00bb border_radii=\u00bbon|10px|10px|10px|10px\u00bb border_width_all=\u00bb2px\u00bb border_color_all=\u00bb#ffffff\u00bb global_colors_info=\u00bb{}\u00bb]<\/p>\n<h2 style=\"text-align: center; font-size: 3rem;\"><strong><span style=\"color: #ffffff;\">Migrantes en igualdad<\/span><\/strong><\/h2>\n<p style=\"text-align: justify;\"><span style=\"font-size: large; color: #ffffff;\">Migrantes en igualdad es un proyecto de lucha contra la xenofobia, el racismo y otras formas de intolerancia asociadas que la Fundaci\u00f3n M\u00e1rgenes y V\u00ednculos lleva a cabo en la comarca del Campo de Gibraltar (C\u00e1diz) y en la Ciudad Aut\u00f3noma de Ceuta. Pretendemos impulsar la participaci\u00f3n de la sociedad civil para combatir los delitos y discursos de odio. Contamos con la financiaci\u00f3n del Ministerio de Inclusi\u00f3n, Seguridad Social y Migraciones con la cofinanciaci\u00f3n del Fondo Social Europeo + . Programa Estatal de Inclusi\u00f3n social, Garant\u00eda Infantil y Lucha Contra la Pobreza.<\/span><\/p>\n<p>[\/et_pb_text][\/et_pb_column][\/et_pb_row][et_pb_row column_structure=\u00bb1_3,1_3,1_3&#8243; make_equal=\u00bbon\u00bb admin_label=\u00bbServices\u00bb _builder_version=\u00bb4.25.1&#8243; background_size=\u00bbinitial\u00bb background_position=\u00bbtop_left\u00bb background_repeat=\u00bbrepeat\u00bb width=\u00bb100%\u00bb min_height=\u00bb558.5px\u00bb custom_margin=\u00bb||||false|false\u00bb custom_padding=\u00bb0px|0px|0px|0px|true|true\u00bb use_custom_width=\u00bbon\u00bb width_unit=\u00bboff\u00bb global_colors_info=\u00bb{}\u00bb custom_padding__hover_enabled=\u00bboff|desktop\u00bb max_width__hover_enabled=\u00bboff|desktop\u00bb][et_pb_column type=\u00bb1_3&#8243; _builder_version=\u00bb4.25.1&#8243; custom_padding=\u00bb0px|0px|0px|0px|true|true\u00bb global_colors_info=\u00bb{}\u00bb custom_padding__hover=\u00bb|||\u00bb][et_pb_blurb title=\u00bbCu\u00e1l es nuestro objetivo\u00bb use_icon=\u00bbon\u00bb font_icon=\u00bb&#x6b;||divi||400&#8243; icon_color=\u00bb#528ac5&#8243; image_icon_width=\u00bb60px\u00bb _builder_version=\u00bb4.25.1&#8243; header_level=\u00bbh5&#8243; header_font=\u00bb|700|||||||\u00bb header_text_color=\u00bb#e08a13&#8243; header_font_size=\u00bb25px\u00bb header_line_height=\u00bb1.4em\u00bb body_font=\u00bbMontserrat||||\u00bb body_text_color=\u00bb#747d88&#8243; body_font_size=\u00bb16px\u00bb body_line_height=\u00bb1.8em\u00bb background_color=\u00bb#ffffff\u00bb background_size=\u00bbinitial\u00bb background_position=\u00bbtop_left\u00bb background_repeat=\u00bbrepeat\u00bb text_orientation=\u00bbcenter\u00bb height=\u00bb100%\u00bb custom_margin_phone=\u00bb||||false|false\u00bb custom_margin_last_edited=\u00bboff|phone\u00bb custom_padding=\u00bb1rem|1rem|1rem|1rem|true|true\u00bb animation_style=\u00bbzoom\u00bb border_radii=\u00bbon|10px|10px|10px|10px\u00bb border_width_all=\u00bb0px\u00bb border_color_all=\u00bb#dddddd\u00bb border_style_all=\u00bbsolid\u00bb use_border_color=\u00bbon\u00bb border_color=\u00bb#dddddd\u00bb icon_font_size=\u00bb60px\u00bb inline_fonts=\u00bbAleo\u00bb global_colors_info=\u00bb{}\u00bb]<\/p>\n<p style=\"text-align: justify;\"><span style=\"color: #000000;\">Detectar posibles situaciones asociadas a los delitos o incidentes de odio.<\/span><\/p>\n<p style=\"text-align: justify;\"><span style=\"color: #000000;\">Orientar, asesorar y acompa\u00f1ar a las v\u00edctimas en el \u00e1mbito social, psicol\u00f3gico y jur\u00eddico.<\/span><\/p>\n<p style=\"text-align: justify;\"><span style=\"color: #000000;\">Promover espacios de divulgaci\u00f3n para mejorar nuestra repercusi\u00f3n en la sociedad y facilitamos la prevenci\u00f3n y protecci\u00f3n de las personas que sufren este tipo de delitos de odio.<\/span><\/p>\n<p>[\/et_pb_blurb][\/et_pb_column][et_pb_column type=\u00bb1_3&#8243; _builder_version=\u00bb4.16&#8243; custom_padding=\u00bb|||\u00bb global_colors_info=\u00bb{}\u00bb custom_padding__hover=\u00bb|||\u00bb][et_pb_blurb title=\u00bbD\u00f3nde intervenimos\u00bb use_icon=\u00bbon\u00bb font_icon=\u00bb&#xe0ef;||divi||400&#8243; icon_color=\u00bb#528ac5&#8243; image_icon_width=\u00bb60px\u00bb _builder_version=\u00bb4.25.1&#8243; header_font=\u00bb|700|||||||\u00bb header_text_color=\u00bb#e08a13&#8243; header_font_size=\u00bb25px\u00bb header_line_height=\u00bb1.4em\u00bb body_font=\u00bbMontserrat||||\u00bb body_text_color=\u00bb#747d88&#8243; body_font_size=\u00bb16px\u00bb body_line_height=\u00bb1.8em\u00bb background_color=\u00bb#ffffff\u00bb background_size=\u00bbinitial\u00bb background_position=\u00bbtop_left\u00bb background_repeat=\u00bbrepeat\u00bb text_orientation=\u00bbcenter\u00bb height=\u00bb100%\u00bb custom_margin=\u00bb0px|0px|0px|0px|true|true\u00bb custom_margin_phone=\u00bb1rem|1rem|1rem|1rem|true|true\u00bb custom_margin_last_edited=\u00bboff|desktop\u00bb custom_padding=\u00bb1rem|1rem|1rem|1rem|true|true\u00bb animation_style=\u00bbzoom\u00bb animation_delay=\u00bb200ms\u00bb border_radii=\u00bbon|10px|10px|10px|10px\u00bb border_width_all=\u00bb0px\u00bb border_color_all=\u00bb#dddddd\u00bb border_style_all=\u00bbsolid\u00bb use_border_color=\u00bbon\u00bb border_color=\u00bb#dddddd\u00bb icon_font_size=\u00bb60px\u00bb inline_fonts=\u00bbAleo\u00bb global_colors_info=\u00bb{}\u00bb]<\/p>\n<p style=\"text-align: justify;\"><span style=\"color: #000000;\">Tenemos sedes en el Campo de Gibraltar y en Ceuta.<\/span><\/p>\n<p style=\"text-align: justify;\"><span style=\"color: #000000;\">La coordinaci\u00f3n y la gesti\u00f3n del proyecto se lleva a cabo en Algeciras y las actividades las desarrollamos en toda la comarca y Ceuta.<\/span><\/p>\n<p style=\"text-align: justify;\"><span style=\"color: #000000;\">Gracias a las redes sociales, donde respondemos y desmontamos discursos de odio, llegamos a cualquier otra parte.<\/span><\/p>\n<p>[\/et_pb_blurb][\/et_pb_column][et_pb_column type=\u00bb1_3&#8243; _builder_version=\u00bb4.16&#8243; custom_padding=\u00bb|||\u00bb global_colors_info=\u00bb{}\u00bb custom_padding__hover=\u00bb|||\u00bb][et_pb_blurb title=\u00bbA qui\u00e9n nos dirigimos\u00bb use_icon=\u00bbon\u00bb font_icon=\u00bb&#xe08b;||divi||400&#8243; icon_color=\u00bb#528ac5&#8243; image_icon_width=\u00bb60px\u00bb _builder_version=\u00bb4.25.1&#8243; header_font=\u00bb|700|||||||\u00bb header_text_color=\u00bb#e08a13&#8243; header_font_size=\u00bb28px\u00bb header_line_height=\u00bb1.4em\u00bb body_font=\u00bbMontserrat||||\u00bb body_text_color=\u00bb#747d88&#8243; body_font_size=\u00bb16px\u00bb body_line_height=\u00bb1.8em\u00bb background_color=\u00bb#ffffff\u00bb background_size=\u00bbinitial\u00bb background_position=\u00bbtop_left\u00bb background_repeat=\u00bbrepeat\u00bb text_orientation=\u00bbcenter\u00bb height=\u00bb100%\u00bb custom_margin=\u00bb||||true|true\u00bb custom_margin_phone=\u00bb1rem|1rem|1rem|1rem|true|true\u00bb custom_margin_last_edited=\u00bboff|desktop\u00bb custom_padding=\u00bb1rem|1rem|1rem|1rem|true|true\u00bb animation_style=\u00bbzoom\u00bb animation_delay=\u00bb100ms\u00bb border_radii=\u00bbon|10px|10px|10px|10px\u00bb border_width_all=\u00bb0px\u00bb border_color_all=\u00bb#dddddd\u00bb border_style_all=\u00bbsolid\u00bb use_border_color=\u00bbon\u00bb border_color=\u00bb#dddddd\u00bb icon_font_size=\u00bb60px\u00bb inline_fonts=\u00bbAleo\u00bb global_colors_info=\u00bb{}\u00bb]<\/p>\n<p style=\"text-align: justify;\"><span style=\"color: #000000;\">A personas migrantes que hayan sufrido o puedan sufrir incidentes intolerantes y\/o discriminatorios, o bien hayan sido v\u00edctimas de delitos de odio por motivos racistas, xen\u00f3fobos o cualquier otra forma de intolerancia asociada.<\/span><\/p>\n<p style=\"text-align: justify;\"><span style=\"color: #000000;\">A la sociedad civil en general.<br \/>Recibimos mensajes y peticiones de ayuda a trav\u00e9s de cualquier canal de comunicaci\u00f3n<\/span><\/p>\n<p>[\/et_pb_blurb][\/et_pb_column][\/et_pb_row][et_pb_row module_id=\u00bbQuehacemos\u00bb _builder_version=\u00bb4.25.1&#8243; _module_preset=\u00bbdefault\u00bb custom_margin=\u00bb3rem||||false|false\u00bb custom_padding=\u00bb1rem|1rem|1rem|1rem|true|true\u00bb border_radii=\u00bbon|10px|10px|10px|10px\u00bb border_color_all=\u00bb#ffffff\u00bb global_colors_info=\u00bb{}\u00bb][et_pb_column type=\u00bb4_4&#8243; _builder_version=\u00bb4.24.2&#8243; _module_preset=\u00bbdefault\u00bb global_colors_info=\u00bb{}\u00bb][et_pb_text _builder_version=\u00bb4.25.1&#8243; _module_preset=\u00bbdefault\u00bb text_font_size=\u00bb29px\u00bb header_2_font=\u00bb|600|||||||\u00bb header_2_text_color=\u00bb#565656&#8243; header_2_font_size=\u00bb45px\u00bb text_orientation=\u00bbcenter\u00bb global_colors_info=\u00bb{}\u00bb]<\/p>\n<h2 style=\"text-align: center; font-size: 3rem;\"><span style=\"color: #ffffff;\">\u00bfQu\u00e9 hacemos?<\/span><\/h2>\n<p>[\/et_pb_text][\/et_pb_column][\/et_pb_row][et_pb_row column_structure=\u00bb1_2,1_2&#8243; _builder_version=\u00bb4.25.1&#8243; _module_preset=\u00bbdefault\u00bb width=\u00bb100%\u00bb module_alignment=\u00bbcenter\u00bb custom_margin=\u00bb0px|0px||0px|false|true\u00bb custom_padding=\u00bb0px|0px||0px|false|true\u00bb animation_style=\u00bbzoom\u00bb global_colors_info=\u00bb{}\u00bb][et_pb_column type=\u00bb1_2&#8243; _builder_version=\u00bb4.25.1&#8243; _module_preset=\u00bbdefault\u00bb global_colors_info=\u00bb{}\u00bb][et_pb_text _builder_version=\u00bb4.27.4&#8243; _module_preset=\u00bbdefault\u00bb background_color=\u00bb#ffffff\u00bb height=\u00bb100%\u00bb custom_padding=\u00bb1rem|1rem|1rem|1rem|true|true\u00bb border_radii=\u00bbon|10px|10px|10px|10px\u00bb global_colors_info=\u00bb{}\u00bb]<\/p>\n<p style=\"text-align: justify;\"><span style=\"color: #000000;\"><span style=\"color: #e08a13;\"><strong>Acogemos <\/strong><\/span><span style=\"color: #000000;\"><span data-olk-copy-source=\"MessageBody\">y asesoramos a personas migrantes v\u00edctimas o posibles v\u00edctimas de delitos de odio. Hacemos un seguimiento de cada caso. Intentamos que todos los delitos sean denunciados<\/span>.<\/span><\/span><\/p>\n<p>[\/et_pb_text][\/et_pb_column][et_pb_column type=\u00bb1_2&#8243; _builder_version=\u00bb4.25.1&#8243; _module_preset=\u00bbdefault\u00bb global_colors_info=\u00bb{}\u00bb][et_pb_text _builder_version=\u00bb4.27.4&#8243; _module_preset=\u00bbdefault\u00bb background_color=\u00bb#ffffff\u00bb height=\u00bb100%\u00bb custom_padding=\u00bb1rem|1rem|1rem|1rem|true|true\u00bb border_radii=\u00bbon|10px|10px|10px|10px\u00bb global_colors_info=\u00bb{}\u00bb]<\/p>\n<p style=\"text-align: justify;\"><span style=\"color: #000000;\"><span style=\"color: #e08a13;\"><strong>Ofrecemos<\/strong><\/span> <span data-olk-copy-source=\"MessageBody\">apoyo, orientaci\u00f3n y asesor\u00eda psicol\u00f3gica, social y jur\u00eddica a cada v\u00edctima o sus familiares. Ofrecemos tambi\u00e9n apoyo en gestiones administrativas.<\/span><\/span><\/p>\n<p>[\/et_pb_text][\/et_pb_column][\/et_pb_row][et_pb_row column_structure=\u00bb1_2,1_2&#8243; _builder_version=\u00bb4.27.4&#8243; _module_preset=\u00bbdefault\u00bb width=\u00bb100%\u00bb module_alignment=\u00bbcenter\u00bb custom_margin=\u00bb0px|0px||0px|false|true\u00bb custom_padding=\u00bb0px|0px||0px|false|true\u00bb animation_style=\u00bbzoom\u00bb global_colors_info=\u00bb{}\u00bb][et_pb_column type=\u00bb1_2&#8243; _builder_version=\u00bb4.25.1&#8243; _module_preset=\u00bbdefault\u00bb global_colors_info=\u00bb{}\u00bb][et_pb_text _builder_version=\u00bb4.27.4&#8243; _module_preset=\u00bbdefault\u00bb background_color=\u00bb#ffffff\u00bb height=\u00bb100%\u00bb custom_padding=\u00bb1rem|1rem|1rem|1rem|true|true\u00bb border_radii=\u00bbon|10px|10px|10px|10px\u00bb global_colors_info=\u00bb{}\u00bb]<\/p>\n<p style=\"text-align: justify;\"><span style=\"color: #000000;\"><span style=\"color: #e08a13;\"><strong>Creamos<\/strong><\/span> <span data-olk-copy-source=\"MessageBody\">contenidos divulgativos contra discursos y delitos de odio.<\/span><\/span><\/p>\n<p>[\/et_pb_text][\/et_pb_column][et_pb_column type=\u00bb1_2&#8243; _builder_version=\u00bb4.25.1&#8243; _module_preset=\u00bbdefault\u00bb global_colors_info=\u00bb{}\u00bb][et_pb_text _builder_version=\u00bb4.27.4&#8243; _module_preset=\u00bbdefault\u00bb background_color=\u00bb#ffffff\u00bb height=\u00bb100%\u00bb custom_padding=\u00bb1rem|1rem|1rem|1rem|true|true\u00bb border_radii=\u00bbon|10px|10px|10px|10px\u00bb global_colors_info=\u00bb{}\u00bb]<\/p>\n<p style=\"text-align: justify;\"><span style=\"color: #000000;\"><span style=\"color: #e08a13;\"><strong>Mostramos<\/strong> <span data-olk-copy-source=\"MessageBody\" style=\"color: #000000;\"><span data-olk-copy-source=\"MessageBody\">a la sociedad c\u00f3mo detectar incidentes, delitos o discursos de odio para contrarrestarlos y prevenirlos.<\/span><\/span><\/span><\/span><\/p>\n<p>[\/et_pb_text][\/et_pb_column][\/et_pb_row][et_pb_row column_structure=\u00bb1_2,1_2&#8243; _builder_version=\u00bb4.25.1&#8243; _module_preset=\u00bbdefault\u00bb width=\u00bb100%\u00bb module_alignment=\u00bbcenter\u00bb custom_margin=\u00bb0px|0px||0px|false|true\u00bb custom_padding=\u00bb0px|0px||0px|false|true\u00bb animation_style=\u00bbzoom\u00bb global_colors_info=\u00bb{}\u00bb][et_pb_column type=\u00bb1_2&#8243; _builder_version=\u00bb4.25.1&#8243; _module_preset=\u00bbdefault\u00bb global_colors_info=\u00bb{}\u00bb][et_pb_text _builder_version=\u00bb4.27.4&#8243; _module_preset=\u00bbdefault\u00bb background_color=\u00bb#ffffff\u00bb height=\u00bb100%\u00bb custom_padding=\u00bb1rem|1rem|1rem|1rem|true|true\u00bb border_radii=\u00bbon|10px|10px|10px|10px\u00bb global_colors_info=\u00bb{}\u00bb]<\/p>\n<p style=\"text-align: justify;\"><span style=\"color: #000000;\"><span style=\"color: #e08a13;\"><strong>Ense\u00f1amos <\/strong><\/span><span data-olk-copy-source=\"MessageBody\">detectar incidentes de odio a la poblaci\u00f3n migrante susceptibles de ser v\u00edctimas de estos delitos<\/span>.<\/span><\/p>\n<p>[\/et_pb_text][\/et_pb_column][et_pb_column type=\u00bb1_2&#8243; _builder_version=\u00bb4.25.1&#8243; _module_preset=\u00bbdefault\u00bb global_colors_info=\u00bb{}\u00bb][et_pb_text _builder_version=\u00bb4.27.4&#8243; _module_preset=\u00bbdefault\u00bb background_color=\u00bb#ffffff\u00bb height=\u00bb100%\u00bb custom_padding=\u00bb1rem|1rem|1rem|1rem|true|true\u00bb border_radii=\u00bbon|10px|10px|10px|10px\u00bb global_colors_info=\u00bb{}\u00bb]<\/p>\n<p style=\"text-align: justify;\"><span style=\"color: #000000;\"><span style=\"color: #e08a13;\"><strong>Celebramos<\/strong> <span data-olk-copy-source=\"MessageBody\" style=\"color: #000000;\"><span data-olk-copy-source=\"MessageBody\">los d\u00edas nacionales e internacionales contra el racismo, la discriminaci\u00f3n y los delitos de odio.<\/span><\/span><\/span><\/span><\/p>\n<p>[\/et_pb_text][\/et_pb_column][\/et_pb_row][et_pb_row module_id=\u00bbDondeEstamos\u00bb _builder_version=\u00bb4.25.1&#8243; _module_preset=\u00bbdefault\u00bb width=\u00bb100%\u00bb module_alignment=\u00bbcenter\u00bb custom_margin=\u00bb1rem|0px|1rem|0px|true|true\u00bb custom_padding=\u00bb0px|0px|0px|0px|true|true\u00bb border_color_all=\u00bb#ffffff\u00bb global_colors_info=\u00bb{}\u00bb][et_pb_column type=\u00bb4_4&#8243; _builder_version=\u00bb4.24.2&#8243; _module_preset=\u00bbdefault\u00bb global_colors_info=\u00bb{}\u00bb][et_pb_text _builder_version=\u00bb4.25.1&#8243; _module_preset=\u00bbdefault\u00bb text_font_size=\u00bb29px\u00bb header_2_font=\u00bb|600|||||||\u00bb header_2_text_color=\u00bb#565656&#8243; header_2_font_size=\u00bb45px\u00bb text_orientation=\u00bbcenter\u00bb custom_margin=\u00bb0px||0px||true|false\u00bb custom_padding=\u00bb1rem||1rem||true|false\u00bb global_colors_info=\u00bb{}\u00bb]<\/p>\n<h2 style=\"text-align: center; font-size: 3rem;\"><span style=\"color: #ffffff;\">\u00bfD\u00f3nde estamos?<\/span><\/h2>\n<p>[\/et_pb_text][\/et_pb_column][\/et_pb_row][et_pb_row column_structure=\u00bb1_2,1_2&#8243; use_custom_gutter=\u00bbon\u00bb make_equal=\u00bbon\u00bb module_id=\u00bbDondeEstamos\u00bb _builder_version=\u00bb4.25.1&#8243; _module_preset=\u00bbdefault\u00bb width=\u00bb100%\u00bb module_alignment=\u00bbcenter\u00bb custom_margin=\u00bb1rem|0px|1rem|0px|true|true\u00bb custom_padding=\u00bb0px|0px|0px|0px|true|true\u00bb animation_style=\u00bbzoom\u00bb border_color_all=\u00bb#ffffff\u00bb global_colors_info=\u00bb{}\u00bb][et_pb_column type=\u00bb1_2&#8243; _builder_version=\u00bb4.24.2&#8243; _module_preset=\u00bbdefault\u00bb global_colors_info=\u00bb{}\u00bb][et_pb_map address=\u00bbAlgeciras, C\u00e1diz, Espa\u00f1a\u00bb zoom_level=\u00bb13&#8243; address_lat=\u00bb36.124815123933&#8243; address_lng=\u00bb-5.4512522359071&#8243; _builder_version=\u00bb4.27.4&#8243; _module_preset=\u00bbdefault\u00bb background_enable_color=\u00bboff\u00bb custom_margin=\u00bb0px||0px||true|false\u00bb custom_padding=\u00bb0px||0px||true|false\u00bb global_colors_info=\u00bb{}\u00bb][et_pb_map_pin title=\u00bbSede principal Algeciras\u00bb pin_address=\u00bbC. Ubrique, 40, 42, 11206 Algeciras, C\u00e1diz, Espa\u00f1a\u00bb pin_address_lat=\u00bb36.12021&#8243; pin_address_lng=\u00bb-5.45526&#8243; _builder_version=\u00bb4.27.4&#8243; _module_preset=\u00bbdefault\u00bb global_colors_info=\u00bb{}\u00bb]<\/p>\n<h4>C\/Ubrique, 40-42<\/h4>\n<h4>856 043 857 \/ 689 726 551<\/h4>\n<p>[\/et_pb_map_pin][et_pb_map_pin title=\u00bbC\/ Prim, 4&#8243; pin_address=\u00bbC. Prim, 4, 11201 Algeciras, C\u00e1diz, Espa\u00f1a\u00bb pin_address_lat=\u00bb36.129787&#8243; pin_address_lng=\u00bb-5.4473483&#8243; _builder_version=\u00bb4.27.4&#8243; _module_preset=\u00bbdefault\u00bb global_colors_info=\u00bb{}\u00bb]<\/p>\n<h4>956 603 154<\/h4>\n<p>[\/et_pb_map_pin][\/et_pb_map][\/et_pb_column][et_pb_column type=\u00bb1_2&#8243; _builder_version=\u00bb4.24.2&#8243; _module_preset=\u00bbdefault\u00bb global_colors_info=\u00bb{}\u00bb][et_pb_map address=\u00bbC. Sol\u00eds, 51001 Ceuta, Espa\u00f1a\u00bb zoom_level=\u00bb14&#8243; address_lat=\u00bb35.888275&#8243; address_lng=\u00bb-5.3089402&#8243; _builder_version=\u00bb4.27.4&#8243; _module_preset=\u00bbdefault\u00bb background_enable_color=\u00bboff\u00bb custom_margin=\u00bb0px||0px||true|false\u00bb custom_padding=\u00bb0px||0px||true|false\u00bb global_colors_info=\u00bb{}\u00bb][et_pb_map_pin title=\u00bbCeuta\u00bb pin_address=\u00bbPlaza Maestranza, 51001 Ceuta, Espa\u00f1a\u00bb zoom_level=\u00bb14&#8243; pin_address_lat=\u00bb35.8912103&#8243; pin_address_lng=\u00bb-5.3018971&#8243; _builder_version=\u00bb4.27.4&#8243; _module_preset=\u00bbdefault\u00bb global_colors_info=\u00bb{}\u00bb]<\/p>\n<h4><span data-olk-copy-source=\"MessageBody\">Plaza Maestranza, Edificio Joaqu\u00edn Larios, Local 1. Ceuta<\/span><\/h4>\n<h4>956 748 481<\/h4>\n<p>[\/et_pb_map_pin][\/et_pb_map][\/et_pb_column][\/et_pb_row][\/et_pb_section][et_pb_section fb_built=\u00bb1&#8243; admin_label=\u00bbNuestros descargables\u00bb module_id=\u00bbNuestrosDescargables\u00bb _builder_version=\u00bb4.17.4&#8243; _module_preset=\u00bbdefault\u00bb background_enable_color=\u00bboff\u00bb custom_margin=\u00bb||||false|false\u00bb global_colors_info=\u00bb{}\u00bb][et_pb_row _builder_version=\u00bb4.17.4&#8243; _module_preset=\u00bbdefault\u00bb max_width=\u00bb1500px\u00bb border_width_bottom=\u00bb2px\u00bb global_colors_info=\u00bb{}\u00bb][et_pb_column type=\u00bb4_4&#8243; _builder_version=\u00bb4.16&#8243; _module_preset=\u00bbdefault\u00bb global_colors_info=\u00bb{}\u00bb][et_pb_text admin_label=\u00bbT\u00edtulo\u00bb _builder_version=\u00bb4.25.1&#8243; _module_preset=\u00bbdefault\u00bb text_font_size=\u00bb29px\u00bb header_2_font=\u00bb|600|||||||\u00bb header_2_text_align=\u00bbleft\u00bb header_2_text_color=\u00bb#565656&#8243; header_2_font_size=\u00bb45px\u00bb text_orientation=\u00bbcenter\u00bb global_colors_info=\u00bb{}\u00bb]<\/p>\n<h2 style=\"text-align: center;\"><span style=\"color: #000000;\"><strong>Nuestros <span style=\"color: #e08a13;\">descargables<\/span><\/strong><\/span><\/h2>\n<p>&nbsp;[\/et_pb_text][\/et_pb_column][\/et_pb_row][et_pb_row column_structure=\u00bb1_6,1_6,1_6,1_6,1_6,1_6&#8243; _builder_version=\u00bb4.27.4&#8243; _module_preset=\u00bbdefault\u00bb max_width=\u00bb1500px\u00bb global_colors_info=\u00bb{}\u00bb][et_pb_column type=\u00bb1_6&#8243; _builder_version=\u00bb4.27.4&#8243; _module_preset=\u00bbdefault\u00bb global_colors_info=\u00bb{}\u00bb][et_pb_image src=\u00bbhttps:\/\/migrantesenigualdad.es\/wp-content\/uploads\/2026\/05\/Portada-Guia-migrantes-en-igualdad.png\u00bb title_text=\u00bb1.Triptico\u00bb url=\u00bbhttps:\/\/migrantesenigualdad.es\/wp-content\/uploads\/2026\/05\/Guia-migrantes-en-igualdad.pdf\u00bb url_new_window=\u00bbon\u00bb align=\u00bbcenter\u00bb align_tablet=\u00bbcenter\u00bb align_phone=\u00bb\u00bb align_last_edited=\u00bbon|desktop\u00bb _builder_version=\u00bb4.27.4&#8243; custom_margin=\u00bb35px||||false|false\u00bb animation_style=\u00bbslide\u00bb animation_direction=\u00bbtop\u00bb animation_delay=\u00bb100ms\u00bb animation_intensity_slide=\u00bb4%\u00bb animation_starting_opacity=\u00bb100%\u00bb border_width_all=\u00bb17px\u00bb border_color_all=\u00bb#F2B251&#8243; global_colors_info=\u00bb{}\u00bb][\/et_pb_image][\/et_pb_column][et_pb_column type=\u00bb1_6&#8243; _builder_version=\u00bb4.17.4&#8243; _module_preset=\u00bbdefault\u00bb global_colors_info=\u00bb{}\u00bb][et_pb_image src=\u00bbhttps:\/\/migrantesenigualdad.es\/wp-content\/uploads\/2024\/12\/triptico-page.png\u00bb title_text=\u00bb1.Triptico\u00bb url=\u00bbhttps:\/\/migrantesenigualdad.es\/wp-content\/uploads\/2026\/02\/Triptico-2026.pdf\u00bb url_new_window=\u00bbon\u00bb align=\u00bbcenter\u00bb align_tablet=\u00bbcenter\u00bb align_phone=\u00bb\u00bb align_last_edited=\u00bbon|desktop\u00bb _builder_version=\u00bb4.27.4&#8243; custom_margin=\u00bb35px||||false|false\u00bb animation_style=\u00bbslide\u00bb animation_direction=\u00bbtop\u00bb animation_delay=\u00bb100ms\u00bb animation_intensity_slide=\u00bb4%\u00bb animation_starting_opacity=\u00bb100%\u00bb border_width_all=\u00bb17px\u00bb border_color_all=\u00bb#F2B251&#8243; global_colors_info=\u00bb{}\u00bb][\/et_pb_image][\/et_pb_column][et_pb_column type=\u00bb1_6&#8243; _builder_version=\u00bb4.27.4&#8243; _module_preset=\u00bbdefault\u00bb global_colors_info=\u00bb{}\u00bb][et_pb_image src=\u00bbhttps:\/\/migrantesenigualdad.es\/wp-content\/uploads\/2025\/02\/Imagen-_flyer.jpg\u00bb title_text=\u00bbFlyer\u00bb url=\u00bbhttps:\/\/migrantesenigualdad.es\/wp-content\/uploads\/2026\/02\/Flyer_migrantes-2026.pdf\u00bb url_new_window=\u00bbon\u00bb align=\u00bbcenter\u00bb align_tablet=\u00bbcenter\u00bb align_phone=\u00bb\u00bb align_last_edited=\u00bbon|desktop\u00bb _builder_version=\u00bb4.27.4&#8243; custom_margin=\u00bb35px||||false|false\u00bb animation_style=\u00bbslide\u00bb animation_direction=\u00bbtop\u00bb animation_delay=\u00bb100ms\u00bb animation_intensity_slide=\u00bb4%\u00bb animation_starting_opacity=\u00bb100%\u00bb border_width_all=\u00bb17px\u00bb border_color_all=\u00bb#F2B251&#8243; global_colors_info=\u00bb{}\u00bb][\/et_pb_image][\/et_pb_column][et_pb_column type=\u00bb1_6&#8243; _builder_version=\u00bb4.17.4&#8243; _module_preset=\u00bbdefault\u00bb custom_padding=\u00bb||||false|false\u00bb global_colors_info=\u00bb{}\u00bb][et_pb_image src=\u00bbhttps:\/\/migrantesenigualdad.es\/wp-content\/uploads\/2022\/06\/Manual-practico-contra-racismo.jpg\u00bb title_text=\u00bbManual-practico-contra-racismo\u00bb url=\u00bbhttps:\/\/migrantesenigualdad.es\/wp-content\/uploads\/2022\/06\/Manual-practico-contra-racismo_baja2.pdf\u00bb url_new_window=\u00bbon\u00bb align=\u00bbcenter\u00bb align_tablet=\u00bbcenter\u00bb align_phone=\u00bb\u00bb align_last_edited=\u00bbon|desktop\u00bb _builder_version=\u00bb4.17.4&#8243; custom_margin=\u00bb32px||2px||false|false\u00bb animation_style=\u00bbslide\u00bb animation_direction=\u00bbtop\u00bb animation_intensity_slide=\u00bb4%\u00bb animation_starting_opacity=\u00bb100%\u00bb border_width_all=\u00bb17px\u00bb border_color_all=\u00bb#F2B251&#8243; locked=\u00bboff\u00bb global_colors_info=\u00bb{}\u00bb][\/et_pb_image][\/et_pb_column][et_pb_column type=\u00bb1_6&#8243; _builder_version=\u00bb4.17.4&#8243; _module_preset=\u00bbdefault\u00bb global_colors_info=\u00bb{}\u00bb][et_pb_image src=\u00bbhttps:\/\/migrantesenigualdad.es\/wp-content\/uploads\/2023\/07\/Guia.png\u00bb title_text=\u00bbGuia\u00bb url=\u00bbhttps:\/\/migrantesenigualdad.es\/wp-content\/uploads\/2023\/07\/Guia-A5-migrantes-en-igualdad_C.pdf\u00bb url_new_window=\u00bbon\u00bb align=\u00bbcenter\u00bb align_tablet=\u00bbcenter\u00bb align_phone=\u00bb\u00bb align_last_edited=\u00bbon|desktop\u00bb _builder_version=\u00bb4.21.0&#8243; custom_margin=\u00bb32px||2px||false|false\u00bb animation_style=\u00bbslide\u00bb animation_direction=\u00bbtop\u00bb animation_intensity_slide=\u00bb4%\u00bb animation_starting_opacity=\u00bb100%\u00bb border_width_all=\u00bb17px\u00bb border_color_all=\u00bb#F2B251&#8243; locked=\u00bboff\u00bb global_colors_info=\u00bb{}\u00bb][\/et_pb_image][\/et_pb_column][et_pb_column type=\u00bb1_6&#8243; _builder_version=\u00bb4.17.4&#8243; _module_preset=\u00bbdefault\u00bb global_colors_info=\u00bb{}\u00bb][et_pb_image src=\u00bbhttps:\/\/migrantesenigualdad.es\/wp-content\/uploads\/2025\/02\/Imagen-_cuento.jpg\u00bb title_text=\u00bbGuia\u00bb url=\u00bbhttps:\/\/migrantesenigualdad.es\/wp-content\/uploads\/2025\/02\/Cuento_1.pdf\u00bb url_new_window=\u00bbon\u00bb align=\u00bbcenter\u00bb align_tablet=\u00bbcenter\u00bb align_phone=\u00bb\u00bb align_last_edited=\u00bbon|desktop\u00bb _builder_version=\u00bb4.27.4&#8243; custom_margin=\u00bb32px||2px||false|false\u00bb animation_style=\u00bbslide\u00bb animation_direction=\u00bbtop\u00bb animation_intensity_slide=\u00bb4%\u00bb animation_starting_opacity=\u00bb100%\u00bb border_width_all=\u00bb17px\u00bb border_color_all=\u00bb#F2B251&#8243; locked=\u00bboff\u00bb global_colors_info=\u00bb{}\u00bb][\/et_pb_image][\/et_pb_column][\/et_pb_row][\/et_pb_section][et_pb_section fb_built=\u00bb1&#8243; module_id=\u00bbFinanciadores\u00bb _builder_version=\u00bb4.24.2&#8243; _module_preset=\u00bbdefault\u00bb global_colors_info=\u00bb{}\u00bb][et_pb_row _builder_version=\u00bb4.17.4&#8243; _module_preset=\u00bbdefault\u00bb max_width=\u00bb1500px\u00bb border_width_bottom=\u00bb2px\u00bb locked=\u00bboff\u00bb global_colors_info=\u00bb{}\u00bb][et_pb_column type=\u00bb4_4&#8243; _builder_version=\u00bb4.16&#8243; _module_preset=\u00bbdefault\u00bb global_colors_info=\u00bb{}\u00bb][et_pb_text admin_label=\u00bbT\u00edtulo\u00bb _builder_version=\u00bb4.25.1&#8243; _module_preset=\u00bbdefault\u00bb text_font_size=\u00bb29px\u00bb header_2_font=\u00bb|600|||||||\u00bb header_2_text_align=\u00bbleft\u00bb header_2_text_color=\u00bb#565656&#8243; header_2_font_size=\u00bb45px\u00bb text_orientation=\u00bbcenter\u00bb global_colors_info=\u00bb{}\u00bb]<\/p>\n<h2 style=\"text-align: center;\"><span style=\"color: #000000;\"><strong>Financiadores<\/strong><\/span><\/h2>\n<p>&nbsp;<\/p>\n<p>[\/et_pb_text][\/et_pb_column][\/et_pb_row][et_pb_row make_equal=\u00bbon\u00bb _builder_version=\u00bb4.27.4&#8243; _module_preset=\u00bbdefault\u00bb width=\u00bb60%\u00bb max_width=\u00bb2560px\u00bb global_colors_info=\u00bb{}\u00bb][et_pb_column type=\u00bb4_4&#8243; _builder_version=\u00bb4.24.2&#8243; _module_preset=\u00bbdefault\u00bb global_colors_info=\u00bb{}\u00bb][et_pb_image src=\u00bbhttps:\/\/migrantesenigualdad.es\/wp-content\/uploads\/2026\/02\/Captura-de-Pantalla-2026-02-19-a-las-13.14.12.png\u00bb title_text=\u00bbSEM DG 1&#8243; show_bottom_space=\u00bboff\u00bb align=\u00bbcenter\u00bb _builder_version=\u00bb4.27.4&#8243; _module_preset=\u00bbdefault\u00bb width=\u00bb100%\u00bb module_alignment=\u00bbcenter\u00bb max_height=\u00bb10rem\u00bb custom_margin=\u00bb0px|0px|0px|0px|true|true\u00bb custom_padding=\u00bb0rem||0rem||true|true\u00bb global_colors_info=\u00bb{}\u00bb][\/et_pb_image][\/et_pb_column][\/et_pb_row][\/et_pb_section][et_pb_section fb_built=\u00bb1&#8243; _builder_version=\u00bb4.27.4&#8243; _module_preset=\u00bbdefault\u00bb global_colors_info=\u00bb{}\u00bb][et_pb_row _builder_version=\u00bb4.27.4&#8243; _module_preset=\u00bbdefault\u00bb global_colors_info=\u00bb{}\u00bb][et_pb_column type=\u00bb4_4&#8243; _builder_version=\u00bb4.27.4&#8243; _module_preset=\u00bbdefault\u00bb global_colors_info=\u00bb{}\u00bb][et_pb_text _builder_version=\u00bb4.27.4&#8243; _module_preset=\u00bbdefault\u00bb hover_enabled=\u00bb0&#8243; global_colors_info=\u00bb{}\u00bb sticky_enabled=\u00bb0&#8243;]<\/p>\n<div data-olk-copy-source=\"MailCompose\">Est\u00e1 financiado por el Ministerio de Inclusi\u00f3n, Seguridad Social y Migraciones con la cofinanciaci\u00f3n del Fondo de Asilo, Migraci\u00f3n e Integraci\u00f3n de la Uni\u00f3n Europea<\/div>\n<p>[\/et_pb_text][\/et_pb_column][\/et_pb_row][\/et_pb_section][et_pb_section fb_built=\u00bb1&#8243; _builder_version=\u00bb4.17.4&#8243; _module_preset=\u00bbdefault\u00bb global_colors_info=\u00bb{}\u00bb][et_pb_row _builder_version=\u00bb4.17.4&#8243; _module_preset=\u00bbdefault\u00bb global_module=\u00bb4882&#8243; global_colors_info=\u00bb{}\u00bb][et_pb_column type=\u00bb4_4&#8243; _builder_version=\u00bb4.17.4&#8243; _module_preset=\u00bbdefault\u00bb global_colors_info=\u00bb{}\u00bb][et_pb_text _builder_version=\u00bb4.27.4&#8243; text_line_height=\u00bb2.4em\u00bb text_orientation=\u00bbcenter\u00bb inline_fonts=\u00bbAnnie Use Your Telescope,Fredericka the Great\u00bb global_colors_info=\u00bb{}\u00bb]<\/p>\n<h3><span style=\"font-size: xx-large;\"><strong><span style=\"font-family: 'Annie Use Your Telescope';\">Por un mundo donde seamos socialmente iguales, humanamente diferentes y totalmente libres.<\/span><\/strong><\/span><\/h3>\n<p><span style=\"font-family: 'Fredericka the Great'; font-weight: normal; font-size: x-large;\">Rosa Luxemburgo<\/span><\/p>\n<p>[\/et_pb_text][\/et_pb_column][\/et_pb_row][\/et_pb_section]<\/p>\n","protected":false},"excerpt":{"rendered":"<p>MANIFIESTO 22 DE JULIO DIA EUROPEO EN MEMORIA DE LAS V\u00cdCTIMAS DE LOS DELITOS DE ODIO DESCARGAR MANIFIESTO FUNDACI\u00d3N M\u00c1RGENES Y V\u00cdNCULOS MANIFIESTO 18 DE JUNIO DIA INTERNACIONAL PARA CONTRARRESTAR EL DISCURSO DEL ODIO DESCARGAR MANIFIESTO FUNDACI\u00d3N M\u00c1RGENES Y V\u00cdNCULOS Fundaci\u00f3n M\u00e1rgenes y V\u00ednculos MANIFIESTO 21 de marzo MANIFIESTO POR EL D\u00cdA INTERNACIONAL DE LA [&hellip;]<\/p>\n","protected":false},"author":1,"featured_media":0,"parent":0,"menu_order":0,"comment_status":"closed","ping_status":"closed","template":"","meta":{"_et_pb_use_builder":"on","_et_pb_old_content":"","_et_gb_content_width":"","footnotes":""},"categories":[],"tags":[],"class_list":["post-4691","page","type-page","status-publish","hentry"],"jetpack_sharing_enabled":true,"post_mailing_queue_ids":[],"_links":{"self":[{"href":"https:\/\/migrantesenigualdad.es\/index.php\/wp-json\/wp\/v2\/pages\/4691","targetHints":{"allow":["GET"]}}],"collection":[{"href":"https:\/\/migrantesenigualdad.es\/index.php\/wp-json\/wp\/v2\/pages"}],"about":[{"href":"https:\/\/migrantesenigualdad.es\/index.php\/wp-json\/wp\/v2\/types\/page"}],"author":[{"embeddable":true,"href":"https:\/\/migrantesenigualdad.es\/index.php\/wp-json\/wp\/v2\/users\/1"}],"replies":[{"embeddable":true,"href":"https:\/\/migrantesenigualdad.es\/index.php\/wp-json\/wp\/v2\/comments?post=4691"}],"version-history":[{"count":141,"href":"https:\/\/migrantesenigualdad.es\/index.php\/wp-json\/wp\/v2\/pages\/4691\/revisions"}],"predecessor-version":[{"id":8022,"href":"https:\/\/migrantesenigualdad.es\/index.php\/wp-json\/wp\/v2\/pages\/4691\/revisions\/8022"}],"wp:attachment":[{"href":"https:\/\/migrantesenigualdad.es\/index.php\/wp-json\/wp\/v2\/media?parent=4691"}],"wp:term":[{"taxonomy":"category","embeddable":true,"href":"https:\/\/migrantesenigualdad.es\/index.php\/wp-json\/wp\/v2\/categories?post=4691"},{"taxonomy":"post_tag","embeddable":true,"href":"https:\/\/migrantesenigualdad.es\/index.php\/wp-json\/wp\/v2\/tags?post=4691"}],"curies":[{"name":"wp","href":"https:\/\/api.w.org\/{rel}","templated":true}]}}