{"id":33,"date":"2021-02-08T11:27:22","date_gmt":"2021-02-08T11:27:22","guid":{"rendered":"https:\/\/migrantesenigualdad.es\/?page_id=33"},"modified":"2022-12-14T12:55:36","modified_gmt":"2022-12-14T12:55:36","slug":"espaciolibrederacismo","status":"publish","type":"page","link":"https:\/\/migrantesenigualdad.es\/index.php\/espaciolibrederacismo\/","title":{"rendered":"Espacios Libres de Racismo"},"content":{"rendered":"<p>[et_pb_section fb_built=\u00bb1&#8243; admin_label=\u00bbHero\u00bb _builder_version=\u00bb4.16&#8243; background_color=\u00bb#000000&#8243; use_background_color_gradient=\u00bbon\u00bb background_color_gradient_stops=\u00bbrgba(0,0,0,0.6) 0%|rgba(0,0,0,0.6) 100%\u00bb background_color_gradient_overlays_image=\u00bbon\u00bb background_color_gradient_start=\u00bbrgba(0,0,0,0.6)\u00bb background_color_gradient_end=\u00bbrgba(0,0,0,0.6)\u00bb background_enable_image=\u00bboff\u00bb height=\u00bb388px\u00bb custom_padding=\u00bb110px|0px|111px|0px|false|false\u00bb animation_style=\u00bbzoom\u00bb animation_intensity_zoom=\u00bb4%\u00bb global_colors_info=\u00bb{}\u00bb][et_pb_row column_structure=\u00bb1_2,1_2&#8243; _builder_version=\u00bb4.16&#8243; background_size=\u00bbinitial\u00bb background_position=\u00bbtop_left\u00bb background_repeat=\u00bbrepeat\u00bb custom_margin=\u00bb-17px||||false|false\u00bb custom_padding=\u00bb|||\u00bb animation_style=\u00bbslide\u00bb animation_direction=\u00bbtop\u00bb animation_intensity_slide=\u00bb3%\u00bb global_colors_info=\u00bb{}\u00bb][et_pb_column type=\u00bb1_2&#8243; _builder_version=\u00bb4.16&#8243; custom_padding=\u00bb|||\u00bb global_colors_info=\u00bb{}\u00bb custom_padding__hover=\u00bb|||\u00bb][et_pb_text _builder_version=\u00bb4.16&#8243; text_font=\u00bb||||||||\u00bb header_font=\u00bbMontserrat|700||on|||||\u00bb header_text_color=\u00bb#ffffff\u00bb header_font_size=\u00bb60px\u00bb header_line_height=\u00bb1.3em\u00bb header_2_font=\u00bb||||||||\u00bb background_size=\u00bbinitial\u00bb background_position=\u00bbtop_left\u00bb background_repeat=\u00bbrepeat\u00bb custom_margin=\u00bb-47px||||false|false\u00bb animation_style=\u00bbfold\u00bb header_font_size_last_edited=\u00bboff|desktop\u00bb locked=\u00bboff\u00bb global_colors_info=\u00bb{}\u00bb]<\/p>\n<h1>21 de marzo<\/h1>\n<p>[\/et_pb_text][et_pb_text _builder_version=\u00bb4.16&#8243; text_font=\u00bb||||||||\u00bb text_text_color=\u00bb#e02b20&#8243; text_font_size=\u00bb24px\u00bb text_line_height=\u00bb1.8em\u00bb background_size=\u00bbinitial\u00bb background_position=\u00bbtop_left\u00bb background_repeat=\u00bbrepeat\u00bb max_width=\u00bb700px\u00bb module_alignment=\u00bbleft\u00bb custom_margin=\u00bb-1px||||false|false\u00bb animation_style=\u00bbfold\u00bb animation_direction=\u00bbtop\u00bb locked=\u00bboff\u00bb global_colors_info=\u00bb{}\u00bb]<\/p>\n<h1><span style=\"font-size: xx-large; color: #ffffff;\">D\u00eda Mundial por la eliminaci\u00f3n de la discriminaci\u00f3n racial.<\/span><\/h1>\n<p><span style=\"font-size: xx-large; color: #ffffff;\"><\/span><\/p>\n<p>\u00a0 \u00a0 \u00a0 \u00a0 \u00a0 \u00a0 \u00a0#espacioslibresderacismo<span style=\"font-size: xx-large; color: #ffffff;\"><\/span><\/p>\n<p><span style=\"font-size: xx-large; color: #ffffff;\"><\/span><\/p>\n<p>[\/et_pb_text][\/et_pb_column][et_pb_column type=\u00bb1_2&#8243; _builder_version=\u00bb4.16&#8243; custom_padding=\u00bb|||\u00bb global_colors_info=\u00bb{}\u00bb custom_padding__hover=\u00bb|||\u00bb][et_pb_image src=\u00bbhttps:\/\/migrantesenigualdad.es\/wp-content\/uploads\/2022\/07\/Placa-establecimientos_page-00011-3.jpg\u00bb title_text=\u00bbPlaca establecimientos_page-0001(1)\u00bb align=\u00bbcenter\u00bb _builder_version=\u00bb4.17.4&#8243; custom_margin=\u00bb-103px||||false|false\u00bb animation_style=\u00bbfold\u00bb global_colors_info=\u00bb{}\u00bb][\/et_pb_image][\/et_pb_column][\/et_pb_row][\/et_pb_section][et_pb_section fb_built=\u00bb1&#8243; admin_label=\u00bbText and Image\u00bb _builder_version=\u00bb4.16&#8243; background_color=\u00bbrgba(214,214,214,0.61)\u00bb custom_margin=\u00bb-6px||-175px||false|false\u00bb custom_padding=\u00bb0px|0px|110px|0px||\u00bb global_colors_info=\u00bb{}\u00bb][et_pb_row column_structure=\u00bb1_3,1_3,1_3&#8243; _builder_version=\u00bb4.16&#8243; background_size=\u00bbinitial\u00bb background_position=\u00bbtop_left\u00bb background_repeat=\u00bbrepeat\u00bb custom_padding=\u00bb27px||27px|||\u00bb global_colors_info=\u00bb{}\u00bb][et_pb_column type=\u00bb1_3&#8243; _builder_version=\u00bb4.16&#8243; custom_padding=\u00bb|||\u00bb global_colors_info=\u00bb{}\u00bb custom_padding__hover=\u00bb|||\u00bb][et_pb_text _builder_version=\u00bb4.16&#8243; text_font=\u00bb||||||||\u00bb text_text_color=\u00bb#747d88&#8243; text_font_size=\u00bb20px\u00bb text_line_height=\u00bb1.8em\u00bb header_font=\u00bb||||||||\u00bb header_3_font=\u00bbMontserrat||||||||\u00bb header_3_line_height=\u00bb1.5em\u00bb background_size=\u00bbinitial\u00bb background_position=\u00bbtop_left\u00bb background_repeat=\u00bbrepeat\u00bb max_width=\u00bb700px\u00bb module_alignment=\u00bbcenter\u00bb custom_margin=\u00bb38px|||120px||\u00bb custom_padding=\u00bb|||4px||\u00bb animation_style=\u00bbslide\u00bb animation_direction=\u00bbtop\u00bb global_colors_info=\u00bb{}\u00bb]<\/p>\n<h3 style=\"text-align: center;\"><strong>\u00bfQu\u00e9 son los espacios libres de racismo?<\/strong><span style=\"font-size: 20px; color: #747d88; font-family: 'Open Sans', Arial, sans-serif;\"><\/span><\/h3>\n<p style=\"text-align: center;\">Son establecimientos de atenci\u00f3n al p\u00fablico que declaran que en su negocio se trabaja por crear espacios sin ning\u00fan tipo de discriminaci\u00f3n racial o \u00e9tnica u otras intolerancias asociadas.<\/p>\n<p>&nbsp;<\/p>\n<p><span><\/span><\/p>\n<p>[\/et_pb_text][\/et_pb_column][et_pb_column type=\u00bb1_3&#8243; _builder_version=\u00bb4.16&#8243; custom_padding=\u00bb|||\u00bb global_colors_info=\u00bb{}\u00bb custom_padding__hover=\u00bb|||\u00bb][et_pb_text content_tablet=\u00bb\u00bb content_phone=\u00bb\u00bb content_last_edited=\u00bbon|desktop\u00bb _builder_version=\u00bb4.16&#8243; text_font=\u00bb||||||||\u00bb text_text_color=\u00bb#747d88&#8243; text_font_size=\u00bb20px\u00bb text_line_height=\u00bb1.8em\u00bb header_font=\u00bb||||||||\u00bb header_3_font=\u00bbMontserrat||||||||\u00bb header_3_line_height=\u00bb1.5em\u00bb background_size=\u00bbinitial\u00bb background_position=\u00bbtop_left\u00bb background_repeat=\u00bbrepeat\u00bb max_width=\u00bb700px\u00bb module_alignment=\u00bbcenter\u00bb custom_margin=\u00bb93px|||120px|false|false\u00bb animation_style=\u00bbslide\u00bb animation_direction=\u00bbtop\u00bb global_colors_info=\u00bb{}\u00bb]<\/p>\n<h3 style=\"text-align: center;\"><strong style=\"font-size: 20px;\">\u00bfD\u00f3nde est\u00e1n?<\/strong><\/h3>\n<h3 style=\"text-align: center;\"><span style=\"font-size: 20px; color: #747d88; font-family: 'Open Sans', Arial, sans-serif;\"><\/span><\/h3>\n<p style=\"text-align: center;\">En el Campo de Gibraltar. Busca los establecimientos adheridos en el mapa o en el listado.<\/p>\n<h3 style=\"text-align: center;\">\u21d3\u21d3\u21d3<\/h3>\n<p><span><\/span><\/p>\n<p>[\/et_pb_text][\/et_pb_column][et_pb_column type=\u00bb1_3&#8243; _builder_version=\u00bb4.16&#8243; custom_padding=\u00bb|||\u00bb global_colors_info=\u00bb{}\u00bb custom_padding__hover=\u00bb|||\u00bb][et_pb_text _builder_version=\u00bb4.16&#8243; text_font=\u00bb||||||||\u00bb text_text_color=\u00bb#747d88&#8243; text_font_size=\u00bb20px\u00bb text_line_height=\u00bb1.8em\u00bb header_font=\u00bb||||||||\u00bb header_3_font=\u00bbMontserrat||||||||\u00bb header_3_line_height=\u00bb1.5em\u00bb background_size=\u00bbinitial\u00bb background_position=\u00bbtop_left\u00bb background_repeat=\u00bbrepeat\u00bb max_width=\u00bb700px\u00bb module_alignment=\u00bbcenter\u00bb custom_margin=\u00bb92px|||120px|false|false\u00bb animation_style=\u00bbslide\u00bb animation_direction=\u00bbtop\u00bb global_colors_info=\u00bb{}\u00bb]<\/p>\n<h3 style=\"text-align: center;\"><strong>Sigue la campa\u00f1a en el hashtag:\u00a0<\/strong><span style=\"font-size: 20px; color: #747d88; font-family: 'Open Sans', Arial, sans-serif;\"><\/span><\/h3>\n<p><strong><\/strong><\/p>\n<p style=\"text-align: center;\"><span style=\"color: #e02b20;\">#espaciolibrederacismo<\/span><strong><\/strong><\/p>\n<p><span><\/span><\/p>\n<p>[\/et_pb_text][\/et_pb_column][\/et_pb_row][\/et_pb_section][et_pb_section fb_built=\u00bb1&#8243; admin_label=\u00bbFullwidth Image\u00bb _builder_version=\u00bb4.16&#8243; custom_margin=\u00bb||-85px|||\u00bb custom_padding=\u00bb15px|0px|110px|0px||\u00bb global_colors_info=\u00bb{}\u00bb][et_pb_row _builder_version=\u00bb4.16&#8243; background_size=\u00bbinitial\u00bb background_position=\u00bbtop_left\u00bb background_repeat=\u00bbrepeat\u00bb global_colors_info=\u00bb{}\u00bb][et_pb_column type=\u00bb4_4&#8243; _builder_version=\u00bb4.16&#8243; custom_padding=\u00bb|||\u00bb global_colors_info=\u00bb{}\u00bb custom_padding__hover=\u00bb|||\u00bb][et_pb_map address=\u00bbCalle Duque de Almod\u00f3var, 12, 11201 Algeciras, C\u00e1diz, Espa\u00f1a\u00bb zoom_level=\u00bb10&#8243; address_lat=\u00bb36.237271967546&#8243; address_lng=\u00bb-5.5533055992188&#8243; _builder_version=\u00bb4.16&#8243; custom_margin=\u00bb-39px|||||\u00bb global_colors_info=\u00bb{}\u00bb][et_pb_map_pin title=\u00bbFundaci\u00f3n M\u00e1rgenes y V\u00ednculos. Centro con servicios de Algeciras\u00bb pin_address=\u00bbCalle Duque de Almod\u00f3var, 12, 11201 Algeciras, C\u00e1diz, Espa\u00f1a\u00bb pin_address_lat=\u00bb36.1271148&#8243; pin_address_lng=\u00bb-5.4461889&#8243; _builder_version=\u00bb4.2.2&#8243; global_colors_info=\u00bb{}\u00bb]<\/p>\n<p>C\/ Duque de Almod\u00f3var, 12<\/p>\n<p><a href=\"http:\/\/www.fmyv.org\" target=\"_blank\" rel=\"noopener noreferrer\">fmyv.org<\/a><\/p>\n<p>[\/et_pb_map_pin][et_pb_map_pin title=\u00bbBrio Tarifa\u00bb pin_address=\u00bbCalle Pintor Guillermo P\u00e9rez Villalta, 64, Local 4, 11380 Tarifa, C\u00e1diz, Espa\u00f1a\u00bb zoom_level=\u00bb20&#8243; pin_address_lat=\u00bb36.0190257&#8243; pin_address_lng=\u00bb-5.6134979&#8243; _builder_version=\u00bb4.2.2&#8243; global_colors_info=\u00bb{}\u00bb]<\/p>\n<p>C\/ Pintor Guillermo P\u00e9rez Villalta 64, local 4.<\/p>\n<p><a href=\"http:\/\/www.briotarifa.com\" target=\"_blank\" rel=\"noopener noreferrer\">www.briotarifa.com<\/a><\/p>\n<p><a href=\"https:\/\/www.facebook.com\/brio.tarifa.75\" target=\"_blank\" rel=\"noopener noreferrer\">Facebook<\/a><\/p>\n<p>[\/et_pb_map_pin][et_pb_map_pin title=\u00bbFundaci\u00f3n M\u00e1rgenes y V\u00ednculos. Direcci\u00f3n General T\u00e9cnica y Gerencia. Los Barrios\u00bb pin_address=\u00bbCalle Ancha, 25, 11370 Los Barrios, C\u00e1diz, Espa\u00f1a\u00bb pin_address_lat=\u00bb36.184965&#8243; pin_address_lng=\u00bb-5.4939012&#8243; _builder_version=\u00bb4.2.2&#8243; global_colors_info=\u00bb{}\u00bb]<\/p>\n<p>C\/ Ancha, 25<\/p>\n<p><a href=\"http:\/\/www.fmyv.org\" target=\"_blank\" rel=\"noopener noreferrer\">fmyv.org<\/a><\/p>\n<p>[\/et_pb_map_pin][et_pb_map_pin title=\u00bbAzogue. Art &#038; Vintage Market\u00bb pin_address=\u00bbCalle de los Azogues, 1, 11380 Tarifa, C\u00e1diz, Espa\u00f1a\u00bb pin_address_lat=\u00bb36.0129727&#8243; pin_address_lng=\u00bb-5.6021091&#8243; _builder_version=\u00bb4.2.2&#8243; global_colors_info=\u00bb{}\u00bb]<\/p>\n<p>C\/ Azogue, 1<\/p>\n<p><a href=\"https:\/\/www.facebook.com\/Azogue.Tarifa\/\" target=\"_blank\" rel=\"noopener noreferrer\">Facebook<\/a><\/p>\n<p><a href=\"http:\/\/www.instagram.com\/azoguetarifa\/\" target=\"_blank\" rel=\"noopener noreferrer\">Instagram<\/a><\/p>\n<p>[\/et_pb_map_pin][et_pb_map_pin title=\u00bbBiomio. Ecotienda\u00bb pin_address=\u00bbPoligono Industrial la Vega, 201, 11380 Tarifa, C\u00e1diz, Espa\u00f1a\u00bb zoom_level=\u00bb17&#8243; pin_address_lat=\u00bb36.026155181173&#8243; pin_address_lng=\u00bb-5.6112415584747&#8243; _builder_version=\u00bb4.2.2&#8243; global_colors_info=\u00bb{}\u00bb]<\/p>\n<p>Pol\u00edgono Industrial de la Vega, 201<\/p>\n<p><a href=\"https:\/\/www.instagram.com\/biomioecotienda\" target=\"_blank\" rel=\"noopener noreferrer\">Instagram<\/a><\/p>\n<p>[\/et_pb_map_pin][et_pb_map_pin title=\u00bbBar Moss\u00bb pin_address=\u00bbCalle Salvador Allende, 1a, 11202 Algeciras, C\u00e1diz, Espa\u00f1a\u00bb pin_address_lat=\u00bb36.134889263348&#8243; pin_address_lng=\u00bb-5.4512610919266&#8243; _builder_version=\u00bb4.2.2&#8243; global_colors_info=\u00bb{}\u00bb]<\/p>\n<p>Plaza Inmaculada Local 38<\/p>\n<p><a href=\"https:\/\/www.facebook.com\/barmossalgeciras\" target=\"_blank\" rel=\"noopener noreferrer\">Facebook<\/a><\/p>\n<p>[\/et_pb_map_pin][et_pb_map_pin title=\u00bbMic Moc Tarifa\u00bb pin_address=\u00bbCalle Alcalde Juan N\u00fa\u00f1ez, 3, 11380 Tarifa, C\u00e1diz, Espa\u00f1a\u00bb pin_address_lat=\u00bb36.011106539384&#8243; pin_address_lng=\u00bb-5.6050321010498&#8243; _builder_version=\u00bb4.2.2&#8243; global_colors_info=\u00bb{}\u00bb]<\/p>\n<p>C\/ Alcalde Juan N\u00fa\u00f1ez, 8<\/p>\n<p><a href=\"http:\/\/www.micmoctarifa.com\" target=\"_blank\" rel=\"noopener noreferrer\">micmoctarifa.com<\/a><\/p>\n<p><a href=\"https:\/\/www.facebook.com\/micmoctarifa\" target=\"_blank\" rel=\"noopener noreferrer\">Facebook<\/a><\/p>\n<p><a href=\"https:\/\/www.instagram.com\/micmoctarifa\/\" target=\"_blank\" rel=\"noopener noreferrer\">Instagram<\/a><\/p>\n<p>[\/et_pb_map_pin][et_pb_map_pin title=\u00bbBar de Tapas Don Benito\u00bb pin_address=\u00bbPlaza de Armas, 10, 11360 San Roque, C\u00e1diz, Espa\u00f1a\u00bb pin_address_lat=\u00bb36.2092802&#8243; pin_address_lng=\u00bb-5.3838739&#8243; _builder_version=\u00bb4.2.2&#8243; global_colors_info=\u00bb{}\u00bb]<\/p>\n<p>Plaza de Armas, 10<\/p>\n<p><a href=\"https:\/\/www.facebook.com\/bardetapasdonbenito\/\" target=\"_blank\" rel=\"noopener noreferrer\">Facebook<\/a><\/p>\n<p>[\/et_pb_map_pin][et_pb_map_pin title=\u00bbBellini Tarifa\u00bb pin_address=\u00bbCalle Navas de Tolosa, 28, 11380 Tarifa, C\u00e1diz, Espa\u00f1a\u00bb pin_address_lat=\u00bb36.016021939253&#8243; pin_address_lng=\u00bb-5.6061637895493&#8243; _builder_version=\u00bb4.2.2&#8243; global_colors_info=\u00bb{}\u00bb]<\/p>\n<p>C\/ Batalla del Salado, 30<\/p>\n<p><a href=\"https:\/\/www.bellinitarifa.com\/\" target=\"_blank\" rel=\"noopener noreferrer\">bellinitarifa.com<\/a><\/p>\n<p><a href=\"https:\/\/www.instagram.com\/bellini_tarifa\/\" target=\"_blank\" rel=\"noopener noreferrer\">Instagram<\/a><\/p>\n<p>[\/et_pb_map_pin][et_pb_map_pin title=\u00bbEstanco Pablo Manso\u00bb pin_address=\u00bbCalle Sancho IV el Bravo, 16, 11380 Tarifa, C\u00e1diz, Espa\u00f1a\u00bb zoom_level=\u00bb20&#8243; pin_address_lat=\u00bb36.012966497628&#8243; pin_address_lng=\u00bb-5.6030367674591&#8243; _builder_version=\u00bb4.2.2&#8243; global_colors_info=\u00bb{}\u00bb]<\/p>\n<p>C\/ San Francisco, 2<\/p>\n<p><a href=\"https:\/\/www.instagram.com\/chilimosa\/\" target=\"_blank\" rel=\"noopener noreferrer\"><\/a><\/p>\n<p>[\/et_pb_map_pin][et_pb_map_pin title=\u00bbLa BioBodeguita Tarifa\u00bb pin_address=\u00bbCalle Batalla del Salado, 90, 11380 Tarifa, C\u00e1diz, Espa\u00f1a\u00bb pin_address_lat=\u00bb36.018911667324&#8243; pin_address_lng=\u00bb-5.6088770239426&#8243; _builder_version=\u00bb4.2.2&#8243; global_colors_info=\u00bb{}\u00bb]<\/p>\n<p>C\/ Batalla del salado, 88<\/p>\n<p><a href=\"https:\/\/labodeguitatarifa.blogspot.com\/\" target=\"_blank\" rel=\"noopener noreferrer\">labodeguitatarifa.com<\/a><\/p>\n<p><a href=\"https:\/\/www.facebook.com\/tarifa.labodeguita\" target=\"_blank\" rel=\"noopener noreferrer\">Facebook<\/a><\/p>\n<p>[\/et_pb_map_pin][et_pb_map_pin title=\u00bbAsociaci\u00f3n Apoyo Mutuo San Roque\u00bb pin_address=\u00bbCalle Vel\u00e1zquez, 11360, C\u00e1diz, Espa\u00f1a\u00bb pin_address_lat=\u00bb36.209443&#8243; pin_address_lng=\u00bb-5.3881657&#8243; _builder_version=\u00bb4.2.2&#8243; global_colors_info=\u00bb{}\u00bb]<\/p>\n<p>C\/ Vel\u00e1zquez<\/p>\n<p><a href=\"https:\/\/www.facebook.com\/apoyomutuo.sanroque\/\" target=\"_blank\" rel=\"noopener noreferrer\">Facebook<\/a><\/p>\n<p>[\/et_pb_map_pin][et_pb_map_pin title=\u00bbDelicias \u00c1rabes Rania\u00bb pin_address=\u00bbCalle Gral. Lacy, 7, 11360 San Roque, C\u00e1diz, Espa\u00f1a\u00bb pin_address_lat=\u00bb36.2101662&#8243; pin_address_lng=\u00bb-5.3867365&#8243; _builder_version=\u00bb4.2.2&#8243; global_colors_info=\u00bb{}\u00bb]<\/p>\n<p>C\/ General Lacy, 7<\/p>\n<p><a href=\"https:\/\/www.facebook.com\/Aminaranianegrita\/\" target=\"_blank\" rel=\"noopener noreferrer\">Facebook<\/a><\/p>\n<p>[\/et_pb_map_pin][et_pb_map_pin title=\u00bbFloristeria Acanto\u00bb pin_address=\u00bbPlaza de Andaluc\u00eda, 2, 11360 San Roque, C\u00e1diz, Espa\u00f1a\u00bb pin_address_lat=\u00bb36.2101157&#8243; pin_address_lng=\u00bb-5.3872843&#8243; _builder_version=\u00bb4.2.2&#8243; global_colors_info=\u00bb{}\u00bb]<\/p>\n<p>Plaza de Andaluc\u00eda, 2<\/p>\n<p><a href=\"https:\/\/www.facebook.com\/FLORISTERIA-ACANTO-133687176651521\/\" target=\"_blank\" rel=\"noopener noreferrer\">Facebook<\/a><\/p>\n<p>[\/et_pb_map_pin][et_pb_map_pin title=\u00bbCervecer\u00eda Cruz Blanca\u00bb pin_address=\u00bbAv. del Ej\u00e9rcito, 4, 11360 San Roque, C\u00e1diz, Espa\u00f1a\u00bb zoom_level=\u00bb17&#8243; pin_address_lat=\u00bb36.2103868&#8243; pin_address_lng=\u00bb-5.3882079&#8243; _builder_version=\u00bb4.2.2&#8243; global_colors_info=\u00bb{}\u00bb]<\/p>\n<p>Avda. del Ej\u00e9rcito, 4, Alameda de Alfonso XI<\/p>\n<p><a href=\"https:\/\/www.facebook.com\/cruz.blanca.14\" target=\"_blank\" rel=\"noopener noreferrer\">Facebook<\/a><\/p>\n<p>[\/et_pb_map_pin][et_pb_map_pin title=\u00bbTienda Superfficial\u00bb pin_address=\u00bbCalle Gral. Lacy, 17, 11360 San Roque, C\u00e1diz, Espa\u00f1a\u00bb pin_address_lat=\u00bb36.210171&#8243; pin_address_lng=\u00bb-5.3862888&#8243; _builder_version=\u00bb4.2.2&#8243; global_colors_info=\u00bb{}\u00bb]<\/p>\n<p>C\/ General Lacy, 17<\/p>\n<p><a href=\"https:\/\/www.facebook.com\/tienda.superfficial.9\/\" target=\"_blank\" rel=\"noopener noreferrer\">Facebook<\/a><\/p>\n<p>[\/et_pb_map_pin][et_pb_map_pin title=\u00bbRestaurante Virgil\u00bb pin_address=\u00bbPlaza Andalucia, 25, 11351 Castellar de la Frontera, C\u00e1diz, Espa\u00f1a\u00bb zoom_level=\u00bb19&#8243; pin_address_lat=\u00bb36.285998351421&#8243; pin_address_lng=\u00bb-5.4210771754631&#8243; _builder_version=\u00bb4.2.2&#8243; global_colors_info=\u00bb{}\u00bb]<\/p>\n<p>Plaza de Andaluc\u00eda, 25<\/p>\n<p><a href=\"https:\/\/www.facebook.com\/RestauranteVirgil\/\" target=\"_blank\" rel=\"noopener noreferrer\">Facebook<\/a><\/p>\n<p>[\/et_pb_map_pin][et_pb_map_pin title=\u00bbRestaurante Bar La Piscina\u00bb pin_address=\u00bbCalle las Rosas, 2, 11350 Castellar de la Frontera, C\u00e1diz, Espa\u00f1a\u00bb pin_address_lat=\u00bb36.283578163752&#8243; pin_address_lng=\u00bb-5.4216951969589&#8243; _builder_version=\u00bb4.2.2&#8243; global_colors_info=\u00bb{}\u00bb]<\/p>\n<p>C\/ Las rosas, junto a la piscina municipal<\/p>\n<p><a href=\"https:\/\/www.facebook.com\/Bar-restaurante-La-Piscina-371027609758575\/\" target=\"_blank\" rel=\"noopener noreferrer\">Facebook<\/a><\/p>\n<p>[\/et_pb_map_pin][et_pb_map_pin title=\u00bbComestibles Gavil\u00e1n\u00bb pin_address=\u00bbCalle Hermanos Espinosa Mota, 11, 11351 Castellar de la Frontera, C\u00e1diz, Espa\u00f1a\u00bb zoom_level=\u00bb19&#8243; pin_address_lat=\u00bb36.28464784049&#8243; pin_address_lng=\u00bb-5.4190124490738&#8243; _builder_version=\u00bb4.2.2&#8243; global_colors_info=\u00bb{}\u00bb]<\/p>\n<p>C\/ Hermanos Espinosa Mota, 11<\/p>\n<p><a href=\"https:\/\/www.facebook.com\/comestiblesgavilan\" target=\"_blank\" rel=\"noopener noreferrer\">Facebook<\/a><\/p>\n<p>[\/et_pb_map_pin][et_pb_map_pin title=\u00bbMuebles de la Torre\u00bb pin_address=\u00bbAv. de las Adelfas, 16B, 11351 Castellar de la Frontera, C\u00e1diz, Espa\u00f1a\u00bb pin_address_lat=\u00bb36.286226926668&#8243; pin_address_lng=\u00bb-5.4142199925903&#8243; _builder_version=\u00bb4.2.2&#8243; global_colors_info=\u00bb{}\u00bb]<\/p>\n<p>Avda. de las adelfas, 16<\/p>\n<p><a href=\"https:\/\/www.facebook.com\/DeLaTorreHome\" target=\"_blank\" rel=\"noopener noreferrer\">Facebook<\/a><\/p>\n<p><a href=\"https:\/\/www.instagram.com\/delatorrehomemuebles\/\" target=\"_blank\" rel=\"noopener noreferrer\">Instagram<\/a><\/p>\n<p>[\/et_pb_map_pin][et_pb_map_pin title=\u00bbCalzados Olivencia\u00bb pin_address=\u00bbCalle Principe Juan Carlos, 26, 11351 Castellar de la Frontera, C\u00e1diz, Espa\u00f1a\u00bb pin_address_lat=\u00bb36.285650255546&#8243; pin_address_lng=\u00bb-5.4210940558197&#8243; _builder_version=\u00bb4.2.2&#8243; global_colors_info=\u00bb{}\u00bb]<\/p>\n<p>C\/ Romero, junto al centro de salud<\/p>\n<p><a href=\"https:\/\/www.facebook.com\/calzadosolivencia\/\" target=\"_blank\" rel=\"noopener noreferrer\">Facebook<\/a><\/p>\n<p>[\/et_pb_map_pin][et_pb_map_pin title=\u00bbMic Moc Tarifa\u00bb pin_address=\u00bbCalle Alcalde Juan N\u00fa\u00f1ez, 3, 11380 Tarifa, C\u00e1diz, Espa\u00f1a\u00bb pin_address_lat=\u00bb36.011106539384&#8243; pin_address_lng=\u00bb-5.6050321010498&#8243; _builder_version=\u00bb4.2.2&#8243; global_colors_info=\u00bb{}\u00bb]<\/p>\n<p>C\/ Alcalde Juan N\u00fa\u00f1ez, 8<\/p>\n<p><a href=\"http:\/\/www.micmoctarifa.com\" target=\"_blank\" rel=\"noopener noreferrer\">micmoctarifa.com<\/a><\/p>\n<p><a href=\"https:\/\/www.facebook.com\/micmoctarifa\" target=\"_blank\" rel=\"noopener noreferrer\">Facebook<\/a><\/p>\n<p><a href=\"https:\/\/www.instagram.com\/micmoctarifa\/\" target=\"_blank\" rel=\"noopener noreferrer\">Instagram<\/a><\/p>\n<p>[\/et_pb_map_pin][et_pb_map_pin title=\u00bbFarmacia Castellar\u00bb pin_address=\u00bbPlaza Andalucia, 9, 11351 Castellar de la Frontera, C\u00e1diz, Espa\u00f1a\u00bb zoom_level=\u00bb19&#8243; pin_address_lat=\u00bb36.28667568059&#8243; pin_address_lng=\u00bb-5.4205063263893&#8243; _builder_version=\u00bb4.2.2&#8243; global_colors_info=\u00bb{}\u00bb]<\/p>\n<p>Plaza de Andaluc\u00eda, 9<\/p>\n<p><a href=\"http:\/\/www.farmaciacastellar.es\" target=\"_blank\" rel=\"noopener noreferrer\">farmaciacastellar.es<\/a><\/p>\n<p><a href=\"https:\/\/www.facebook.com\/profile.php?id=100057058616327\" target=\"_blank\" rel=\"noopener noreferrer\">Facebook<\/a><\/p>\n<p><a href=\"https:\/\/www.instagram.com\/farmacia_castellar\/\" target=\"_blank\" rel=\"noopener noreferrer\">Instagram<\/a><\/p>\n<p>[\/et_pb_map_pin][et_pb_map_pin title=\u00bbRestaurante El Ventorrillero\u00bb pin_address=\u00bbPlaza la Constituci\u00f3n, 2, 11330 Jimena de la Frontera, C\u00e1diz, Espa\u00f1a\u00bb zoom_level=\u00bb20&#8243; pin_address_lat=\u00bb36.432233669971&#8243; pin_address_lng=\u00bb-5.4514628711639&#8243; _builder_version=\u00bb4.2.2&#8243; global_colors_info=\u00bb{}\u00bb]<\/p>\n<p>Plaza de la Constituci\u00f3n, 2<\/p>\n<p><a href=\"https:\/\/www.facebook.com\/pages\/El-Ventorrillero\/105639789594126\" target=\"_blank\" rel=\"noopener noreferrer\">Facebook<\/a><\/p>\n<p>[\/et_pb_map_pin][et_pb_map_pin title=\u00bbCl\u00ednica Veterinaria Campayo-L\u00f3pez\u00bb pin_address=\u00bbCalle Sevilla, 54, 11330 Jimena de la Frontera, C\u00e1diz, Espa\u00f1a\u00bb pin_address_lat=\u00bb36.433837056855&#8243; pin_address_lng=\u00bb-5.4529987018524&#8243; _builder_version=\u00bb4.2.2&#8243; global_colors_info=\u00bb{}\u00bb]<\/p>\n<p>C\/ Sevilla, 54<\/p>\n<p><a href=\"https:\/\/www.facebook.com\/Cl%C3%ADnica-Veterinaria-Campayo-L%C3%B3pez-485516564856473\/\" target=\"_blank\" rel=\"noopener noreferrer\">Facebook<\/a><\/p>\n<p>[\/et_pb_map_pin][et_pb_map_pin title=\u00bbCasa de la memoria La Sauceda\u00bb pin_address=\u00bbCalle Sevilla, 53, 11330 Jimena de la Frontera, C\u00e1diz, Espa\u00f1a\u00bb zoom_level=\u00bb21&#8243; pin_address_lat=\u00bb36.4338125&#8243; pin_address_lng=\u00bb-5.453159&#8243; _builder_version=\u00bb4.2.2&#8243; global_colors_info=\u00bb{}\u00bb]<\/p>\n<p>C\/ Sevilla, 53<\/p>\n<p><a href=\"http:\/\/www.casamemorialasauceda.es\" target=\"_blank\" rel=\"noopener noreferrer\">casamemorialasauceda.es<\/a><\/p>\n<p><a href=\"https:\/\/www.facebook.com\/casadelamemoria53\/\" target=\"_blank\" rel=\"noopener noreferrer\">Facebook<\/a><\/p>\n<p><a href=\"https:\/\/twitter.com\/casasauceda\" target=\"_blank\" rel=\"noopener noreferrer\">Twitter<\/a><\/p>\n<p>[\/et_pb_map_pin][et_pb_map_pin title=\u00bbMateriales de construcci\u00f3n Crist\u00f3bal Castilla\u00bb pin_address=\u00bbDemarcaci\u00f3n Padres Marcelino y Jus, 73, 11330 Jimena de la Frontera, C\u00e1diz, Espa\u00f1a\u00bb zoom_level=\u00bb19&#8243; pin_address_lat=\u00bb36.432670412562&#8243; pin_address_lng=\u00bb-5.4499153171967&#8243; _builder_version=\u00bb4.2.2&#8243; global_colors_info=\u00bb{}\u00bb]<\/p>\n<p>Avda. de los deportes, 5<\/p>\n<p><a href=\"http:\/\/www.materialesdeconstruccioncastilla.com\" target=\"_blank\" rel=\"noopener noreferrer\">www.materialesdeconstrucci\u00f3ncastilla.com<\/a><\/p>\n<p>[\/et_pb_map_pin][et_pb_map_pin title=\u00bbBar Restaurante Troyano\u00bb pin_address=\u00bbCalle Ntra. Sra. Reina de los \u00c1ngeles, 29, 11339 Los \u00c1ngeles, C\u00e1diz, Espa\u00f1a\u00bb zoom_level=\u00bb19&#8243; pin_address_lat=\u00bb36.4208078&#8243; pin_address_lng=\u00bb-5.436733&#8243; _builder_version=\u00bb4.2.2&#8243; global_colors_info=\u00bb{}\u00bb]<\/p>\n<p>C\/ Ntra. Sra. Reina de Los \u00c1ngeles, 29. (Los \u00c1ngeles)<\/p>\n<p><a href=\"https:\/\/www.facebook.com\/Bar-Restaurante-Troyano-676878602379787\/\" target=\"_blank\" rel=\"noopener noreferrer\">Facebook<\/a><\/p>\n<p>[\/et_pb_map_pin][et_pb_map_pin title=\u00bbBar Pizzeria El Amanecer\u00bb pin_address=\u00bbPlaza de la Constituci\u00f3n, 4, 11340 San Mart\u00edn del Tesorillo, C\u00e1diz, Espa\u00f1a\u00bb pin_address_lat=\u00bb36.3417112&#8243; pin_address_lng=\u00bb-5.3195427&#8243; _builder_version=\u00bb4.2.2&#8243; global_colors_info=\u00bb{}\u00bb]<\/p>\n<p>Plaza de la Constituci\u00f3n, 4<\/p>\n<p><a href=\"https:\/\/m.facebook.com\/Bar-El-Amanecer-1924967827727415\/?locale2=es_LA\" target=\"_blank\" rel=\"noopener noreferrer\">Facebook<\/a><\/p>\n<p>[\/et_pb_map_pin][et_pb_map_pin title=\u00bbBar Entre Amigos\u00bb pin_address=\u00bbCalle Larga, 46, 11340 San Mart\u00edn del Tesorillo, C\u00e1diz, Espa\u00f1a\u00bb pin_address_lat=\u00bb36.341566104816&#8243; pin_address_lng=\u00bb-5.3192808018524&#8243; _builder_version=\u00bb4.2.2&#8243; global_colors_info=\u00bb{}\u00bb]<\/p>\n<p>C\/ Larga 46<\/p>\n<p>San Mart\u00edn del Tesorillo<\/p>\n<p>&nbsp;<\/p>\n<p>[\/et_pb_map_pin][et_pb_map_pin title=\u00bbMuni Market\u00bb pin_address=\u00bbCalle las Torres, 2, 11340 San Mart\u00edn del Tesorillo, C\u00e1diz, Espa\u00f1a\u00bb pin_address_lat=\u00bb36.34187674538&#8243; pin_address_lng=\u00bb-5.319736274205&#8243; _builder_version=\u00bb4.2.2&#8243; global_colors_info=\u00bb{}\u00bb]<\/p>\n<p>Plaza de la Constituci\u00f3n\u00a0<\/p>\n<p>San Mart\u00edn del Tesorillo<\/p>\n<p>[\/et_pb_map_pin][et_pb_map_pin title=\u00bbPescader\u00eda Joselito\u00bb pin_address=\u00bbCalle T\u00fanel, 45, 11340 San Mart\u00edn del Tesorillo, C\u00e1diz, Espa\u00f1a\u00bb zoom_level=\u00bb19&#8243; pin_address_lat=\u00bb36.3415026&#8243; pin_address_lng=\u00bb-5.3202141&#8243; _builder_version=\u00bb4.2.2&#8243; global_colors_info=\u00bb{}\u00bb]<\/p>\n<p>C\/ T\u00fanel, 45<\/p>\n<p>San Mart\u00edn del Tesorillo<\/p>\n<p>[\/et_pb_map_pin][et_pb_map_pin title=\u00bbHostal Sabana Bar\u00bb pin_address=\u00bbCalle San Roque, 1, 11340 San Mart\u00edn del Tesorillo, C\u00e1diz, Espa\u00f1a\u00bb pin_address_lat=\u00bb36.3408452&#8243; pin_address_lng=\u00bb-5.3192882&#8243; _builder_version=\u00bb4.2.2&#8243; global_colors_info=\u00bb{}\u00bb]<\/p>\n<p>C\/ San Roque, 1<\/p>\n<p><a href=\"https:\/\/www.facebook.com\/SABANA.BAR\" target=\"_blank\" rel=\"noopener noreferrer\">Facebook<\/a><\/p>\n<p><a href=\"https:\/\/www.booking.com\/hotel\/es\/hostal-sabana.es.html?aid=318615;label=New_Spanish_ES_ES_21463012105-LPwjRe8TaU%2Ats8W_n17MsAS99511172665%3Apl%3Ata%3Ap1%3Ap2%3Aac%3Aap%3Aneg%3Afi2652479248%3Atiaud-297601666555%3Adsa-355815321727%3Alp20273%3Ali%3Adec%3Adm;sid=b6e3d970f21c33f50cdf85fe5d35f9bd;dest_id=-401059;dest_type=city;dist=0;group_adults=2;group_children=0;hapos=1;hpos=1;no_rooms=1;room1=A%2CA;sb_price_type=total;sr_order=popularity;srepoch=1616143584;srpvid=43e03db037b300b9;type=total;ucfs=1&amp;#hotelTmpl\" target=\"_blank\" rel=\"noopener noreferrer\">Booking<\/a><\/p>\n<p>[\/et_pb_map_pin][et_pb_map_pin title=\u00bbCaf\u00e9 Bar Manaca\u00bb pin_address=\u00bbAv. Andaluc\u00eda, 30, 11340 San Mart\u00edn del Tesorillo, C\u00e1diz, Espa\u00f1a\u00bb zoom_level=\u00bb19&#8243; pin_address_lat=\u00bb36.3402801&#8243; pin_address_lng=\u00bb-5.3241996&#8243; _builder_version=\u00bb4.2.2&#8243; global_colors_info=\u00bb{}\u00bb]<\/p>\n<p>Avda. de Andaluc\u00eda, 30<\/p>\n<p><a href=\"https:\/\/www.facebook.com\/Manaca-Tesorillo-330163844071031\/\" target=\"_blank\" rel=\"noopener noreferrer\">Facebook<\/a><\/p>\n<p>[\/et_pb_map_pin][et_pb_map_pin title=\u00bbIES Azahar\u00bb pin_address=\u00bbCalle C\u00f3rdoba, 0, 11340 San Mart\u00edn del Tesorillo, C\u00e1diz, Espa\u00f1a\u00bb zoom_level=\u00bb17&#8243; pin_address_lat=\u00bb36.3404114&#8243; pin_address_lng=\u00bb-5.3260239&#8243; _builder_version=\u00bb4.2.2&#8243; global_colors_info=\u00bb{}\u00bb]<\/p>\n<p>C\/ C\u00f3rdoba, 0<\/p>\n<p><a href=\"http:\/\/www.iesazahar.com\" target=\"_blank\" rel=\"noopener noreferrer\">iesazahar.com<\/a><\/p>\n<p><a href=\"https:\/\/www.facebook.com\/ies.azahar.5\" target=\"_blank\" rel=\"noopener noreferrer\">Facebook<\/a><\/p>\n<p>[\/et_pb_map_pin][et_pb_map_pin title=\u00bbCarnicer\u00eda Chauni\u00bb pin_address=\u00bbCalle Jos\u00e9 Santacana, 4, 11201 Algeciras, C\u00e1diz, Espa\u00f1a\u00bb pin_address_lat=\u00bb36.1283726&#8243; pin_address_lng=\u00bb-5.4454294&#8243; _builder_version=\u00bb4.2.2&#8243; global_colors_info=\u00bb{}\u00bb]<\/p>\n<p>C\/ Jos\u00e9 Santacana, 4<\/p>\n<p><a href=\"https:\/\/www.instagram.com\/chilimosa\/\" target=\"_blank\" rel=\"noopener noreferrer\"><\/a>Algeciras<\/p>\n<p>[\/et_pb_map_pin][et_pb_map_pin title=\u00bbAlimentaci\u00f3n Ca Pepito\u00bb pin_address=\u00bbCalle Jos\u00e9 Santacana, 3, 11201 Algeciras, C\u00e1diz, Espa\u00f1a\u00bb pin_address_lat=\u00bb36.1283656&#8243; pin_address_lng=\u00bb-5.4452962&#8243; _builder_version=\u00bb4.2.2&#8243; global_colors_info=\u00bb{}\u00bb]<\/p>\n<p>C\/ Jos\u00e9 Santacana, 3<\/p>\n<p>Algeciras<\/p>\n<p>[\/et_pb_map_pin][et_pb_map_pin title=\u00bbPanader\u00eda La Canastera\u00bb pin_address=\u00bbCalle Federico Garc\u00eda Lorca, 11, 11207 Algeciras, C\u00e1diz, Espa\u00f1a\u00bb zoom_level=\u00bb19&#8243; pin_address_lat=\u00bb36.114489137968&#8243; pin_address_lng=\u00bb-5.4521250944428&#8243; _builder_version=\u00bb4.2.2&#8243; global_colors_info=\u00bb{}\u00bb]<\/p>\n<p>C\/ Federico Garc\u00eda Lorca, 11<\/p>\n<p><a href=\"https:\/\/www.facebook.com\/La-Canastera-688509331217141\/\" target=\"_blank\" rel=\"noopener noreferrer\">Facebook<\/a><\/p>\n<p>[\/et_pb_map_pin][et_pb_map_pin title=\u00bbBar Las Mercedes\u00bb pin_address=\u00bbCalle Hernando de Soto, 12, 11207 Algeciras, C\u00e1diz, Espa\u00f1a\u00bb pin_address_lat=\u00bb36.1172967&#8243; pin_address_lng=\u00bb-5.4466152&#8243; _builder_version=\u00bb4.2.2&#8243; global_colors_info=\u00bb{}\u00bb]<\/p>\n<p>C\/ Hernando de Soto, 12<\/p>\n<p><a href=\"https:\/\/www.instagram.com\/chilimosa\/\" target=\"_blank\" rel=\"noopener noreferrer\"><\/a>Algeciras<\/p>\n<p>[\/et_pb_map_pin][et_pb_map_pin title=\u00bbPanader\u00eda Pasteler\u00eda M\u00f3naco\u00bb pin_address=\u00bbCalle San Francisco, 66, 11203 Algeciras, C\u00e1diz, Espa\u00f1a\u00bb zoom_level=\u00bb19&#8243; pin_address_lat=\u00bb36.131202360584&#8243; pin_address_lng=\u00bb-5.4571321299553&#8243; _builder_version=\u00bb4.2.2&#8243; global_colors_info=\u00bb{}\u00bb]<\/p>\n<p>Plaza de Espa\u00f1a, 1<\/p>\n<p>Algeciras<\/p>\n<p>&nbsp;<\/p>\n<p>[\/et_pb_map_pin][et_pb_map_pin title=\u00bbLa Cal\u00e9ndula\u00bb pin_address=\u00bbAv. Espa\u00f1a, 10, 11205 Algeciras, C\u00e1diz, Espa\u00f1a\u00bb zoom_level=\u00bb17&#8243; pin_address_lat=\u00bb36.143316615961&#8243; pin_address_lng=\u00bb-5.4515021134918&#8243; _builder_version=\u00bb4.2.2&#8243; global_colors_info=\u00bb{}\u00bb]<\/p>\n<p>Avda. Espa\u00f1a, 10<\/p>\n<p><a href=\"https:\/\/lacalendula.org\/\" target=\"_blank\" rel=\"noopener noreferrer\">lacalendula.org<\/a><\/p>\n<p><a href=\"https:\/\/www.facebook.com\/calendulaalgeciras\/\" target=\"_blank\" rel=\"noopener noreferrer\">\u00a0Facebook<\/a><\/p>\n<p><a href=\"http:\/\/www.instagram.com\/lacalendulaalgeciras\/\" target=\"_blank\" rel=\"noopener noreferrer\">Instagram<\/a><\/p>\n<p>[\/et_pb_map_pin][et_pb_map_pin title=\u00bbBar La Conferencia\u00bb pin_address=\u00bbCalle Monet, 1, 11201 Algeciras, C\u00e1diz, Espa\u00f1a\u00bb zoom_level=\u00bb20&#8243; pin_address_lat=\u00bb36.128356687741&#8243; pin_address_lng=\u00bb-5.4463455300594&#8243; _builder_version=\u00bb4.2.2&#8243; global_colors_info=\u00bb{}\u00bb]<\/p>\n<p>C\/ Monet, 1<\/p>\n<p><a href=\"https:\/\/www.facebook.com\/antonio.alcalde.1884\" target=\"_blank\" rel=\"noopener noreferrer\">Facebook<\/a><\/p>\n<p><a href=\"https:\/\/www.instagram.com\/chilimosa\/\" target=\"_blank\" rel=\"noopener noreferrer\"><\/a><\/p>\n<p>[\/et_pb_map_pin][et_pb_map_pin title=\u00bbTaberna La Buganvilla\u00bb pin_address=\u00bbCalle Bail\u00e9n, 2A, 11201 Algeciras, C\u00e1diz, Espa\u00f1a\u00bb pin_address_lat=\u00bb36.130198665458&#8243; pin_address_lng=\u00bb-5.446765364418&#8243; _builder_version=\u00bb4.2.2&#8243; global_colors_info=\u00bb{}\u00bb]<\/p>\n<p>C\/ Bail\u00e9n 2 A<\/p>\n<p><a href=\"https:\/\/www.facebook.com\/tabernalabuganvilla\" target=\"_blank\" rel=\"noopener noreferrer\">Facebook<\/a><\/p>\n<p><a href=\"https:\/\/www.instagram.com\/tabernalabuganvilla\/\" target=\"_blank\" rel=\"noopener noreferrer\">Instagram<\/a><\/p>\n<p>[\/et_pb_map_pin][et_pb_map_pin title=\u00bbChilimosa Restaurante Vegetariano\u00bb pin_address=\u00bbCalle del Peso, 6, 11380 Tarifa, C\u00e1diz, Espa\u00f1a\u00bb pin_address_lat=\u00bb36.0139968&#8243; pin_address_lng=\u00bb-5.6045241&#8243; _builder_version=\u00bb4.2.2&#8243; global_colors_info=\u00bb{}\u00bb]<\/p>\n<p>C\/ del peso, 6<\/p>\n<p><a href=\"http:\/\/www.chilimosa.com\" target=\"_blank\" rel=\"noopener noreferrer\">chilimosa.com<\/a><\/p>\n<p><a href=\"https:\/\/www.facebook.com\/chilimosa\" target=\"_blank\" rel=\"noopener noreferrer\">Facebook<\/a><\/p>\n<p><a href=\"https:\/\/www.instagram.com\/chilimosa\/?hl=es\" target=\"_blank\" rel=\"noopener noreferrer\">Instagram<\/a><\/p>\n<p>[\/et_pb_map_pin][et_pb_map_pin title=\u00bbLimbo Caffe &#038;Pub\u00bb pin_address=\u00bbCalle Coronel Ceballos, 4, 11201 Algeciras, C\u00e1diz, Espa\u00f1a\u00bb zoom_level=\u00bb19&#8243; pin_address_lat=\u00bb36.132857828081&#8243; pin_address_lng=\u00bb-5.4464523914017&#8243; _builder_version=\u00bb4.2.2&#8243; global_colors_info=\u00bb{}\u00bb]<\/p>\n<p>C\/ Coronel Ceballos, 4<\/p>\n<p><a href=\"https:\/\/www.facebook.com\/LIMBOBARPUB\" target=\"_blank\" rel=\"noopener noreferrer\">Facebook<\/a><\/p>\n<p>[\/et_pb_map_pin][et_pb_map_pin title=\u00bbCafeter\u00eda Coffetime\u00bb pin_address=\u00bbCalle la Plata, 18, 11370 Los Barrios, C\u00e1diz, Espa\u00f1a\u00bb zoom_level=\u00bb19&#8243; pin_address_lat=\u00bb36.1849979&#8243; pin_address_lng=\u00bb-5.4922623&#8243; _builder_version=\u00bb4.2.2&#8243; global_colors_info=\u00bb{}\u00bb]<\/p>\n<p>C\/ Plata, 18<\/p>\n<p><a href=\"https:\/\/www.facebook.com\/fanimanaos\/?ref=page_internal\" target=\"_blank\" rel=\"noopener noreferrer\">Facebook<\/a><\/p>\n<p>[\/et_pb_map_pin][et_pb_map_pin title=\u00bbCafeter\u00eda Las Palmeras\u00bb pin_address=\u00bbCarr. Vieja de los Barrios-Algeciras, 2, 11370 Los Barrios, C\u00e1diz, Espa\u00f1a\u00bb zoom_level=\u00bb17&#8243; pin_address_lat=\u00bb36.182596498496&#8243; pin_address_lng=\u00bb-5.4928281084595&#8243; _builder_version=\u00bb4.2.2&#8243; global_colors_info=\u00bb{}\u00bb]<\/p>\n<p>C\/ Blasco Ib\u00e1\u00f1ez<\/p>\n<p><a href=\"https:\/\/www.facebook.com\/Las-Palmeras-Bar-Caf%C3%A9-102548348591091\" target=\"_blank\" rel=\"noopener noreferrer\">Facebook<\/a><\/p>\n<p><a href=\"https:\/\/www.instagram.com\/laspalmerasbarcafe\/\" target=\"_blank\" rel=\"noopener noreferrer\">Instagram<\/a><\/p>\n<p>&nbsp;<\/p>\n<p>[\/et_pb_map_pin][et_pb_map_pin title=\u00bbBiblioteca Municipal Cronista de la Villa\u00bb pin_address=\u00bbCalle Herrer\u00eda, 26, 11370 Los Barrios, C\u00e1diz, Espa\u00f1a\u00bb pin_address_lat=\u00bb36.183920195758&#8243; pin_address_lng=\u00bb-5.4916328638931&#8243; _builder_version=\u00bb4.2.2&#8243; global_colors_info=\u00bb{}\u00bb]<\/p>\n<p>C\/ Alcar\u00eda, 0<\/p>\n<p>Los Barrios<\/p>\n<p>[\/et_pb_map_pin][et_pb_map_pin title=\u00bbPe\u00f1a Cultural Deportiva Atl\u00e9tico Los Barrios\u00bb pin_address=\u00bbCalle Seis de Diciembre, 3, 11370 Los Barrios, C\u00e1diz, Espa\u00f1a\u00bb zoom_level=\u00bb19&#8243; pin_address_lat=\u00bb36.181958789273&#8243; pin_address_lng=\u00bb-5.4918662160774&#8243; _builder_version=\u00bb4.2.2&#8243; global_colors_info=\u00bb{}\u00bb]<\/p>\n<p>Parque de la Cig\u00fce\u00f1a s\/n<\/p>\n<p>Los Barrios<\/p>\n<p>[\/et_pb_map_pin][et_pb_map_pin title=\u00bbPan de Pelayo\u00bb pin_address=\u00bbCalle Lepanto, 2, 11370 Los Barrios, C\u00e1diz, Espa\u00f1a\u00bb zoom_level=\u00bb17&#8243; pin_address_lat=\u00bb36.181700893477&#8243; pin_address_lng=\u00bb-5.4917990460327&#8243; _builder_version=\u00bb4.2.2&#8243; global_colors_info=\u00bb{}\u00bb]<\/p>\n<p>Mercado Municipal de Los Barrios<\/p>\n<p>C\/ Lepanto 2<\/p>\n<p>Los Barrios<\/p>\n<p>[\/et_pb_map_pin][et_pb_map_pin title=\u00bbFiorella Ruiz Peluqueros. Sal\u00f3n de Belleza Loli.\u00bb pin_address=\u00bbCalle Pablo VI, 12, 11370 Los Barrios, C\u00e1diz, Espa\u00f1a\u00bb pin_address_lat=\u00bb36.181556817479&#8243; pin_address_lng=\u00bb-5.4924462183853&#8243; _builder_version=\u00bb4.2.2&#8243; global_colors_info=\u00bb{}\u00bb]<\/p>\n<p>Avda. III Centenario, 12<\/p>\n<p><a href=\"https:\/\/www.facebook.com\/Salondebellezaloli.Fiorellaruizpeluqueros\/?rf=146255295575106\" target=\"_blank\" rel=\"noopener noreferrer\">Facebook<\/a><\/p>\n<p><a href=\"http:\/\/www.instagram.com\/fiorellaruizpeluqueros\/\" target=\"_blank\" rel=\"noopener noreferrer\">Instagram Fiorella Ruiz Peluqueros<\/a><\/p>\n<p><a href=\"http:\/\/www.instagram.com\/salondebellezaloli\/\" target=\"_blank\" rel=\"noopener noreferrer\">Instagram sal\u00f3n de belleza Loli<\/a><\/p>\n<p>[\/et_pb_map_pin][et_pb_map_pin title=\u00bbAnd\u00e9n 40 Caf\u00e9 Bar\u00bb pin_address=\u00bbPaseo Constituci\u00f3n, 21, 11370 Los Barrios, C\u00e1diz, Espa\u00f1a\u00bb zoom_level=\u00bb19&#8243; pin_address_lat=\u00bb36.183715786254&#8243; pin_address_lng=\u00bb-5.4925780140861&#8243; _builder_version=\u00bb4.2.2&#8243; global_colors_info=\u00bb{}\u00bb]<\/p>\n<p>Paseo de la Constituci\u00f3n, 18<\/p>\n<p><a href=\"https:\/\/www.facebook.com\/Anden40\/?rf=229936143721259\" target=\"_blank\" rel=\"noopener noreferrer\">Facebook<\/a><\/p>\n<p>[\/et_pb_map_pin][et_pb_map_pin title=\u00bbGaler\u00edas Ferrer\u00bb pin_address=\u00bbPaseo Constituci\u00f3n, 1, 11370 Los Barrios, C\u00e1diz, Espa\u00f1a\u00bb zoom_level=\u00bb19&#8243; pin_address_lat=\u00bb36.1838006&#8243; pin_address_lng=\u00bb-5.4926867&#8243; _builder_version=\u00bb4.2.2&#8243; global_colors_info=\u00bb{}\u00bb]<\/p>\n<p>Paseo de la Constituci\u00f3n, 1<\/p>\n<p><a href=\"http:\/\/wwwe.galeriasferrer.es\" target=\"_blank\" rel=\"noopener noreferrer\">galer\u00edasferrer.es<\/a><\/p>\n<p><a href=\"https:\/\/www.facebook.com\/galeriasferrer\/\" target=\"_blank\" rel=\"noopener noreferrer\">Facebook\u00a0<\/a><\/p>\n<p>[\/et_pb_map_pin][et_pb_map_pin title=\u00bbAzahar Herbolario\u00bb pin_address=\u00bbCalle la Plata, 40, 11370 Los Barrios, C\u00e1diz, Espa\u00f1a\u00bb zoom_level=\u00bb19&#8243; pin_address_lat=\u00bb36.183921833411&#8243; pin_address_lng=\u00bb-5.4926491490738&#8243; _builder_version=\u00bb4.2.2&#8243; global_colors_info=\u00bb{}\u00bb]<\/p>\n<p>C\/ la plata esq. c\/ Consuelo.<\/p>\n<p><a href=\"https:\/\/www.facebook.com\/profile.php?id=100057546486846\" target=\"_blank\" rel=\"noopener noreferrer\">Facebook\u00a0<\/a><\/p>\n<p>&nbsp;<\/p>\n<p>[\/et_pb_map_pin][et_pb_map_pin title=\u00bbLibrer\u00eda La Escolar\u00bb pin_address=\u00bbCalle San Pablo, 43, 11300 La L\u00ednea de la Concepci\u00f3n, C\u00e1diz, Espa\u00f1a\u00bb zoom_level=\u00bb19&#8243; pin_address_lat=\u00bb36.164587990978&#8243; pin_address_lng=\u00bb-5.3490111288361&#8243; _builder_version=\u00bb4.2.2&#8243; global_colors_info=\u00bb{}\u00bb]<\/p>\n<p>C\/ San Pablo, 52<\/p>\n<p><a href=\"https:\/\/www.facebook.com\/librerialaescolar\" target=\"_blank\" rel=\"noopener noreferrer\">Facebook\u00a0<\/a>\u00a0<\/p>\n<p>[\/et_pb_map_pin][et_pb_map_pin title=\u00bbCafeter\u00eda Ca\u00f1uelas\u00bb pin_address=\u00bbCalle del Alba, 3, 11300 La L\u00ednea de la Concepci\u00f3n, C\u00e1diz, Espa\u00f1a\u00bb zoom_level=\u00bb19&#8243; pin_address_lat=\u00bb36.1627531&#8243; pin_address_lng=\u00bb-5.349031217791&#8243; _builder_version=\u00bb4.2.2&#8243; global_colors_info=\u00bb{}\u00bb]<\/p>\n<p>C\/ del Alba 3<\/p>\n<p><a href=\"https:\/\/www.facebook.com\/cafeteria.canuelas.1\/\" target=\"_blank\" rel=\"noopener noreferrer\">Facebook<\/a><\/p>\n<p>[\/et_pb_map_pin][et_pb_map_pin title=\u00bbFundaci\u00f3n Secretariado Gitano\u00bb pin_address=\u00bbCalle H\u00e9rcules, 14, 11300 La L\u00ednea de la Concepci\u00f3n, C\u00e1diz, Espa\u00f1a\u00bb pin_address_lat=\u00bb36.16132&#8243; pin_address_lng=\u00bb-5.34957&#8243; _builder_version=\u00bb4.2.2&#8243; global_colors_info=\u00bb{}\u00bb]<\/p>\n<p>C\/ H\u00e9rcules, 14<\/p>\n<p><a href=\"https:\/\/www.facebook.com\/FundacionSecretariadoGitanoCampoGibraltar\/\" target=\"_blank\" rel=\"noopener noreferrer\">Facebook<\/a><\/p>\n<p>[\/et_pb_map_pin][et_pb_map_pin title=\u00bbPapeler\u00eda Aldanondo de Nieves\u00bb pin_address=\u00bbCalle Dr. Villar, 25, 11300 La L\u00ednea de la Concepci\u00f3n, C\u00e1diz, Espa\u00f1a\u00bb zoom_level=\u00bb19&#8243; pin_address_lat=\u00bb36.162691823104&#8243; pin_address_lng=\u00bb-5.3504964932541&#8243; _builder_version=\u00bb4.2.2&#8243; global_colors_info=\u00bb{}\u00bb]<\/p>\n<p>C\/ Doctor Villar 25<\/p>\n<p><a href=\"https:\/\/www.facebook.com\/Papeler%C3%ADa-Aldanondo-de-Nieves-100875848356920\/\" target=\"_blank\" rel=\"noopener noreferrer\">Facebook<\/a><\/p>\n<p>[\/et_pb_map_pin][et_pb_map_pin title=\u00bbFarmacia La Atunara\u00bb pin_address=\u00bbCalle Cartagena, 23, 11300 La L\u00ednea de la Concepci\u00f3n, C\u00e1diz, Espa\u00f1a\u00bb zoom_level=\u00bb19&#8243; pin_address_lat=\u00bb36.1764676&#8243; pin_address_lng=\u00bb-5.3386044&#8243; _builder_version=\u00bb4.2.2&#8243; global_colors_info=\u00bb{}\u00bb]<\/p>\n<p>C\/ Cartagena, 23<\/p>\n<p>La L\u00ednea de la Concepci\u00f3n<\/p>\n<p>[\/et_pb_map_pin][et_pb_map_pin title=\u00bbD\u00b4Mares Comida Saludable\u00bb pin_address=\u00bbCalle Carboneros, 16, 11300 La L\u00ednea de la Concepci\u00f3n, C\u00e1diz, Espa\u00f1a\u00bb pin_address_lat=\u00bb36.16092238278&#8243; pin_address_lng=\u00bb-5.349620264418&#8243; _builder_version=\u00bb4.2.2&#8243; global_colors_info=\u00bb{}\u00bb]<\/p>\n<p>C\/ Carboneros 16<\/p>\n<p><a href=\"https:\/\/www.facebook.com\/comidasaludabledmares\/\" target=\"_blank\" rel=\"noopener noreferrer\">Facebook<\/a><\/p>\n<p>[\/et_pb_map_pin][et_pb_map_pin title=\u00bbFruter\u00eda La Mejorana\u00bb pin_address=\u00bbCalle \u00c1lvarez Quintero, 56, 11300 La L\u00ednea de la Concepci\u00f3n, C\u00e1diz, Espa\u00f1a\u00bb pin_address_lat=\u00bb36.1631467&#8243; pin_address_lng=\u00bb-5.3503765&#8243; _builder_version=\u00bb4.2.2&#8243; global_colors_info=\u00bb{}\u00bb]<\/p>\n<p>Mercado de la Concepci\u00f3n. Puesto 4-5<\/p>\n<p><a href=\"https:\/\/www.facebook.com\/lamejoranaeco\/\" target=\"_blank\" rel=\"noopener noreferrer\">Facebook<\/a><\/p>\n<p>[\/et_pb_map_pin][et_pb_map_pin title=\u00bbBar Francis\u00bb pin_address=\u00bbCalle Aurora, 20, 11300 La L\u00ednea de la Concepci\u00f3n, C\u00e1diz, Espa\u00f1a\u00bb pin_address_lat=\u00bb36.163350252478&#8243; pin_address_lng=\u00bb-5.3502799404755&#8243; _builder_version=\u00bb4.2.2&#8243; global_colors_info=\u00bb{}\u00bb]<\/p>\n<p>C\/ Aurora, 20<\/p>\n<p><a href=\"https:\/\/www.facebook.com\/Elafricanobarfrancis\/\" target=\"_blank\" rel=\"noopener noreferrer\">Facebook<\/a><\/p>\n<p>[\/et_pb_map_pin][et_pb_map_pin title=\u00bbParque Infantil La Jungla\u00bb pin_address=\u00bbCtra. M\u00e1laga, 90, 11300 El Zabal, C\u00e1diz, Espa\u00f1a\u00bb zoom_level=\u00bb15&#8243; pin_address_lat=\u00bb36.190108027352&#8243; pin_address_lng=\u00bb-5.3483842481323&#8243; _builder_version=\u00bb4.2.2&#8243; global_colors_info=\u00bb{}\u00bb]<\/p>\n<p>C\/ Crta del Higuer\u00f3n, km. 7,7<\/p>\n<p><a href=\"https:\/\/www.facebook.com\/La-Jungla-La-Linea-393729001187059\/\" target=\"_blank\" rel=\"noopener noreferrer\">Facebook<\/a><\/p>\n<p>[\/et_pb_map_pin][et_pb_map_pin title=\u00bbBar Antonio\u00bb pin_address=\u00bbPlaza Ntra. Sra. de la Palma, 43, 11201 Algeciras, C\u00e1diz, Espa\u00f1a\u00bb pin_address_lat=\u00bb36.128947462392&#8243; pin_address_lng=\u00bb-5.4455957816147&#8243; _builder_version=\u00bb4.2.2&#8243; global_colors_info=\u00bb{}\u00bb]<\/p>\n<p>Mercado de Abastos. Nuestra Se\u00f1ora de la Palma, n\u00ba 24<\/p>\n<p><a href=\"https:\/\/www.facebook.com\/AntonioPinzonMoya\/\" target=\"_blank\" rel=\"noopener noreferrer\">Facebook<\/a><\/p>\n<p>[\/et_pb_map_pin][et_pb_map_pin title=\u00bbAfro Best Shop\u00bb pin_address=\u00bbCalle Felipe Antonio Radillo, 2, 11207 Algeciras, C\u00e1diz, Espa\u00f1a\u00bb pin_address_lat=\u00bb36.12858350651&#8243; pin_address_lng=\u00bb-5.4462287829422&#8243; _builder_version=\u00bb4.2.2&#8243; global_colors_info=\u00bb{}\u00bb]<\/p>\n<p>C\/ Felipe Antonio Badillo, 2<\/p>\n<p>Algeciras<\/p>\n<p>[\/et_pb_map_pin][et_pb_map_pin title=\u00bbPub Kiss\u00bb pin_address=\u00bbCalle Volantes, 2, 11204 Algeciras, C\u00e1diz, Espa\u00f1a\u00bb zoom_level=\u00bb17&#8243; pin_address_lat=\u00bb36.139095208821&#8243; pin_address_lng=\u00bb-5.4573968298859&#8243; _builder_version=\u00bb4.2.2&#8243; global_colors_info=\u00bb{}\u00bb]<\/p>\n<p>C\/ Volantes, 2<\/p>\n<p><a href=\"https:\/\/www.facebook.com\/PubKiss\" target=\"_blank\" rel=\"noopener noreferrer\">Facebook<\/a><\/p>\n<p>[\/et_pb_map_pin][et_pb_map_pin title=\u00bbMes\u00f3n Jairo\u00bb pin_address=\u00bbAv. Virgen de la Palma, 1, 11203 Algeciras, C\u00e1diz, Espa\u00f1a\u00bb zoom_level=\u00bb17&#8243; pin_address_lat=\u00bb36.1356888&#8243; pin_address_lng=\u00bb-5.4570042&#8243; _builder_version=\u00bb4.2.2&#8243; global_colors_info=\u00bb{}\u00bb]<\/p>\n<p>Avda Virgen de la Palma, 1<\/p>\n<p><a href=\"https:\/\/www.mesonjairo.es\/es\/\" target=\"_blank\" rel=\"noopener noreferrer\">mesonjairo.es<\/a><\/p>\n<p><a href=\"https:\/\/www.facebook.com\/Mes%C3%B3n-Jairo-410071262336778\/\" target=\"_blank\" rel=\"noopener noreferrer\">Facebook<\/a><\/p>\n<p>[\/et_pb_map_pin][et_pb_map_pin title=\u00bbLa F\u00f3rmula Coffee &#038; Tapas\u00bb pin_address=\u00bbAv. Virgen de la Palma, 4, 11203 Algeciras, C\u00e1diz, Espa\u00f1a\u00bb zoom_level=\u00bb19&#8243; pin_address_lat=\u00bb36.136191359796&#8243; pin_address_lng=\u00bb-5.457366298217&#8243; _builder_version=\u00bb4.2.2&#8243; global_colors_info=\u00bb{}\u00bb]<\/p>\n<p>Avda Virgen de la Palma, Edificio Do\u00f1a In\u00e9s, Local 2B<\/p>\n<p><a href=\"https:\/\/www.facebook.com\/laformulacoffeetapas\/\" target=\"_blank\" rel=\"noopener noreferrer\">Facebook<\/a><\/p>\n<p>[\/et_pb_map_pin][\/et_pb_map][\/et_pb_column][\/et_pb_row][\/et_pb_section][et_pb_section fb_built=\u00bb1&#8243; admin_label=\u00bbImage and Text\u00bb _builder_version=\u00bb4.16&#8243; background_color=\u00bb#ffffff\u00bb min_height=\u00bb1922px\u00bb custom_margin=\u00bb||0px||false|false\u00bb custom_padding=\u00bb14px|0px|110px|0px||\u00bb global_colors_info=\u00bb{}\u00bb][et_pb_row column_structure=\u00bb1_2,1_2&#8243; _builder_version=\u00bb4.16&#8243; background_size=\u00bbinitial\u00bb background_position=\u00bbtop_left\u00bb background_repeat=\u00bbrepeat\u00bb custom_margin=\u00bb-76px|auto|-79px|auto|false|false\u00bb global_colors_info=\u00bb{}\u00bb][et_pb_column type=\u00bb1_2&#8243; _builder_version=\u00bb4.16&#8243; custom_padding=\u00bb|||\u00bb global_colors_info=\u00bb{}\u00bb custom_padding__hover=\u00bb|||\u00bb][et_pb_text _builder_version=\u00bb4.16&#8243; text_font=\u00bb||||||||\u00bb text_text_color=\u00bb#747d88&#8243; text_font_size=\u00bb20px\u00bb text_line_height=\u00bb1.8em\u00bb header_font=\u00bb||||||||\u00bb header_3_font=\u00bbMontserrat||||||||\u00bb header_3_line_height=\u00bb1.5em\u00bb background_size=\u00bbinitial\u00bb background_position=\u00bbtop_left\u00bb background_repeat=\u00bbrepeat\u00bb max_width=\u00bb700px\u00bb module_alignment=\u00bbcenter\u00bb custom_margin=\u00bb60px|||\u00bb animation_style=\u00bbfade\u00bb animation_direction=\u00bbtop\u00bb global_colors_info=\u00bb{}\u00bb]<\/p>\n<h3>Algeciras<\/h3>\n<ul>\n<li><a href=\"https:\/\/www.facebook.com\/barmossalgeciras\" target=\"_blank\" rel=\"noopener noreferrer\">Bar Moss<\/a><\/li>\n<li style=\"font-size: 20px;\"><a href=\"https:\/\/www.facebook.com\/antonio.alcalde.1884\">Bar La Conferencia<\/a><\/li>\n<li style=\"font-size: 20px;\"><a href=\"https:\/\/www.facebook.com\/tabernalabuganvilla\">Taberna La Buganvilla<\/a><\/li>\n<li style=\"font-size: 20px;\"><a href=\"https:\/\/lacalendula.org\/\">La Cal\u00e9ndula<\/a><\/li>\n<li><a href=\"http:\/\/www.fmyv.org\" target=\"_blank\" rel=\"noopener noreferrer\">Fundaci\u00f3n M\u00e1rgenes y V\u00ednculos.\u00a0 Centro con Servicios de Algeciras.<\/a><\/li>\n<li><a href=\"https:\/\/www.facebook.com\/LIMBOBARPUB\">Limbo Caffe &amp; Pub<\/a><\/li>\n<li><a href=\"https:\/\/www.facebook.com\/fernandogarciaelchato\/\">Carnicer\u00eda Fernando Garc\u00eda \u00abEl Chato\u00bb<\/a><\/li>\n<li>Carnicer\u00eda Chouni<\/li>\n<li>Alimentaci\u00f3n Pepito<\/li>\n<li>La Canastera<\/li>\n<li>Bar Las Mercedes<\/li>\n<li>Panader\u00eda Pasteler\u00eda M\u00f3naco<\/li>\n<li><a href=\"https:\/\/www.facebook.com\/AntonioPinzonMoya\/\">Bar Antonio<\/a><\/li>\n<li>Afro Best Shop<\/li>\n<li><a href=\"https:\/\/www.facebook.com\/PubKiss\">Pub Kiss<\/a><\/li>\n<li><a href=\"http:\/\/www.mesonjairo.es\">Mes\u00f3n Jairo<\/a><\/li>\n<li><a href=\"https:\/\/www.facebook.com\/laformulacoffeetapas\/\">La F\u00f3rmula Coffee &amp; Tapas<\/a><\/li>\n<li>24 horas La Esquina<\/li>\n<\/ul>\n<p>&nbsp;<\/p>\n<p>[\/et_pb_text][et_pb_text _builder_version=\u00bb4.16&#8243; text_font=\u00bb||||||||\u00bb text_text_color=\u00bb#747d88&#8243; text_font_size=\u00bb20px\u00bb text_line_height=\u00bb1.8em\u00bb header_font=\u00bb||||||||\u00bb header_3_font=\u00bbMontserrat||||||||\u00bb header_3_line_height=\u00bb1.5em\u00bb background_size=\u00bbinitial\u00bb background_position=\u00bbtop_left\u00bb background_repeat=\u00bbrepeat\u00bb max_width=\u00bb700px\u00bb module_alignment=\u00bbcenter\u00bb custom_margin=\u00bb-47px||-33px||false|false\u00bb animation_style=\u00bbfade\u00bb animation_direction=\u00bbtop\u00bb global_colors_info=\u00bb{}\u00bb]<\/p>\n<h3>La L\u00ednea de la Concepci\u00f3n<\/h3>\n<ul>\n<li><a href=\"https:\/\/www.facebook.com\/librerialaescolar\">Librer\u00eda La Escolar<\/a><\/li>\n<li><a href=\"https:\/\/www.facebook.com\/cafeteria.canuelas.1\/\">Cafeter\u00eda Ca\u00f1uelas<\/a><\/li>\n<li><a href=\"https:\/\/www.facebook.com\/FundacionSecretariadoGitanoCampoGibraltar\/\">Fundaci\u00f3n Secretariado Gitano<\/a><\/li>\n<li><a href=\"https:\/\/www.facebook.com\/Papeler%C3%ADa-Aldanondo-de-Nieves-100875848356920\/\">Papeler\u00eda Aldanondo de Nieves<\/a><\/li>\n<li>Farmacia La Atunara<\/li>\n<li><a href=\"https:\/\/www.facebook.com\/comidasaludabledmares\/\">D\u00b4Mares Comida Saludable<\/a><\/li>\n<li><a href=\"https:\/\/www.facebook.com\/lamejoranaeco\/\">Fruter\u00eda La Mejorana<\/a><\/li>\n<li><a href=\"https:\/\/www.facebook.com\/Elafricanobarfrancis\/\">Bar Francis<\/a><\/li>\n<li><a href=\"https:\/\/www.facebook.com\/La-Jungla-La-Linea-393729001187059\/\">La Jungla La L\u00ednea<\/a><\/li>\n<\/ul>\n<p>[\/et_pb_text][et_pb_text _builder_version=\u00bb4.16&#8243; text_font=\u00bb||||||||\u00bb text_text_color=\u00bb#747d88&#8243; text_font_size=\u00bb20px\u00bb text_line_height=\u00bb1.8em\u00bb header_font=\u00bb||||||||\u00bb header_3_font=\u00bbMontserrat||||||||\u00bb header_3_line_height=\u00bb1.5em\u00bb background_size=\u00bbinitial\u00bb background_position=\u00bbtop_left\u00bb background_repeat=\u00bbrepeat\u00bb max_width=\u00bb700px\u00bb module_alignment=\u00bbcenter\u00bb custom_margin=\u00bb60px|||\u00bb animation_style=\u00bbfade\u00bb animation_direction=\u00bbtop\u00bb global_colors_info=\u00bb{}\u00bb]<\/p>\n<h3>San Roque<\/h3>\n<ul>\n<li><span style=\"font-size: 20px;\"><a href=\"https:\/\/www.facebook.com\/apoyomutuo.sanroque\/\">Asociaci\u00f3n Apoyo Mutuo<\/a><\/span><\/li>\n<li><a href=\"https:\/\/www.facebook.com\/cruz.blanca.14\">Cervecer\u00eda Cruz Blanca San Roque<\/a><\/li>\n<li><a href=\"https:\/\/www.facebook.com\/Aminaranianegrita\/\">Delicias \u00e1rabes Rania<\/a><\/li>\n<li><a href=\"https:\/\/www.facebook.com\/tienda.superfficial.9\/\">Superfficial<\/a><\/li>\n<li><a href=\"https:\/\/www.facebook.com\/bardetapasdonbenito\/\">Bar de Tapas Don Benito<\/a><\/li>\n<li><a href=\"https:\/\/www.facebook.com\/FLORISTERIA-ACANTO-133687176651521\/\">Floristeria Acanto<\/a><\/li>\n<li>Guardav\u00edas (estaci\u00f3n de San Roque)<\/li>\n<\/ul>\n<p>&nbsp;<\/p>\n<p>[\/et_pb_text][\/et_pb_column][et_pb_column type=\u00bb1_2&#8243; _builder_version=\u00bb4.16&#8243; custom_padding=\u00bb|||\u00bb global_colors_info=\u00bb{}\u00bb custom_padding__hover=\u00bb|||\u00bb][et_pb_text _builder_version=\u00bb4.16&#8243; text_font=\u00bb||||||||\u00bb text_text_color=\u00bb#747d88&#8243; text_font_size=\u00bb20px\u00bb text_line_height=\u00bb1.8em\u00bb header_font=\u00bb||||||||\u00bb header_3_font=\u00bbMontserrat||||||||\u00bb header_3_line_height=\u00bb1.5em\u00bb background_size=\u00bbinitial\u00bb background_position=\u00bbtop_left\u00bb background_repeat=\u00bbrepeat\u00bb max_width=\u00bb700px\u00bb module_alignment=\u00bbcenter\u00bb custom_margin=\u00bb60px|||\u00bb animation_style=\u00bbfade\u00bb animation_direction=\u00bbtop\u00bb global_colors_info=\u00bb{}\u00bb]<\/p>\n<h3>Castellar de la Frontera<\/h3>\n<ul>\n<li><a href=\"http:\/\/farmaciacastellar.es\/\">Farmacia Castellar<\/a><\/li>\n<li><a href=\"https:\/\/www.facebook.com\/RestauranteVirgil\/\">Restaurante Virgil<\/a><\/li>\n<li><a href=\"https:\/\/www.facebook.com\/Bar-restaurante-La-Piscina-371027609758575\/\">Bar Restaurante La Piscina<\/a><\/li>\n<li><a href=\"https:\/\/www.facebook.com\/DeLaTorreHome\">Muebles de la Torre<\/a><\/li>\n<li><a href=\"https:\/\/www.facebook.com\/comestiblesgavilan\">Comestibles Gavil\u00e1n\u00a0<\/a><\/li>\n<li><a href=\"https:\/\/www.facebook.com\/calzadosolivencia\/?sk=posts_to_page\">Calzados Olivencia<\/a><\/li>\n<\/ul>\n<p>&nbsp;<\/p>\n<p>[\/et_pb_text][et_pb_text _builder_version=\u00bb4.16&#8243; text_font=\u00bb||||||||\u00bb text_text_color=\u00bb#747d88&#8243; text_font_size=\u00bb20px\u00bb text_line_height=\u00bb1.8em\u00bb header_font=\u00bb||||||||\u00bb header_3_font=\u00bbMontserrat||||||||\u00bb header_3_line_height=\u00bb1.5em\u00bb background_size=\u00bbinitial\u00bb background_position=\u00bbtop_left\u00bb background_repeat=\u00bbrepeat\u00bb max_width=\u00bb700px\u00bb module_alignment=\u00bbcenter\u00bb min_height=\u00bb247px\u00bb custom_margin=\u00bb-63px||-43px||false|false\u00bb animation_style=\u00bbfade\u00bb animation_direction=\u00bbtop\u00bb global_colors_info=\u00bb{}\u00bb]<\/p>\n<h3>Jimena de la Frontera<\/h3>\n<ul>\n<li><a href=\"https:\/\/www.casamemorialasauceda.es\/\">Casa de la Memoria \u00abLa Sauceda\u00bb<\/a><\/li>\n<li><a href=\"https:\/\/www.facebook.com\/Cl%C3%ADnica-Veterinaria-Campayo-L%C3%B3pez-485516564856473\/\">Cl\u00ednica Veterinaria Campayo-L\u00f3pez<\/a><\/li>\n<li><a href=\"https:\/\/www.facebook.com\/pages\/El-Ventorrillero\/105639789594126\">Restaurante El Ventorrillero<\/a><\/li>\n<li><a href=\"http:\/\/www.materialesdeconstruccioncastilla.com\">Materiales de construcci\u00f3n Crist\u00f3bal Castilla<\/a><\/li>\n<li><a href=\"https:\/\/www.facebook.com\/Bar-Restaurante-Troyano-676878602379787\/\">Bar Restaurante Troyano<\/a><\/li>\n<\/ul>\n<p>[\/et_pb_text][et_pb_text _builder_version=\u00bb4.16&#8243; text_font=\u00bb||||||||\u00bb text_text_color=\u00bb#747d88&#8243; text_font_size=\u00bb20px\u00bb text_line_height=\u00bb1.8em\u00bb header_font=\u00bb||||||||\u00bb header_3_font=\u00bbMontserrat||||||||\u00bb header_3_line_height=\u00bb1.5em\u00bb background_size=\u00bbinitial\u00bb background_position=\u00bbtop_left\u00bb background_repeat=\u00bbrepeat\u00bb max_width=\u00bb700px\u00bb module_alignment=\u00bbcenter\u00bb custom_margin=\u00bb0px||||false|false\u00bb animation_style=\u00bbfade\u00bb animation_direction=\u00bbtop\u00bb global_colors_info=\u00bb{}\u00bb]<\/p>\n<h3>Los Barrios<\/h3>\n<ul>\n<li><a href=\"http:\/\/www.fmyv.org\">Fundaci\u00f3n M\u00e1rgenes y V\u00ednculos. Direcci\u00f3n General T\u00e9cnica y Gerencia.\u00a0<\/a><\/li>\n<li><a href=\"https:\/\/www.facebook.com\/fanimanaos\/?ref=page_internal\">Coffetime<\/a><\/li>\n<li><a href=\"https:\/\/www.facebook.com\/Las-Palmeras-Bar-Caf%C3%A9-102548348591091\">Cafeter\u00eda Las Palmeras<\/a><\/li>\n<li>Biblioteca Municipal Cronista de la Villa.<\/li>\n<li>Pe\u00f1a Cultural Deportiva Atl\u00e9tico Los Barrios<\/li>\n<li>Pan de Pelayo (Mercado Municipal)<\/li>\n<li><a href=\"https:\/\/www.facebook.com\/Salondebellezaloli.Fiorellaruizpeluqueros\/?rf=146255295575106\">Fiorella Ruiz Peluqueros y Sal\u00f3n de Belleza Loli<\/a><\/li>\n<li><a href=\"https:\/\/www.facebook.com\/Anden40\/?rf=229936143721259\">Caf\u00e9 Bar And\u00e9n 40<\/a><\/li>\n<li><a href=\"http:\/\/www.galeriasferrer.es\">Galer\u00edas Ferrer<\/a><\/li>\n<li><a href=\"https:\/\/www.facebook.com\/profile.php?id=100057546486846\">Azahar Herbolario<\/a><\/li>\n<\/ul>\n<p>[\/et_pb_text][et_pb_text _builder_version=\u00bb4.16&#8243; text_font=\u00bb||||||||\u00bb text_text_color=\u00bb#747d88&#8243; text_font_size=\u00bb20px\u00bb text_line_height=\u00bb1.8em\u00bb header_font=\u00bb||||||||\u00bb header_3_font=\u00bbMontserrat||||||||\u00bb header_3_line_height=\u00bb1.5em\u00bb background_size=\u00bbinitial\u00bb background_position=\u00bbtop_left\u00bb background_repeat=\u00bbrepeat\u00bb max_width=\u00bb700px\u00bb module_alignment=\u00bbcenter\u00bb custom_margin=\u00bb-30px||||false|false\u00bb animation_style=\u00bbfade\u00bb animation_direction=\u00bbtop\u00bb global_colors_info=\u00bb{}\u00bb]<\/p>\n<h3>San Mart\u00edn del Tesorillo<\/h3>\n<ul>\n<li>Bar Pizzeria El Amanecer<\/li>\n<li>Bar Entre Amigos<\/li>\n<li>Muni Market<\/li>\n<li>Pescader\u00eda Joselito<\/li>\n<li><a href=\"https:\/\/www.facebook.com\/SABANA.BAR\">Hostal Sabana Bar<\/a><\/li>\n<li><a href=\"https:\/\/www.facebook.com\/Manaca-Tesorillo-330163844071031\/\">Caf\u00e9 Bar Manaca<\/a><\/li>\n<li><a href=\"https:\/\/www.iesazahar.com\/\">IES Azahar<\/a><\/li>\n<\/ul>\n<p>[\/et_pb_text][et_pb_text _builder_version=\u00bb4.16&#8243; text_font=\u00bb||||||||\u00bb text_text_color=\u00bb#747d88&#8243; text_font_size=\u00bb20px\u00bb text_line_height=\u00bb1.8em\u00bb header_font=\u00bb||||||||\u00bb header_3_font=\u00bbMontserrat||||||||\u00bb header_3_line_height=\u00bb1.5em\u00bb background_size=\u00bbinitial\u00bb background_position=\u00bbtop_left\u00bb background_repeat=\u00bbrepeat\u00bb max_width=\u00bb700px\u00bb module_alignment=\u00bbcenter\u00bb custom_margin=\u00bb-33px||||false|false\u00bb animation_style=\u00bbfade\u00bb animation_direction=\u00bbtop\u00bb global_colors_info=\u00bb{}\u00bb]<\/p>\n<h3>Tarifa<\/h3>\n<ul>\n<li><a href=\"http:\/\/www.briotarifa.com\" target=\"_blank\" rel=\"noopener noreferrer\">Brio Tarifa<\/a><\/li>\n<li><a href=\"https:\/\/www.micmoctarifa.com\/\">Mic Moc<\/a><\/li>\n<li>Estanco Pablo Manso<\/li>\n<li><a href=\"www.chilimosa.com\">Chilimosa Restaurante Vegetariano<\/a><\/li>\n<li><a href=\"https:\/\/www.facebook.com\/tarifa.labodeguita\">La BioBodeguita Tarifa<\/a><\/li>\n<li><a href=\"https:\/\/www.facebook.com\/Azogue.Tarifa\/\">Azogue Art &amp; Vintage<\/a><\/li>\n<li><a href=\"https:\/\/www.bellinitarifa.com\/\">Bellini Tarifa<\/a><\/li>\n<li><a href=\"https:\/\/www.instagram.com\/biomioecotienda\/\">Biomio<\/a><\/li>\n<\/ul>\n<p>&nbsp;<\/p>\n<p>[\/et_pb_text][\/et_pb_column][\/et_pb_row][et_pb_row _builder_version=\u00bb4.16&#8243; custom_margin=\u00bb-22px||-51px||false|false\u00bb global_colors_info=\u00bb{}\u00bb][et_pb_column type=\u00bb4_4&#8243; _builder_version=\u00bb4.16&#8243; global_colors_info=\u00bb{}\u00bb][et_pb_video src=\u00bbhttps:\/\/www.youtube.com\/watch?v=OLVRAs_C19w\u00bb image_src=\u00bb\/\/i.ytimg.com\/vi\/OLVRAs_C19w\/hqdefault.jpg\u00bb play_icon_color=\u00bb#ffffff\u00bb thumbnail_overlay_color=\u00bbrgba(0,0,0,0.6)\u00bb _builder_version=\u00bb4.16&#8243; global_colors_info=\u00bb{}\u00bb][\/et_pb_video][\/et_pb_column][\/et_pb_row][\/et_pb_section]<\/p>\n","protected":false},"excerpt":{"rendered":"<p>21 de marzoD\u00eda Mundial por la eliminaci\u00f3n de la discriminaci\u00f3n racial. \u00a0 \u00a0 \u00a0 \u00a0 \u00a0 \u00a0 \u00a0#espacioslibresderacismo \u00bfQu\u00e9 son los espacios libres de racismo? Son establecimientos de atenci\u00f3n al p\u00fablico que declaran que en su negocio se trabaja por crear espacios sin ning\u00fan tipo de discriminaci\u00f3n racial o \u00e9tnica u otras intolerancias asociadas. &nbsp; [&hellip;]<\/p>\n","protected":false},"author":1,"featured_media":516,"parent":0,"menu_order":0,"comment_status":"closed","ping_status":"closed","template":"","meta":{"_et_pb_use_builder":"on","_et_pb_old_content":"","_et_gb_content_width":"","footnotes":""},"categories":[],"tags":[],"class_list":["post-33","page","type-page","status-publish","has-post-thumbnail","hentry"],"jetpack_sharing_enabled":true,"post_mailing_queue_ids":[],"_links":{"self":[{"href":"https:\/\/migrantesenigualdad.es\/index.php\/wp-json\/wp\/v2\/pages\/33","targetHints":{"allow":["GET"]}}],"collection":[{"href":"https:\/\/migrantesenigualdad.es\/index.php\/wp-json\/wp\/v2\/pages"}],"about":[{"href":"https:\/\/migrantesenigualdad.es\/index.php\/wp-json\/wp\/v2\/types\/page"}],"author":[{"embeddable":true,"href":"https:\/\/migrantesenigualdad.es\/index.php\/wp-json\/wp\/v2\/users\/1"}],"replies":[{"embeddable":true,"href":"https:\/\/migrantesenigualdad.es\/index.php\/wp-json\/wp\/v2\/comments?post=33"}],"version-history":[{"count":0,"href":"https:\/\/migrantesenigualdad.es\/index.php\/wp-json\/wp\/v2\/pages\/33\/revisions"}],"wp:featuredmedia":[{"embeddable":true,"href":"https:\/\/migrantesenigualdad.es\/index.php\/wp-json\/wp\/v2\/media\/516"}],"wp:attachment":[{"href":"https:\/\/migrantesenigualdad.es\/index.php\/wp-json\/wp\/v2\/media?parent=33"}],"wp:term":[{"taxonomy":"category","embeddable":true,"href":"https:\/\/migrantesenigualdad.es\/index.php\/wp-json\/wp\/v2\/categories?post=33"},{"taxonomy":"post_tag","embeddable":true,"href":"https:\/\/migrantesenigualdad.es\/index.php\/wp-json\/wp\/v2\/tags?post=33"}],"curies":[{"name":"wp","href":"https:\/\/api.w.org\/{rel}","templated":true}]}}