{"id":2489,"date":"2021-10-28T11:01:40","date_gmt":"2021-10-28T11:01:40","guid":{"rendered":"https:\/\/migrantesenigualdad.es\/?page_id=2489"},"modified":"2021-11-24T15:37:16","modified_gmt":"2021-11-24T15:37:16","slug":"jornada-de-periodismo","status":"publish","type":"page","link":"https:\/\/migrantesenigualdad.es\/index.php\/jornada-de-periodismo\/","title":{"rendered":"Jornada de periodismo"},"content":{"rendered":"<p>[et_pb_section fb_built=\u00bb1&#8243; admin_label=\u00bbHero\u00bb _builder_version=\u00bb4.9.7&#8243; background_color=\u00bb#000000&#8243; use_background_color_gradient=\u00bbon\u00bb background_color_gradient_start=\u00bbrgba(0,0,0,0.6)\u00bb background_color_gradient_end=\u00bbrgba(0,0,0,0.6)\u00bb background_color_gradient_overlays_image=\u00bbon\u00bb background_enable_image=\u00bboff\u00bb height=\u00bb799px\u00bb custom_margin=\u00bb||107px|||\u00bb custom_padding=\u00bb71px|0px|71px|0px|true|false\u00bb animation_style=\u00bbzoom\u00bb animation_intensity_zoom=\u00bb4%\u00bb global_colors_info=\u00bb{}\u00bb][et_pb_row column_structure=\u00bb3_5,2_5&#8243; _builder_version=\u00bb4.2.2&#8243; background_size=\u00bbinitial\u00bb background_position=\u00bbtop_left\u00bb background_repeat=\u00bbrepeat\u00bb min_height=\u00bb566.3px\u00bb custom_margin=\u00bb-17px||||false|false\u00bb custom_padding=\u00bb|||\u00bb animation_style=\u00bbslide\u00bb animation_direction=\u00bbtop\u00bb animation_intensity_slide=\u00bb3%\u00bb global_colors_info=\u00bb{}\u00bb][et_pb_column type=\u00bb3_5&#8243; _builder_version=\u00bb4.2.2&#8243; custom_padding=\u00bb|||\u00bb global_colors_info=\u00bb{}\u00bb custom_padding__hover=\u00bb|||\u00bb][et_pb_text _builder_version=\u00bb4.10.6&#8243; text_font=\u00bb||||||||\u00bb text_font_size=\u00bb10px\u00bb header_font=\u00bbMontserrat|700||on|||||\u00bb header_text_color=\u00bb#ffffff\u00bb header_font_size=\u00bb60px\u00bb header_line_height=\u00bb1.3em\u00bb header_2_font=\u00bb||||||||\u00bb background_size=\u00bbinitial\u00bb background_position=\u00bbtop_left\u00bb background_repeat=\u00bbrepeat\u00bb custom_margin=\u00bb-47px||||false|false\u00bb custom_padding=\u00bb0px|||||\u00bb animation_style=\u00bbfold\u00bb header_font_size_last_edited=\u00bboff|desktop\u00bb locked=\u00bboff\u00bb global_colors_info=\u00bb{}\u00bb]<\/p>\n<h1>jornada de periodismo y discursos de odio<\/h1>\n<p>[\/et_pb_text][et_pb_text _builder_version=\u00bb4.10.6&#8243; text_font=\u00bb||||||||\u00bb text_text_color=\u00bb#e02b20&#8243; text_font_size=\u00bb24px\u00bb text_line_height=\u00bb1.8em\u00bb background_size=\u00bbinitial\u00bb background_position=\u00bbtop_left\u00bb background_repeat=\u00bbrepeat\u00bb max_width=\u00bb700px\u00bb module_alignment=\u00bbleft\u00bb custom_margin=\u00bb-1px||||false|false\u00bb animation_style=\u00bbfold\u00bb animation_direction=\u00bbtop\u00bb locked=\u00bboff\u00bb global_colors_info=\u00bb{}\u00bb]<\/p>\n<h1><em><span style=\"color: #ffffff; font-size: xx-large;\">Migremos hacia un periodismo \u00e9tico<\/span><\/em><\/h1>\n<p>&nbsp;<\/p>\n<p>[\/et_pb_text][et_pb_text _builder_version=\u00bb4.9.7&#8243; text_font=\u00bb||||||||\u00bb text_text_color=\u00bb#e02b20&#8243; text_font_size=\u00bb24px\u00bb text_line_height=\u00bb1.8em\u00bb background_size=\u00bbinitial\u00bb background_position=\u00bbtop_left\u00bb background_repeat=\u00bbrepeat\u00bb max_width=\u00bb700px\u00bb module_alignment=\u00bbleft\u00bb custom_margin=\u00bb-1px||||false|false\u00bb animation_style=\u00bbfold\u00bb animation_direction=\u00bbtop\u00bb locked=\u00bboff\u00bb global_colors_info=\u00bb{}\u00bb]<\/p>\n<h1 style=\"text-align: justify;\"><span style=\"font-size: x-large; color: #ffffff;\">Una jornada en dos sesiones a ambas orillas del Estrecho, una en el Campo de Gibraltar (C\u00e1diz) y otra en Ceuta, dirigida a la poblaci\u00f3n en general, donde se analizar\u00e1 y se reflexionar\u00e1, junto con algunos\/as profesionales del periodismo, sobre la importancia de los medios de comunicaci\u00f3n en la construcci\u00f3n del discurso social actual en referencia al racismo, la xenofobia y otras formas de intolerancia asociadas.\u00a0<\/span><\/h1>\n<p><span style=\"font-size: xx-large; color: #ffffff;\"><\/span><\/p>\n<p>[\/et_pb_text][\/et_pb_column][et_pb_column type=\u00bb2_5&#8243; _builder_version=\u00bb3.25&#8243; custom_padding=\u00bb|||\u00bb global_colors_info=\u00bb{}\u00bb custom_padding__hover=\u00bb|||\u00bb][et_pb_image src=\u00bbhttps:\/\/migrantesenigualdad.es\/wp-content\/uploads\/2021\/11\/Cartel-Jornada-Periodismo-web.jpg\u00bb title_text=\u00bbCartel-Jornada-Periodismo-web\u00bb align=\u00bbcenter\u00bb _builder_version=\u00bb4.10.6&#8243; custom_margin=\u00bb-35px||||false|false\u00bb animation_style=\u00bbfold\u00bb global_colors_info=\u00bb{}\u00bb][\/et_pb_image][\/et_pb_column][\/et_pb_row][\/et_pb_section][et_pb_section fb_built=\u00bb1&#8243; admin_label=\u00bbPortfolio\u00bb _builder_version=\u00bb4.10.6&#8243; min_height=\u00bb68px\u00bb height=\u00bb100px\u00bb max_height=\u00bb100px\u00bb custom_margin=\u00bb-95px||34px|||\u00bb custom_padding=\u00bb||0px|||\u00bb global_colors_info=\u00bb{}\u00bb][et_pb_row _builder_version=\u00bb4.10.6&#8243; _module_preset=\u00bbdefault\u00bb min_height=\u00bb491px\u00bb custom_margin=\u00bb|auto|-39px|auto||\u00bb global_colors_info=\u00bb{}\u00bb hover_enabled=\u00bb0&#8243; sticky_enabled=\u00bb0&#8243;][et_pb_column type=\u00bb4_4&#8243; _builder_version=\u00bb4.10.6&#8243; _module_preset=\u00bbdefault\u00bb global_colors_info=\u00bb{}\u00bb][et_pb_text _builder_version=\u00bb4.10.6&#8243; text_font=\u00bb||||||||\u00bb text_text_color=\u00bb#000000&#8243; text_font_size=\u00bb16px\u00bb text_line_height=\u00bb1.8em\u00bb header_text_color=\u00bb#000000&#8243; background_size=\u00bbinitial\u00bb background_position=\u00bbtop_left\u00bb background_repeat=\u00bbrepeat\u00bb text_orientation=\u00bbjustified\u00bb max_width=\u00bb1045px\u00bb module_alignment=\u00bbleft\u00bb min_height=\u00bb241px\u00bb custom_margin=\u00bb-1px||-56px||false|false\u00bb custom_padding=\u00bb||73px||false|false\u00bb animation_direction=\u00bbtop\u00bb locked=\u00bboff\u00bb inline_fonts=\u00bbSix Caps,ABeeZee,Anton\u00bb global_colors_info=\u00bb{}\u00bb hover_enabled=\u00bb0&#8243; sticky_enabled=\u00bb0&#8243;]<\/p>\n<h1 style=\"text-align: justify;\"><span style=\"font-size: x-large; color: #000000;\"><span style=\"font-family: Anton; font-weight: normal; font-size: xx-large;\">Objetivos de la jornada<\/span>:<\/span><\/h1>\n<p><span style=\"font-size: x-large; color: #000000;\"><\/span><\/p>\n<ul>\n<li style=\"text-align: justify;\"><span style=\"font-size: x-large; color: #000000;\">Servir de punto de encuentro entre profesionales de la comunicaci\u00f3n, sociedad civil y personas <span style=\"font-family: inherit; font-weight: normal;\">migrantes y\/o racializadas <\/span>para reflexionar sobre las responsabilidades compartidas a la hora de reclamar y construir un periodismo \u00e9tico y comprometido con la diversidad \u00e9tnico-racial y cultural.<\/span><span style=\"font-size: x-large; color: #000000;\"><\/span><\/li>\n<\/ul>\n<p><span style=\"font-size: x-large; color: #000000;\"><\/span><\/p>\n<ul>\n<li style=\"text-align: justify;\"><span style=\"font-size: x-large; color: #000000;\">Dar a conocer recursos y discursos a los\/as profesionales de los medios que les ayuden a realizar su trabajo de verificaci\u00f3n frente a los bulos o noticias falsas y construir nuevas narrativas en positivo.\u00a0<\/span><\/li>\n<\/ul>\n<p><span style=\"font-size: xx-large; color: #ffffff;\"><\/span><\/p>\n<p>[\/et_pb_text][\/et_pb_column][\/et_pb_row][et_pb_row _builder_version=\u00bb4.10.6&#8243; _module_preset=\u00bbdefault\u00bb min_height=\u00bb802.6px\u00bb custom_margin=\u00bb-113px|auto||auto||\u00bb global_colors_info=\u00bb{}\u00bb][et_pb_column type=\u00bb4_4&#8243; _builder_version=\u00bb4.10.6&#8243; _module_preset=\u00bbdefault\u00bb global_colors_info=\u00bb{}\u00bb][et_pb_image src=\u00bbhttps:\/\/migrantesenigualdad.es\/wp-content\/uploads\/2021\/11\/Diptico-Jornada-periodismo-final2.jpg\u00bb title_text=\u00bbD\u00edptico Jornada periodismo final2&#8243; _builder_version=\u00bb4.10.6&#8243; _module_preset=\u00bbdefault\u00bb max_width=\u00bb97%\u00bb global_colors_info=\u00bb{}\u00bb][\/et_pb_image][\/et_pb_column][\/et_pb_row][et_pb_row column_structure=\u00bb1_4,1_4,1_4,1_4&#8243; _builder_version=\u00bb4.10.6&#8243; _module_preset=\u00bbdefault\u00bb global_colors_info=\u00bb{}\u00bb][et_pb_column type=\u00bb1_4&#8243; _builder_version=\u00bb4.10.6&#8243; _module_preset=\u00bbdefault\u00bb global_colors_info=\u00bb{}\u00bb][et_pb_number_counter title=\u00bbCIUDADES\u00bb number=\u00bb2&#8243; percent_sign=\u00bboff\u00bb _builder_version=\u00bb4.10.6&#8243; _module_preset=\u00bbdefault\u00bb title_font=\u00bbMontserrat|||on|||||\u00bb title_text_color=\u00bb#000000&#8243; title_letter_spacing=\u00bb0.5px\u00bb number_font=\u00bbOswald|300|||||||\u00bb number_text_color=\u00bb#ff7080&#8243; global_colors_info=\u00bb{}\u00bb][\/et_pb_number_counter][\/et_pb_column][et_pb_column type=\u00bb1_4&#8243; _builder_version=\u00bb4.10.6&#8243; _module_preset=\u00bbdefault\u00bb global_colors_info=\u00bb{}\u00bb][et_pb_number_counter title=\u00bbPONENTES\u00bb number=\u00bb23&#8243; percent_sign=\u00bboff\u00bb _builder_version=\u00bb4.10.6&#8243; _module_preset=\u00bbdefault\u00bb title_font=\u00bbMontserrat|||on|||||\u00bb title_text_color=\u00bb#000000&#8243; title_letter_spacing=\u00bb0.5px\u00bb number_font=\u00bbOswald|300|||||||\u00bb number_text_color=\u00bb#ff7080&#8243; global_colors_info=\u00bb{}\u00bb][\/et_pb_number_counter][\/et_pb_column][et_pb_column type=\u00bb1_4&#8243; _builder_version=\u00bb4.10.6&#8243; _module_preset=\u00bbdefault\u00bb global_colors_info=\u00bb{}\u00bb][et_pb_number_counter title=\u00bbASISTENTES\u00bb number=\u00bb80&#8243; percent_sign=\u00bboff\u00bb _builder_version=\u00bb4.10.6&#8243; _module_preset=\u00bbdefault\u00bb title_font=\u00bbMontserrat|||on|||||\u00bb title_text_color=\u00bb#000000&#8243; title_letter_spacing=\u00bb0.5px\u00bb number_font=\u00bbOswald|300|||||||\u00bb number_text_color=\u00bb#ff7080&#8243; global_colors_info=\u00bb{}\u00bb][\/et_pb_number_counter][\/et_pb_column][et_pb_column type=\u00bb1_4&#8243; _builder_version=\u00bb4.10.6&#8243; _module_preset=\u00bbdefault\u00bb global_colors_info=\u00bb{}\u00bb][et_pb_number_counter title=\u00bbVOLUNTARIAS\u00bb number=\u00bb3&#8243; percent_sign=\u00bboff\u00bb _builder_version=\u00bb4.10.6&#8243; _module_preset=\u00bbdefault\u00bb title_font=\u00bbMontserrat|||on|||||\u00bb title_text_color=\u00bb#000000&#8243; title_letter_spacing=\u00bb0.5px\u00bb number_font=\u00bbOswald|300|||||||\u00bb number_text_color=\u00bb#ff7080&#8243; global_colors_info=\u00bb{}\u00bb][\/et_pb_number_counter][\/et_pb_column][\/et_pb_row][\/et_pb_section][et_pb_section fb_built=\u00bb1&#8243; admin_label=\u00bbPortfolio\u00bb _builder_version=\u00bb4.10.6&#8243; min_height=\u00bb1102px\u00bb height=\u00bb100px\u00bb max_height=\u00bb100px\u00bb custom_margin=\u00bb0px||801px||false|false\u00bb custom_padding=\u00bb||605px|||\u00bb global_colors_info=\u00bb{}\u00bb][et_pb_row column_structure=\u00bb1_2,1_2&#8243; _builder_version=\u00bb4.10.6&#8243; min_height=\u00bb1000px\u00bb height=\u00bb1000px\u00bb max_height=\u00bb1000px\u00bb global_colors_info=\u00bb{}\u00bb][et_pb_column type=\u00bb1_2&#8243; _builder_version=\u00bb3.25&#8243; custom_padding=\u00bb|||\u00bb global_colors_info=\u00bb{}\u00bb custom_padding__hover=\u00bb|||\u00bb][et_pb_text _builder_version=\u00bb4.10.6&#8243; text_font=\u00bbMontserrat||||||||\u00bb text_text_color=\u00bb#e02b20&#8243; text_font_size=\u00bb24px\u00bb text_line_height=\u00bb1.8em\u00bb background_size=\u00bbinitial\u00bb background_position=\u00bbtop_left\u00bb background_repeat=\u00bbrepeat\u00bb max_width=\u00bb700px\u00bb module_alignment=\u00bbleft\u00bb min_height=\u00bb91px\u00bb custom_margin=\u00bb-1px||23px||false|false\u00bb animation_style=\u00bbfold\u00bb animation_direction=\u00bbtop\u00bb locked=\u00bboff\u00bb inline_fonts=\u00bbAnton\u00bb global_colors_info=\u00bb{}\u00bb]<\/p>\n<p>&nbsp;<\/p>\n<p><span style=\"color: #000000;\"><span class=\"pq6dq46d tbxw36s4 knj5qynh kvgmc6g5 ditlmg2l oygrvhab nvdbi5me sf5mxxl7 gl3lb2sf hhz5lgdu\"><img loading=\"lazy\" decoding=\"async\" height=\"16\" width=\"16\" alt=\"?\" referrerpolicy=\"origin-when-cross-origin\" src=\"https:\/\/static.xx.fbcdn.net\/images\/emoji.php\/v9\/tac\/1\/16\/1f4cc.png\" \/> <span style=\"font-family: Anton; font-weight: normal; font-size: xx-large;\">Viernes<\/span><\/span><span style=\"font-family: Anton; font-weight: normal; font-size: xx-large;\"> 12 de noviembre<\/span><\/span><\/p>\n<p style=\"text-align: center;\"><span style=\"color: #000000;\"><span>Casa de la Cultura de Tarifa<\/span><\/span><\/p>\n<p>[\/et_pb_text][et_pb_map address=\u00bbC. Amor de Dios, 11380 Tarifa, C\u00e1diz, Espa\u00f1a\u00bb address_lat=\u00bb36.0125916&#8243; address_lng=\u00bb-5.6007616&#8243; _builder_version=\u00bb4.10.6&#8243; _module_preset=\u00bbdefault\u00bb global_colors_info=\u00bb{}\u00bb][et_pb_map_pin pin_address=\u00bbC. Amor de Dios, 11380 Tarifa, C\u00e1diz, Espa\u00f1a\u00bb pin_address_lat=\u00bb36.012606&#8243; pin_address_lng=\u00bb-5.6010179&#8243; _builder_version=\u00bb4.10.6&#8243; _module_preset=\u00bbdefault\u00bb global_colors_info=\u00bb{}\u00bb][\/et_pb_map_pin][\/et_pb_map][et_pb_image _builder_version=\u00bb4.10.6&#8243; _module_preset=\u00bbdefault\u00bb title_text=\u00bbIMG_6282&#8243; src=\u00bbhttps:\/\/migrantesenigualdad.es\/wp-content\/uploads\/2021\/11\/IMG_6282-scaled.jpg\u00bb hover_enabled=\u00bb0&#8243; sticky_enabled=\u00bb0&#8243;][\/et_pb_image][\/et_pb_column][et_pb_column type=\u00bb1_2&#8243; _builder_version=\u00bb3.25&#8243; custom_padding=\u00bb|||\u00bb global_colors_info=\u00bb{}\u00bb custom_padding__hover=\u00bb|||\u00bb][et_pb_text _builder_version=\u00bb4.10.6&#8243; text_font=\u00bbMontserrat||||||||\u00bb text_text_color=\u00bb#e02b20&#8243; text_font_size=\u00bb24px\u00bb text_line_height=\u00bb1.8em\u00bb background_size=\u00bbinitial\u00bb background_position=\u00bbtop_left\u00bb background_repeat=\u00bbrepeat\u00bb max_width=\u00bb700px\u00bb module_alignment=\u00bbleft\u00bb min_height=\u00bb91px\u00bb custom_margin=\u00bb-1px||0px||false|false\u00bb animation_style=\u00bbfold\u00bb animation_direction=\u00bbtop\u00bb locked=\u00bboff\u00bb inline_fonts=\u00bbAnton\u00bb global_colors_info=\u00bb{}\u00bb]<\/p>\n<p>&nbsp;<\/p>\n<p><span style=\"color: #000000;\"><span class=\"pq6dq46d tbxw36s4 knj5qynh kvgmc6g5 ditlmg2l oygrvhab nvdbi5me sf5mxxl7 gl3lb2sf hhz5lgdu\"><img loading=\"lazy\" decoding=\"async\" height=\"16\" width=\"16\" alt=\"?\" referrerpolicy=\"origin-when-cross-origin\" src=\"https:\/\/static.xx.fbcdn.net\/images\/emoji.php\/v9\/tac\/1\/16\/1f4cc.png\" \/> <span style=\"font-family: Anton; font-weight: normal; font-size: xx-large;\">Martes 16 de noviembre<\/span><\/span><\/span><\/p>\n<p style=\"text-align: center;\"><span style=\"color: #000000;\"><span class=\"pq6dq46d tbxw36s4 knj5qynh kvgmc6g5 ditlmg2l oygrvhab nvdbi5me sf5mxxl7 gl3lb2sf hhz5lgdu\">Biblioteca P\u00fablica del Estado en\u00a0Ceuta<\/span><\/span><span style=\"color: #000000;\"><span class=\"pq6dq46d tbxw36s4 knj5qynh kvgmc6g5 ditlmg2l oygrvhab nvdbi5me sf5mxxl7 gl3lb2sf hhz5lgdu\"><\/span><\/span><span style=\"color: #000000;\"><span class=\"pq6dq46d tbxw36s4 knj5qynh kvgmc6g5 ditlmg2l oygrvhab nvdbi5me sf5mxxl7 gl3lb2sf hhz5lgdu\"><\/span><\/span><\/p>\n<p><span style=\"color: #000000;\"><span class=\"pq6dq46d tbxw36s4 knj5qynh kvgmc6g5 ditlmg2l oygrvhab nvdbi5me sf5mxxl7 gl3lb2sf hhz5lgdu\"><\/span><\/span><\/p>\n<p>[\/et_pb_text][et_pb_map address=\u00bbAlcalde, C. Manuel Olivencia Amor, 51001 Ceuta, Espa\u00f1a\u00bb address_lat=\u00bb35.8870901&#8243; address_lng=\u00bb-5.305359&#8243; _builder_version=\u00bb4.10.6&#8243; _module_preset=\u00bbdefault\u00bb global_colors_info=\u00bb{}\u00bb][\/et_pb_map][et_pb_image _builder_version=\u00bb4.10.6&#8243; _module_preset=\u00bbdefault\u00bb title_text=\u00bbphoto1637767790&#8243; src=\u00bbhttps:\/\/migrantesenigualdad.es\/wp-content\/uploads\/2021\/11\/photo1637767790.jpeg\u00bb hover_enabled=\u00bb0&#8243; sticky_enabled=\u00bb0&#8243;][\/et_pb_image][\/et_pb_column][\/et_pb_row][\/et_pb_section][et_pb_section fb_built=\u00bb1&#8243; _builder_version=\u00bb4.10.6&#8243; _module_preset=\u00bbdefault\u00bb global_colors_info=\u00bb{}\u00bb hover_enabled=\u00bb0&#8243; sticky_enabled=\u00bb0&#8243;][et_pb_row _builder_version=\u00bb4.10.6&#8243; _module_preset=\u00bbdefault\u00bb global_colors_info=\u00bb{}\u00bb min_height=\u00bb644.9px\u00bb hover_enabled=\u00bb0&#8243; sticky_enabled=\u00bb0&#8243; custom_margin=\u00bb327px|auto||auto||\u00bb][et_pb_column type=\u00bb4_4&#8243; _builder_version=\u00bb4.10.6&#8243; _module_preset=\u00bbdefault\u00bb global_colors_info=\u00bb{}\u00bb][et_pb_video src=\u00bbhttps:\/\/www.youtube.com\/watch?v=JBg1kyyH1Bs\u00bb _builder_version=\u00bb4.10.6&#8243; _module_preset=\u00bbdefault\u00bb global_colors_info=\u00bb{}\u00bb][\/et_pb_video][\/et_pb_column][\/et_pb_row][\/et_pb_section]<\/p>\n","protected":false},"excerpt":{"rendered":"<p>jornada de periodismo y discursos de odioMigremos hacia un periodismo \u00e9tico &nbsp;Una jornada en dos sesiones a ambas orillas del Estrecho, una en el Campo de Gibraltar (C\u00e1diz) y otra en Ceuta, dirigida a la poblaci\u00f3n en general, donde se analizar\u00e1 y se reflexionar\u00e1, junto con algunos\/as profesionales del periodismo, sobre la importancia de los [&hellip;]<\/p>\n","protected":false},"author":1,"featured_media":2501,"parent":0,"menu_order":0,"comment_status":"closed","ping_status":"closed","template":"","meta":{"_et_pb_use_builder":"on","_et_pb_old_content":"","_et_gb_content_width":"","footnotes":""},"categories":[],"tags":[],"class_list":["post-2489","page","type-page","status-publish","has-post-thumbnail","hentry"],"jetpack_sharing_enabled":true,"post_mailing_queue_ids":[],"_links":{"self":[{"href":"https:\/\/migrantesenigualdad.es\/index.php\/wp-json\/wp\/v2\/pages\/2489","targetHints":{"allow":["GET"]}}],"collection":[{"href":"https:\/\/migrantesenigualdad.es\/index.php\/wp-json\/wp\/v2\/pages"}],"about":[{"href":"https:\/\/migrantesenigualdad.es\/index.php\/wp-json\/wp\/v2\/types\/page"}],"author":[{"embeddable":true,"href":"https:\/\/migrantesenigualdad.es\/index.php\/wp-json\/wp\/v2\/users\/1"}],"replies":[{"embeddable":true,"href":"https:\/\/migrantesenigualdad.es\/index.php\/wp-json\/wp\/v2\/comments?post=2489"}],"version-history":[{"count":0,"href":"https:\/\/migrantesenigualdad.es\/index.php\/wp-json\/wp\/v2\/pages\/2489\/revisions"}],"wp:featuredmedia":[{"embeddable":true,"href":"https:\/\/migrantesenigualdad.es\/index.php\/wp-json\/wp\/v2\/media\/2501"}],"wp:attachment":[{"href":"https:\/\/migrantesenigualdad.es\/index.php\/wp-json\/wp\/v2\/media?parent=2489"}],"wp:term":[{"taxonomy":"category","embeddable":true,"href":"https:\/\/migrantesenigualdad.es\/index.php\/wp-json\/wp\/v2\/categories?post=2489"},{"taxonomy":"post_tag","embeddable":true,"href":"https:\/\/migrantesenigualdad.es\/index.php\/wp-json\/wp\/v2\/tags?post=2489"}],"curies":[{"name":"wp","href":"https:\/\/api.w.org\/{rel}","templated":true}]}}